{"id":501,"date":"2016-06-16T09:38:30","date_gmt":"2016-06-16T07:38:30","guid":{"rendered":"http:\/\/nemo.informatik.uni-oldenburg.de\/blog\/?page_id=501"},"modified":"2023-02-17T18:47:11","modified_gmt":"2023-02-17T16:47:11","slug":"archiv","status":"publish","type":"page","link":"https:\/\/nemo-mobilitaet.de\/blog\/de\/veranstaltungen\/archiv\/","title":{"rendered":"Vergangene Termine"},"content":{"rendered":"<p><strong>11.07.2019 Simulationsworkshop spezifiziert Potentiale des Mitfahrens im l\u00e4ndlichen Raum (Braunschweig)<\/strong><\/p>\n<p>Im Rahmen einer Simulation sollen im Projekt NEMo in den kommenden Monaten Akzeptanz und Nutzung von Mitfahrm\u00f6glichkeiten au\u00dferhalb st\u00e4dtischer Zentren untersucht werden. Um die wesentlichen Anforderungen sowie geeignete Szenarien f\u00fcr eine derartige Simulation zu erheben, kamen k\u00fcrzlich mehrere Fachleute und Wissenschaftler aus dem NEMo-Kosortium am Deutschen Zentrum f\u00fcr Luft- und Raumfahrt (DLR) in Braunschweig zusammen.<\/p>\n<hr \/>\n<p><strong>21.06.2019 Impulsvortrag auf der LINGA Fachtagung &#8220;Ausblick in unsere Zukunft&#8221; (Hannover)<\/strong><\/p>\n<p>Die LINGA Fachtagung mit dem Schwerpunktthema \u201eAusblick in unsere Zukunft\u201c fand am 27. Juni in der Sportakademie Hannover statt. Nach einer kurzen Begr\u00fc\u00dfung wurde in vier Foren zu unterschiedlichen Fragestellungen der Daseinsvorsorge diskutiert. NEMo beteiligte sich dabei mit einem Impulsvortrag im Rahmen des Forums \u201eMultimodale Mobilit\u00e4tskonzepte in l\u00e4ndlichen R\u00e4umen\u201c.<\/p>\n<hr \/>\n<p><strong>21.05.2019 NEMo auf dem parlamentarischen Abend (Hannover)<\/strong><\/p>\n<p>Im Rahmen des 1. Parlamentarischen Abends in Hannover erfolgte ein Austausch des Strategierates Energie Weser-Ems mit der aktuellen Landesregierung. \u00dcber 90 TeilnehmerInnen aus Wirtschaft, Wissenschaft, Politik sowie Verwaltung nahmen an der abendlichen Veranstaltung teil und konnten sich \u00fcber verschiedene Projekte aus Niedersachsen informieren. Bei dieser Gelegenheit konnte Prof. Jorge Marx G\u00f3mez das Forschungsprojekt NEMo u. a. Umweltminister Olaf Lies ausf\u00fchrlich vorstellen.<\/p>\n<p>\u00a0<\/p>\n<hr \/>\n<p><strong>20.05.2019 NEMo Wissenschaftstreffen am DLR (Braunschweig)<\/strong><\/p>\n<p>Besprochen wurden unter anderem die n\u00e4chsten Schritte hinsichtlich der Mobilit\u00e4tsplattform. Erg\u00e4nzt wurde das Treffen durch einen Gastvortrag der Landesinitiative Ern\u00e4hrungswirtschaft Niedersachsen (<a href=\"https:\/\/www.li-food.de\/\" target=\"_blank\" rel=\"noopener noreferrer\">LI Food<\/a>). Eine F\u00fchrung durch die Labore des DLR sowie des Nieders\u00e4chsischen Forschungszentrums f\u00fcr Fahrzeugtechnik (NFF) rundeten das Treffen ab.<\/p>\n<hr \/>\n<p><strong>16.05.2019 Austausch zu Mobilit\u00e4tsthemen mit neuer DLR-Leitung Prof. Katharina Seifert (Braunschweig)<\/strong><\/p>\n<hr \/>\n<p><strong>15.05.2019 Austausch mit dem OOWV (Oldenburg)<\/strong><\/p>\n<p>Auf Einladung von Prof. Dr. Ing. Jorge Marx G\u00f3mez (Abteilung Wirtschaftsinformatik &#8211; VLBA) besuchte der Oldenburgisch-Ostfriesische Wasserverband (OOWV) k\u00fcrzlich die Universit\u00e4t Oldenburg. Ziel des Austausches war die Identifikation potentieller Ankn\u00fcpfungspunkte zwischen dem OOWV und dem aktuell laufenden Forschungsprojekt NEMo (gef\u00f6rdert durch Volkswagen Stiftung) im Bereich der betrieblichen Mobilit\u00e4t. Das Unternehmen verzeichnet ein weiter steigendes Aufkommen von Pendlerverkehren und bietet damit einen interessanten Anwendungsfall f\u00fcr die in NEMo entwickelte Fahrkreis-App.<\/p>\n<hr \/>\n<p><strong>07.05.2019 Austausch mit Prof. Christoph Menzel von der Ostfalia Hochschule zum NEMo-Simulationsworkshop (Oldenburg)<\/strong><\/p>\n<hr \/>\n<p><strong>01.04.2019 Austausch mit der AG Mitfahrbank Varel (Oldenburg)<\/strong><\/p>\n<p>Auf Einladung von Prof. Dr. Jorge Marx G\u00f3mez (Abteilung Wirtschaftsinformatik &#8211; VLBA) besuchte die AG Mitfahrbank Varel die Universit\u00e4t Oldenburg. Ziel des Austausches war die Identifikation potentieller Ankn\u00fcpfungspunkte zwischen dem LK Friesland und dem aktuell laufenden Forschungsprojekt NEMo.<\/p>\n<hr \/>\n<p><strong>13.02.2019 Austausch mit merkWATT GmbH (Braunschweig)<\/strong><\/p>\n<hr \/>\n<p><strong>01.02.2019 NEMo Wissenschaftstreffen am i<span class=\"st\">nterdisziplin\u00e4ren Zentrum f\u00fcr Recht der Informationsgesellschaft (<em>ZRI<\/em>)<\/span> an der Universit\u00e4t Oldenburg (Oldenburg)<\/strong><\/p>\n<hr \/>\n<p><strong>24.01.2019 NEMo auf dem Sch\u00fclerinformationstag 2019 (Oldenburg)\u00a0 <\/strong>Das NEMo Projekt pr\u00e4sentierte sich auf dem Sch\u00fclerinformationstag 2019 der Fakult\u00e4t Informatik der Universit\u00e4t Oldenburg. Der Informationstag stand unter dem Thema \u201eKI und Du!\u201c.<\/p>\n<hr \/>\n<p><strong>24.01.2019 NEMo auf der Erstsemestervorstellung 2019 (Oldenburg)<\/strong><\/p>\n<p>Das NEMo Projekt pr\u00e4sentierte sich auf dem Erstsemestervorstellung 2019 der Fakult\u00e4t Informatik der Universit\u00e4t Oldenburg.<\/p>\n<hr \/>\n<p><strong>21.11.2018 NEMo pr\u00e4sentierte sich auf der Messe des Projektnetzwerkes &#8220;L\u00e4ndliche R\u00e4ume Niedersachsen&#8221; (Hannover)\u00a0<\/strong><\/p>\n<p>\u00dcber innovative Ideen zur Daseinsvorsorge informierten sich mehr als 400 Besucherinnen und Besucher auf der Messe des Projektnetzwerks L\u00e4ndliche R\u00e4ume Niedersachsen, die am vergangenen Mittwoch in Hannover stattfand. NEMo war dabei ebenfalls mit einem Stand vertreten. Das Projektteam diskutierte mit Vertretern von Kommunen sowie anderen Projekten aus ganz Niedersachsen unter anderem, welche M\u00f6glichkeiten die Fahrkreis-App zur Verbesserung der Versorgungssituation auf dem Land bieten kann.<\/p>\n<hr \/>\n<p><strong>23.10.2018 Vortrag: &#8220;Mobilit\u00e4t durch Carsharing verbessern?&#8221; in der Casino-Gesellschaft Oldenburg (Oldenburg)<\/strong><\/p>\n<p>Zum Herrenabend der Casino-Gesellschaft Oldenburg stand das Thema Mobilit\u00e4t im Mittelpunkt. Prof. Marx G\u00f3mez gab einen Einblick in das laufende inter- und transdisziplin\u00e4re Forschungsprojekt NEMo zum Thema \u201eMobilit\u00e4t durch Carsharing verbessern\u201c. Dabei wurden die grunds\u00e4tzlichen Aspekte der Sharing-Economy beleuchtet, die bereits in einer Vielzahl von Branchen angewandt wird.<\/p>\n<p><img decoding=\"async\" loading=\"lazy\" class=\"wp-image-2500 size-medium aligncenter\" src=\"http:\/\/nemo-mobilitaet.de\/blog\/wp-content\/uploads\/2018\/10\/MTF_4818_Bildgr\u00f6\u00dfe-\u00e4ndern-300x200.jpg\" alt=\"\" width=\"300\" height=\"200\" srcset=\"https:\/\/nemo-mobilitaet.de\/wp-content\/uploads\/2018\/10\/MTF_4818_Bildgr\u00f6\u00dfe-\u00e4ndern-300x200.jpg 300w, https:\/\/nemo-mobilitaet.de\/wp-content\/uploads\/2018\/10\/MTF_4818_Bildgr\u00f6\u00dfe-\u00e4ndern-768x512.jpg 768w, https:\/\/nemo-mobilitaet.de\/wp-content\/uploads\/2018\/10\/MTF_4818_Bildgr\u00f6\u00dfe-\u00e4ndern-1024x683.jpg 1024w\" sizes=\"(max-width: 300px) 100vw, 300px\" \/><\/p>\n<hr \/>\n<p><strong>09.10.2018 NEMo Wissenschaftstreffen am OFFIS (Oldenburg)<\/strong><\/p>\n<p><img decoding=\"async\" loading=\"lazy\" class=\"aligncenter wp-image-2630 size-large\" src=\"http:\/\/nemo-mobilitaet.de\/blog\/wp-content\/uploads\/2019\/07\/wiss_treff_10_2018-1024x421.png\" alt=\"\" width=\"540\" height=\"222\" srcset=\"https:\/\/nemo-mobilitaet.de\/wp-content\/uploads\/2019\/07\/wiss_treff_10_2018-1024x421.png 1024w, https:\/\/nemo-mobilitaet.de\/wp-content\/uploads\/2019\/07\/wiss_treff_10_2018-300x123.png 300w, https:\/\/nemo-mobilitaet.de\/wp-content\/uploads\/2019\/07\/wiss_treff_10_2018-768x316.png 768w, https:\/\/nemo-mobilitaet.de\/wp-content\/uploads\/2019\/07\/wiss_treff_10_2018.png 1384w\" sizes=\"(max-width: 540px) 100vw, 540px\" \/><\/p>\n<hr \/>\n<p><strong>24.09.2018 NEMo pr\u00e4sentiert auf der ICCCE Konferenz (Oldenburg)<\/strong><\/p>\n<p>The goal within the Circular Economy addresses clearly the cascading approach. By reusing and recycling materials and products we keep secondary resources in the loop and primary reserves are saved. The International Conference Cascade-Use and Circular Economy focusses on major challenges and chances within the recycling\/reuse loop around the mobility and\/or the WEEE industry.<\/p>\n<hr \/>\n<p><strong>29.\/30.08.2018 NEMo pr\u00e4sentiert auf der OLEC e.V. Jahrestagung (Oldenburg)<\/strong><\/p>\n<p>Der Nordwesten hat sich zur f\u00fchrenden Energieregion Deutschlands entwickelt. Seit vielen Jahren wird hier interdisziplin\u00e4r geforscht und an vielf\u00e4ltigen Innovationen gearbeitet. Nicht zuletzt ist der Nordwesten ein Schaufenster f\u00fcr intelligente Energie und das Netz der Zukunft, f\u00fcr Smart Regions\/Smart City-Anwendungen und zuk\u00fcnftige Mobilit\u00e4t.\u00a0<\/p>\n<hr \/>\n<p><strong>15.08.2018 Abschlussveranstaltung des BMVI Modellvorhabens Wesermarsch (Brake)<\/strong><\/p>\n<hr \/>\n<p><strong>20.\/21.06.2018 NEMo-Mobilit\u00e4tstagung (L\u00fcneburg)<\/strong><\/p>\n<p>Am 20. und 21.06. fand an der Leuphana Universit\u00e4t in L\u00fcneburg aus dem NEMo &#8211; Projekt heraus die wissenschaftliche Tagung &#8220;Die Mobilit\u00e4t und ihr Zugang &#8211; Mobilit\u00e4t gestalten&#8221; statt. In gro\u00dfer thematischer Breite wurde \u00fcber das Kernthema Mobilit\u00e4t unter VertreterInnen der Sozial- und Ingenieurswissenschaften, aber auch der Rechts- und Politikwissenschaften diskutiert mit dem Ergebnis, dass gro\u00dfes Interesse an weiterem Austausch im Rahmen von Folgetagungen besteht.<\/p>\n<p><img decoding=\"async\" loading=\"lazy\" class=\"aligncenter wp-image-2299 size-medium\" src=\"http:\/\/nemo-mobilitaet.de\/blog\/wp-content\/uploads\/2018\/06\/DSC_4654.JPG-300x155.jpg\" alt=\"\" width=\"300\" height=\"155\" srcset=\"https:\/\/nemo-mobilitaet.de\/wp-content\/uploads\/2018\/06\/DSC_4654.JPG-300x155.jpg 300w, https:\/\/nemo-mobilitaet.de\/wp-content\/uploads\/2018\/06\/DSC_4654.JPG-768x397.jpg 768w, https:\/\/nemo-mobilitaet.de\/wp-content\/uploads\/2018\/06\/DSC_4654.JPG-1024x529.jpg 1024w\" sizes=\"(max-width: 300px) 100vw, 300px\" \/><\/p>\n<hr \/>\n<p><strong>21.06.2018 NEMo Wissenschaftstreffen (L\u00fcneburg)<\/strong><\/p>\n<p>Am 21. Juni haben sich die wissenschaftlichen Partner von NEMo zum turnusm\u00e4\u00dfigen Projekttreffen getroffen. Der Termin fand dieses Mal an der Leuphana Universit\u00e4t L\u00fcneburg statt. Besprochen wurden unter anderem die n\u00e4chsten Schritte hinsichtlich der Mobilit\u00e4tsplattform. Abegrundet wurde das Treffen durch einen Gastvortrag der TU Hamburg \u00fcber das Projekt &#8220;UrbanRural Mobility Solutions&#8221;.<\/p>\n<hr \/>\n<p><strong>20.06.2018 Gartenvorlesung: 1&#215;1 der Wirtschaft: Wie bewegen wir uns in der Zukunft? (Oldenburg)<\/strong><\/p>\n<p>Prof. Marx G\u00f3mez hat auf der diesj\u00e4hrigen Gartenvorlesung (20. Juni 2018) einen Vortrag im Rahmen der Veranstaltungsreihe \u201e1&#215;1 der Wirtschaft eine b\u00fcrgernahe Darstellung zum Wirtschaftsthema Sharing Economy gehalten. Das Thema der diesj\u00e4hrigen Veranstaltung lautet &#8220;Mein Auto, dein Auto, unser Auto &#8211; Wie bewegen wir uns in der Zukunft?&#8221;. Veranstalter der Vortragsreihe ist das Institut f\u00fcr \u00d6konomische Bildung (I\u00d6B) und wigy e.V. in Kooperation mit der Nordwest-Zeitung (NWZ). Unter den ca. 120 Teilnehmern entstand eine angeregte Diskussion.<\/p>\n<hr \/>\n<p><strong>12.-15.06.2018 Nemo auf der CeBit (Hannover)<\/strong><\/p>\n<p>Das NEMo-Projekt war auf dem Messeauftritt des Landes Niedersachsens lokalisiert, der von vielen Vertretern aus Politik, Wirtschaft und Forschung besucht wurde. Innerhalb der Messepr\u00e4senz der Abteilung Wirtschaftsinformatik wurde neben NEMo auch das studentische Projekt &#8220;Empower Generations&#8221; vorgestellt.<\/p>\n<hr \/>\n<p><strong>24.\/25.05.2018 (Oldenburg) 10. BUIS-Tage <\/strong>zum Thema Smart Cities \/ Regions &#8211; Technische, wirtschaftliche und gesellschaftliche Innovationen<\/p>\n<hr \/>\n<p><strong>14.05.2018 (Stadland-Seefeld) Info-Abend &#8220;B\u00fcrgerbus(se) in der Wesermarsch&#8221;<\/strong> im Rahmen des Modellvorhabens \u201eVersorgung und Mobilit\u00e4t\u201c im Landkreis Wesermarsch.<\/p>\n<hr \/>\n<p><strong>20.04.2018 Fachtagung (Alter Landtag Oldenburg)<\/strong><\/p>\n<p>Das Netzwerk Mobilit\u00e4t Niedersachsen hat am 20. April 2018 die Fachtagung &#8220;\u00d6PNV innovativ kombiniert &#8211; Mehrwerte schaffen f\u00fcr Unternehmen und Bev\u00f6lkerung im l\u00e4ndlichen Raum&#8221; in Oldenburg ausgerichtet. Die Dokumentation der Veranstaltung findet sich <a href=\"https:\/\/www.mobilitaet-nds.de\/fachtagung-oepnv-innovativ-kombiniert-mehrwerte-schaffen-fuer-unternehmen-und-bevoelkerung-im-laendlichen-raum.html\">hier<\/a>.<\/p>\n<hr \/>\n<p><strong>18.04.2018 (Oldenburg) Gedankenaustausch zwischen NEMo und dem Projekt &#8220;AUNO DOMO &#8211; Autonome Dorfmobilit\u00e4t&#8221; der merkWATT GmbH.<\/strong><\/p>\n<hr \/>\n<p><strong>18.04.2018 (Oldenburg) NEMo-Partnertreffen.<\/strong><\/p>\n<p>Veranstaltung f\u00fcr alle assoziierten NEMo-Partner.<\/p>\n<p style=\"text-align: center;\"><img decoding=\"async\" loading=\"lazy\" class=\"alignnone wp-image-1909 size-medium\" src=\"\/wp-content\/uploads\/2018\/04\/NEMo_1-300x169.jpeg\" alt=\"\" width=\"300\" height=\"169\" srcset=\"https:\/\/nemo-mobilitaet.de\/wp-content\/uploads\/2018\/04\/NEMo_1-300x169.jpeg 300w, https:\/\/nemo-mobilitaet.de\/wp-content\/uploads\/2018\/04\/NEMo_1-768x432.jpeg 768w, https:\/\/nemo-mobilitaet.de\/wp-content\/uploads\/2018\/04\/NEMo_1-1024x576.jpeg 1024w, https:\/\/nemo-mobilitaet.de\/wp-content\/uploads\/2018\/04\/NEMo_1-400x225.jpeg 400w, https:\/\/nemo-mobilitaet.de\/wp-content\/uploads\/2018\/04\/NEMo_1-780x439.jpeg 780w\" sizes=\"(max-width: 300px) 100vw, 300px\" \/><\/p>\n<hr \/>\n<p><strong>15.03.2018 (Oldenburg) Austausch mit dem Landkreis Wesermarsch und dem <span class=\"st\">Zweckverband Verkehrsverbund Bremen\/Niedersachsen (ZVBN)<\/span><\/strong><span class=\"st\"> zur NEMo-App<\/span><strong><br \/><\/strong><\/p>\n<hr \/>\n<p><strong>06.-09.03.2018 (L\u00fcneburg) Multikonferenz Wirtschaftsinformatik (MKWI). <\/strong>Teilkonferenz &#8220;IKT-gest\u00fctztes betriebliches Umwelt- und Nachhaltigkeitsmanagement&#8221;<\/p>\n<hr \/>\n<p><strong>05.03.2018 (Braunschweig) ITS mobility Cluster Meeting #7.<\/strong> Vorstellung von NEMo im Rahmen eines Elevator Pitches.<\/p>\n<hr \/>\n<p><strong>21.02.2018 (Schwei) B\u00fcrger-Schnack &#8220;Mobilit\u00e4t durch Mitfahren &amp; Mitnehmen&#8221;<\/strong><strong>\u00a0<\/strong> im Rahmen des Modellvorhabens &#8220;Versorgung und Mobilit\u00e4t&#8221; im Landkreis Wesermarsch.<\/p>\n<hr \/>\n<p><strong>06.\/07.02.2018 (L\u00fcneburg) NEMo-Wissenschaftstreffen. <\/strong>Treffen der wissenschaftlichen Partner zu Status quo und n\u00e4chsten Schritten.<\/p>\n<p style=\"text-align: center;\"><img decoding=\"async\" loading=\"lazy\" class=\"alignnone wp-image-1758 size-medium\" src=\"\/wp-content\/uploads\/2018\/02\/NEMo_1_169-300x169.jpeg\" alt=\"\" width=\"300\" height=\"169\" srcset=\"https:\/\/nemo-mobilitaet.de\/wp-content\/uploads\/2018\/02\/NEMo_1_169-300x169.jpeg 300w, https:\/\/nemo-mobilitaet.de\/wp-content\/uploads\/2018\/02\/NEMo_1_169-768x432.jpeg 768w, https:\/\/nemo-mobilitaet.de\/wp-content\/uploads\/2018\/02\/NEMo_1_169-1024x576.jpeg 1024w, https:\/\/nemo-mobilitaet.de\/wp-content\/uploads\/2018\/02\/NEMo_1_169-400x225.jpeg 400w, https:\/\/nemo-mobilitaet.de\/wp-content\/uploads\/2018\/02\/NEMo_1_169-780x439.jpeg 780w\" sizes=\"(max-width: 300px) 100vw, 300px\" \/><\/p>\n<hr \/>\n<p><strong>22.01.2018 (Oldenburg) Gedankenaustausch<\/strong> zwischen NEMo und ARSU (Arbeitsgruppe f\u00fcr regionale Struktur- und Umweltforschung; assoziierter Partner von NEMo)<\/p>\n<p style=\"text-align: center;\"><img decoding=\"async\" loading=\"lazy\" class=\"alignnone wp-image-1739 size-medium\" src=\"\/wp-content\/uploads\/2018\/01\/20180122_135042-300x169.jpg\" alt=\"\" width=\"300\" height=\"169\" srcset=\"https:\/\/nemo-mobilitaet.de\/wp-content\/uploads\/2018\/01\/20180122_135042-300x169.jpg 300w, https:\/\/nemo-mobilitaet.de\/wp-content\/uploads\/2018\/01\/20180122_135042-768x432.jpg 768w, https:\/\/nemo-mobilitaet.de\/wp-content\/uploads\/2018\/01\/20180122_135042-1024x576.jpg 1024w, https:\/\/nemo-mobilitaet.de\/wp-content\/uploads\/2018\/01\/20180122_135042-400x225.jpg 400w, https:\/\/nemo-mobilitaet.de\/wp-content\/uploads\/2018\/01\/20180122_135042-780x439.jpg 780w\" sizes=\"(max-width: 300px) 100vw, 300px\" \/><\/p>\n<hr \/>\n<p><strong>18.01.2018 (Oldenburg) Vorstellung von NEMo <\/strong>vor Studenten der Universit\u00e4t Oldenburg im Rahmen der Vorlesung Mobile Commerce<br \/><img decoding=\"async\" loading=\"lazy\" class=\"aligncenter wp-image-1729 size-medium\" src=\"\/wp-content\/uploads\/2018\/01\/F0830BD1-45E7-43CE-9FA2-E9F58E3DB0A1-e1516278289971-300x169.jpeg\" alt=\"\" width=\"300\" height=\"169\" srcset=\"https:\/\/nemo-mobilitaet.de\/wp-content\/uploads\/2018\/01\/F0830BD1-45E7-43CE-9FA2-E9F58E3DB0A1-e1516278289971-300x169.jpeg 300w, https:\/\/nemo-mobilitaet.de\/wp-content\/uploads\/2018\/01\/F0830BD1-45E7-43CE-9FA2-E9F58E3DB0A1-e1516278289971-768x432.jpeg 768w, https:\/\/nemo-mobilitaet.de\/wp-content\/uploads\/2018\/01\/F0830BD1-45E7-43CE-9FA2-E9F58E3DB0A1-e1516278289971-1024x576.jpeg 1024w, https:\/\/nemo-mobilitaet.de\/wp-content\/uploads\/2018\/01\/F0830BD1-45E7-43CE-9FA2-E9F58E3DB0A1-e1516278289971-400x225.jpeg 400w, https:\/\/nemo-mobilitaet.de\/wp-content\/uploads\/2018\/01\/F0830BD1-45E7-43CE-9FA2-E9F58E3DB0A1-e1516278289971-780x439.jpeg 780w\" sizes=\"(max-width: 300px) 100vw, 300px\" \/><\/p>\n<hr \/>\n<p><strong>14.12.2017 (Oldenburg) Gedankenaustausch zwischen NEMo und dem Projekt &#8220;AUNO DOMO &#8211; Autonome Dorfmobilit\u00e4t&#8221; der merkWATT GmbH.<br \/><\/strong><img decoding=\"async\" loading=\"lazy\" class=\"aligncenter wp-image-1590 size-medium\" src=\"\/wp-content\/uploads\/2017\/12\/NEMo_Merkwatt-300x169.jpeg\" alt=\"\" width=\"300\" height=\"169\" srcset=\"https:\/\/nemo-mobilitaet.de\/wp-content\/uploads\/2017\/12\/NEMo_Merkwatt-300x169.jpeg 300w, https:\/\/nemo-mobilitaet.de\/wp-content\/uploads\/2017\/12\/NEMo_Merkwatt-768x432.jpeg 768w, https:\/\/nemo-mobilitaet.de\/wp-content\/uploads\/2017\/12\/NEMo_Merkwatt-1024x576.jpeg 1024w, https:\/\/nemo-mobilitaet.de\/wp-content\/uploads\/2017\/12\/NEMo_Merkwatt-400x225.jpeg 400w, https:\/\/nemo-mobilitaet.de\/wp-content\/uploads\/2017\/12\/NEMo_Merkwatt-780x439.jpeg 780w\" sizes=\"(max-width: 300px) 100vw, 300px\" \/><\/p>\n<hr \/>\n<p><strong>14.12.2017 (Oldenburg) Expertenworkshop &#8220;Nachhaltige Mobilit\u00e4t in l\u00e4ndlichen R\u00e4umen \u2013 Herausforderungen und L\u00f6sungsans\u00e4tze&#8221;:<br \/><\/strong>Veranstaltung im Rahmen des Projekts &#8220;Shaping the Future of Smart Regions North&#8221;.<br \/><img decoding=\"async\" loading=\"lazy\" class=\"aligncenter wp-image-1588 size-medium\" src=\"\/wp-content\/uploads\/2017\/12\/IMG_4395_Kopie-300x169.jpg\" alt=\"\" width=\"300\" height=\"169\" srcset=\"https:\/\/nemo-mobilitaet.de\/wp-content\/uploads\/2017\/12\/IMG_4395_Kopie-300x169.jpg 300w, https:\/\/nemo-mobilitaet.de\/wp-content\/uploads\/2017\/12\/IMG_4395_Kopie-768x432.jpg 768w, https:\/\/nemo-mobilitaet.de\/wp-content\/uploads\/2017\/12\/IMG_4395_Kopie-1024x576.jpg 1024w, https:\/\/nemo-mobilitaet.de\/wp-content\/uploads\/2017\/12\/IMG_4395_Kopie-400x225.jpg 400w, https:\/\/nemo-mobilitaet.de\/wp-content\/uploads\/2017\/12\/IMG_4395_Kopie-780x439.jpg 780w\" sizes=\"(max-width: 300px) 100vw, 300px\" \/><\/p>\n<hr \/>\n<p><strong>05.12.2017 (Hohenkirchen) B\u00fcrgerwerkstatt &#8220;Mobilit\u00e4t &amp; Nahversorgung&#8221; im Rahmen des Projektes &#8220;Wat nu?&#8221;:<br \/><\/strong>Vorstellung der NEMo-App und Diskussion verschiedener Funktionen der App mit B\u00fcrgern aus dem Wangerland.<br \/><img decoding=\"async\" loading=\"lazy\" class=\"aligncenter wp-image-1593 size-medium\" src=\"\/wp-content\/uploads\/2017\/12\/DSC_0152_Kopie-300x169.jpg\" alt=\"\" width=\"300\" height=\"169\" srcset=\"https:\/\/nemo-mobilitaet.de\/wp-content\/uploads\/2017\/12\/DSC_0152_Kopie-300x169.jpg 300w, https:\/\/nemo-mobilitaet.de\/wp-content\/uploads\/2017\/12\/DSC_0152_Kopie-768x432.jpg 768w, https:\/\/nemo-mobilitaet.de\/wp-content\/uploads\/2017\/12\/DSC_0152_Kopie-1024x576.jpg 1024w, https:\/\/nemo-mobilitaet.de\/wp-content\/uploads\/2017\/12\/DSC_0152_Kopie-400x225.jpg 400w, https:\/\/nemo-mobilitaet.de\/wp-content\/uploads\/2017\/12\/DSC_0152_Kopie-780x439.jpg 780w\" sizes=\"(max-width: 300px) 100vw, 300px\" \/><\/p>\n<hr \/>\n<p><strong>16.11.2017 (Hannover) DVWG-Konferenz &#8220;Mobilit\u00e4tsmanagement im l\u00e4ndlichen Raum \u2013 Die Perspektive der B\u00fcrger&#8221;:<br \/><\/strong> Pr\u00e4sentation von NEMo und wie das Projekt durch neue Gesch\u00e4ftsmodelle das Mobilit\u00e4tsverhalten im l\u00e4ndlichen Raum ver\u00e4ndern will.<br \/><img decoding=\"async\" loading=\"lazy\" class=\"aligncenter wp-image-1497 size-medium\" src=\"\/wp-content\/uploads\/2017\/11\/DVWG_Benjamin-300x169.jpg\" alt=\"\" width=\"300\" height=\"169\" srcset=\"https:\/\/nemo-mobilitaet.de\/wp-content\/uploads\/2017\/11\/DVWG_Benjamin-300x169.jpg 300w, https:\/\/nemo-mobilitaet.de\/wp-content\/uploads\/2017\/11\/DVWG_Benjamin-768x432.jpg 768w, https:\/\/nemo-mobilitaet.de\/wp-content\/uploads\/2017\/11\/DVWG_Benjamin-1024x576.jpg 1024w, https:\/\/nemo-mobilitaet.de\/wp-content\/uploads\/2017\/11\/DVWG_Benjamin-400x225.jpg 400w, https:\/\/nemo-mobilitaet.de\/wp-content\/uploads\/2017\/11\/DVWG_Benjamin-780x439.jpg 780w\" sizes=\"(max-width: 300px) 100vw, 300px\" \/><\/p>\n<hr \/>\n<p><strong>16.10.2017 (Oldenburg) CENTOS-Postershow 2017:<br \/><\/strong>Vorstellung des Forschungsprojektes NEMo im Rahmen der Postershow von CENTOS (Oldenburg Center for Sustainability Economics and Management)<\/p>\n<p style=\"text-align: center;\"><img decoding=\"async\" loading=\"lazy\" class=\"alignnone wp-image-1350 size-medium\" src=\"\/wp-content\/uploads\/2017\/10\/DSC_3570.JPG-e1508231259894-300x163.jpg\" alt=\"\" width=\"300\" height=\"163\" srcset=\"https:\/\/nemo-mobilitaet.de\/wp-content\/uploads\/2017\/10\/DSC_3570.JPG-e1508231259894-300x163.jpg 300w, https:\/\/nemo-mobilitaet.de\/wp-content\/uploads\/2017\/10\/DSC_3570.JPG-e1508231259894-768x417.jpg 768w, https:\/\/nemo-mobilitaet.de\/wp-content\/uploads\/2017\/10\/DSC_3570.JPG-e1508231259894-1024x556.jpg 1024w\" sizes=\"(max-width: 300px) 100vw, 300px\" \/><\/p>\n<hr \/>\n<p><strong>12.10.2017 (Oldenburg) Koordinationstreffen:<br \/><\/strong>BMVI-Modellvorhaben &#8220;Versorgung und Mobilit\u00e4t in der Wesermarsch&#8221; und NEMo<\/p>\n<hr \/>\n<p><strong>28.09.2017 (Braunschweig) NEMo-Wissenschaftstreffen:<\/strong><br \/>Treffen der wissenschaftlichen Partner zu Status quo und n\u00e4chsten Schritten<br \/><img decoding=\"async\" loading=\"lazy\" class=\"aligncenter wp-image-1161 size-medium\" src=\"\/wp-content\/uploads\/2017\/10\/20170928_145050-300x169.jpg\" alt=\"NEMo-Wissenschaftstreffen\" width=\"300\" height=\"169\" srcset=\"https:\/\/nemo-mobilitaet.de\/wp-content\/uploads\/2017\/10\/20170928_145050-300x169.jpg 300w, https:\/\/nemo-mobilitaet.de\/wp-content\/uploads\/2017\/10\/20170928_145050-768x432.jpg 768w, https:\/\/nemo-mobilitaet.de\/wp-content\/uploads\/2017\/10\/20170928_145050-1024x576.jpg 1024w, https:\/\/nemo-mobilitaet.de\/wp-content\/uploads\/2017\/10\/20170928_145050-400x225.jpg 400w, https:\/\/nemo-mobilitaet.de\/wp-content\/uploads\/2017\/10\/20170928_145050-780x439.jpg 780w\" sizes=\"(max-width: 300px) 100vw, 300px\" \/><\/p>\n<hr \/>\n<p><strong>24.08.2017 (Brake) Fachwerkstatt &#8220;Busmobilit\u00e4t: Wesersprinter&#8221; <\/strong>im Rahmen des Modellvorhabens &#8220;Versorgung und Mobilit\u00e4t&#8221; im Landkreis Wesermarsch. Dokumentation <a href=\"http:\/\/www.landkreis-wesermarsch.de\/uploads\/files\/2017-09-11_fachwerkstatt_wesersprinter_dokumentation.pdf\" target=\"_blank\" rel=\"noopener noreferrer\">hier<\/a>.<\/p>\n<hr \/>\n<p><strong>24.08.2017 (Brake) Wirtschaftsf\u00f6rderung Wesermarsch. <\/strong>Austausch zum Thema Mobilit\u00e4t von Auszubildenden im Rahmen des BMVI-Modellvorhabens &#8220;Versorgung und Mobilit\u00e4t in der Wesermarsch&#8221;<\/p>\n<hr \/>\n<p><strong>07.04.2017 (Oldenburg) NEMo-Wissenschaftstreffen:<\/strong><br \/>Treffen der wissenschaftlichen Partner zu Status quo und n\u00e4chsten Schritten<\/p>\n<hr \/>\n<p><strong>23. bis 24.01.2017 (Hannover) Statussymposium im Schloss Herrenhausen:<\/strong><br \/>Gemeinsamer Austausch von Wissenschaftler(innen) und weiteren Experten sowie der interessierten \u00d6ffentlichkeit<br \/><img decoding=\"async\" loading=\"lazy\" class=\"size-medium wp-image-1202 aligncenter\" src=\"\/wp-content\/uploads\/2017\/10\/IMG-20170123-WA0016-e1507633765279-300x164.jpg\" alt=\"\" width=\"300\" height=\"164\" srcset=\"https:\/\/nemo-mobilitaet.de\/wp-content\/uploads\/2017\/10\/IMG-20170123-WA0016-e1507633765279-300x164.jpg 300w, https:\/\/nemo-mobilitaet.de\/wp-content\/uploads\/2017\/10\/IMG-20170123-WA0016-e1507633765279-768x420.jpg 768w, https:\/\/nemo-mobilitaet.de\/wp-content\/uploads\/2017\/10\/IMG-20170123-WA0016-e1507633765279-1024x561.jpg 1024w, https:\/\/nemo-mobilitaet.de\/wp-content\/uploads\/2017\/10\/IMG-20170123-WA0016-e1507633765279.jpg 1600w\" sizes=\"(max-width: 300px) 100vw, 300px\" \/><\/p>\n<hr \/>\n<p><strong>01.09.2016 (Oldenburg) Forschungsvortrag:<br \/><\/strong> NEMo im Schlauen Haus Oldenburg, Vorstellung des aktuellen Stands und Diskussion mit dem Publikum<br \/><img decoding=\"async\" loading=\"lazy\" class=\"size-medium wp-image-1200 aligncenter\" src=\"\/wp-content\/uploads\/2017\/10\/DSC_1458.JPG-300x169.jpg\" alt=\"\" width=\"300\" height=\"169\" srcset=\"https:\/\/nemo-mobilitaet.de\/wp-content\/uploads\/2017\/10\/DSC_1458.JPG-300x169.jpg 300w, https:\/\/nemo-mobilitaet.de\/wp-content\/uploads\/2017\/10\/DSC_1458.JPG-768x432.jpg 768w, https:\/\/nemo-mobilitaet.de\/wp-content\/uploads\/2017\/10\/DSC_1458.JPG-1024x576.jpg 1024w, https:\/\/nemo-mobilitaet.de\/wp-content\/uploads\/2017\/10\/DSC_1458.JPG-400x225.jpg 400w, https:\/\/nemo-mobilitaet.de\/wp-content\/uploads\/2017\/10\/DSC_1458.JPG-780x439.jpg 780w\" sizes=\"(max-width: 300px) 100vw, 300px\" \/><\/p>\n<hr \/>\n<p><strong>21.07.2016 (Oldenburg) 1. Doktorandentreffen:<\/strong><br \/>Vorstellung der einzelen Forschungsthemen in der Abteilung VLBA<\/p>\n<hr \/>\n<p><strong>14.07.2016 (Oldenburg) Koordinationstreffen:<br \/><\/strong>BMVI-Modellvorhaben \u201eVersorgung und Mobilit\u00e4t in der Wesermarsch\u201c und NEMo<img decoding=\"async\" loading=\"lazy\" class=\"wp-image-525 size-medium aligncenter\" src=\"\/wp-content\/uploads\/2016\/06\/IMG_8069-300x225.jpg\" alt=\"Workshop zu NEMo und BMVI Vorhaben\" width=\"300\" height=\"225\" \/><\/p>\n<hr \/>\n<p><strong>15.06.2016 (Hannover) Netzwerktreffen \u201eIKT &amp; Mobilit\u00e4t\u201c im Innovationszentrum:<\/strong><br \/>Vorstellung NEMo<\/p>\n<hr \/>\n<p><strong>11.06.2016 (Brake) Treffen Hr. Rittmeier (BMVI), Herr Schlump (BMVI), Fr. L\u00fccke (Landkreis Wesermarsch), Fr. Marten (Wirtschaftsf\u00f6rderung Wesermarsch):<\/strong><br \/>Besprechung Synergien NEMo und Programm \u201eLangfristige Sicherung von Versorgung und Mobilit\u00e4t im l\u00e4ndlichen Raum\u201c des BMVI<\/p>\n<hr \/>\n<p><strong>08.06.2016 (Brake) Auftaktveranstaltung BMVI-Modellvorhaben \u201eVersorgung und Mobilit\u00e4t in der Wesermarsch\u201c:<\/strong> Vorstellung NEMo<br \/><img decoding=\"async\" loading=\"lazy\" class=\"size-medium wp-image-1205 aligncenter\" src=\"\/wp-content\/uploads\/2017\/10\/DSC_0333nemoret-e1507634124843-300x150.jpg\" alt=\"\" width=\"300\" height=\"150\" srcset=\"https:\/\/nemo-mobilitaet.de\/wp-content\/uploads\/2017\/10\/DSC_0333nemoret-e1507634124843-300x150.jpg 300w, https:\/\/nemo-mobilitaet.de\/wp-content\/uploads\/2017\/10\/DSC_0333nemoret-e1507634124843-768x384.jpg 768w, https:\/\/nemo-mobilitaet.de\/wp-content\/uploads\/2017\/10\/DSC_0333nemoret-e1507634124843-1024x512.jpg 1024w\" sizes=\"(max-width: 300px) 100vw, 300px\" \/><\/p>\n<hr \/>\n<p><strong>07.06.2016 (Oldenburg) Treffen Hr. Pham (Smartway):<\/strong><br \/>Besprechung Integration Smartway (dynamische Planungssoftware f\u00fcr Personen- und G\u00fctermobilit\u00e4t) in NEMo<\/p>\n<hr \/>\n<p><strong>02.06.2016 (Bremen) Treffen Hr. Spiekermann (moveabout) und Hr. von Monschaw (avm):<\/strong><br \/>Besprechung Ankn\u00fcpfungsprojekte NEMo im Bereich e-Carharing<\/p>\n<hr \/>\n<p><strong>04.05.2016 (Oldenburg) NEMo-Auftaktveranstaltung:<\/strong><br \/>Auftaktveranstaltung mit Partnern aus Wirtschaft, Wissenschaft und Politik<br \/><img decoding=\"async\" loading=\"lazy\" class=\"size-medium wp-image-1210 aligncenter\" src=\"\/wp-content\/uploads\/2017\/10\/IMG_0509-300x166.jpg\" alt=\"\" width=\"300\" height=\"166\" srcset=\"https:\/\/nemo-mobilitaet.de\/wp-content\/uploads\/2017\/10\/IMG_0509-300x166.jpg 300w, https:\/\/nemo-mobilitaet.de\/wp-content\/uploads\/2017\/10\/IMG_0509-768x425.jpg 768w, https:\/\/nemo-mobilitaet.de\/wp-content\/uploads\/2017\/10\/IMG_0509.jpg 779w\" sizes=\"(max-width: 300px) 100vw, 300px\" \/><\/p>\n<hr \/>\n<p><strong>11.03.2016 (Oldenburg) Projektstart von NEMo:<\/strong><br \/>Kick-off-Meeting der wissenschaftlichen Partner<br \/><img decoding=\"async\" loading=\"lazy\" class=\"size-medium wp-image-1207 aligncenter\" src=\"\/wp-content\/uploads\/2016\/06\/IMG_0229-300x183.jpg\" alt=\"\" width=\"300\" height=\"183\" srcset=\"https:\/\/nemo-mobilitaet.de\/wp-content\/uploads\/2016\/06\/IMG_0229-300x183.jpg 300w, https:\/\/nemo-mobilitaet.de\/wp-content\/uploads\/2016\/06\/IMG_0229-768x468.jpg 768w, https:\/\/nemo-mobilitaet.de\/wp-content\/uploads\/2016\/06\/IMG_0229-1024x624.jpg 1024w\" sizes=\"(max-width: 300px) 100vw, 300px\" \/><\/p>\n\n\n<p><\/p>\n","protected":false},"excerpt":{"rendered":"<p>11.07.2019 Simulationsworkshop spezifiziert Potentiale des Mitfahrens im l\u00e4ndlichen Raum (Braunschweig) Im Rahmen einer Simulation sollen im Projekt NEMo in den kommenden Monaten Akzeptanz und Nutzung von Mitfahrm\u00f6glichkeiten au\u00dferhalb st\u00e4dtischer Zentren untersucht werden. Um die wesentlichen Anforderungen sowie geeignete Szenarien f\u00fcr eine derartige Simulation zu erheben, kamen k\u00fcrzlich mehrere Fachleute und <a class=\"more-link\" href=\"https:\/\/nemo-mobilitaet.de\/blog\/de\/veranstaltungen\/archiv\/\">weiterlesen&#8230;<\/a><\/p>\n","protected":false},"author":1,"featured_media":0,"parent":44,"menu_order":0,"comment_status":"closed","ping_status":"closed","template":"","meta":{"footnotes":"","_links_to":"","_links_to_target":""},"_links":{"self":[{"href":"https:\/\/nemo-mobilitaet.de\/blog\/wp-json\/wp\/v2\/pages\/501"}],"collection":[{"href":"https:\/\/nemo-mobilitaet.de\/blog\/wp-json\/wp\/v2\/pages"}],"about":[{"href":"https:\/\/nemo-mobilitaet.de\/blog\/wp-json\/wp\/v2\/types\/page"}],"author":[{"embeddable":true,"href":"https:\/\/nemo-mobilitaet.de\/blog\/wp-json\/wp\/v2\/users\/1"}],"replies":[{"embeddable":true,"href":"https:\/\/nemo-mobilitaet.de\/blog\/wp-json\/wp\/v2\/comments?post=501"}],"version-history":[{"count":91,"href":"https:\/\/nemo-mobilitaet.de\/blog\/wp-json\/wp\/v2\/pages\/501\/revisions"}],"predecessor-version":[{"id":3313,"href":"https:\/\/nemo-mobilitaet.de\/blog\/wp-json\/wp\/v2\/pages\/501\/revisions\/3313"}],"up":[{"embeddable":true,"href":"https:\/\/nemo-mobilitaet.de\/blog\/wp-json\/wp\/v2\/pages\/44"}],"wp:attachment":[{"href":"https:\/\/nemo-mobilitaet.de\/blog\/wp-json\/wp\/v2\/media?parent=501"}],"curies":[{"name":"wp","href":"https:\/\/api.w.org\/{rel}","templated":true}]}}