{"id":377,"date":"2016-05-10T09:26:37","date_gmt":"2016-05-10T07:26:37","guid":{"rendered":"http:\/\/nemo.informatik.uni-oldenburg.de\/blog\/?page_id=377"},"modified":"2023-02-17T18:41:05","modified_gmt":"2023-02-17T16:41:05","slug":"praesentation","status":"publish","type":"page","link":"https:\/\/nemo-mobilitaet.de\/blog\/de\/presseartikel\/praesentation\/","title":{"rendered":"Downloads"},"content":{"rendered":"\n<p>In diesem Bereich finden Sie verschiedene Dokumente zu NEMo zum Download:<\/p>\n\n\n\n<ul><li><a href=\"#Ergebnisse\">Ergebnisse<\/a><\/li><li><a href=\"#Partnertreffen\">NEMo-Partnertreffen (18.04.2018)<\/a><\/li><li><a href=\"#Expertenworkshop\">Expertenworkshop zu nachhaltiger Mobilit\u00e4t in l\u00e4ndlichen R\u00e4umen (14.12.17)<\/a><\/li><li><a href=\"#Vortr\u00e4ge\">Pr\u00e4sentationen von Vortr\u00e4gen<\/a><\/li><li><a href=\"#Poster\">Poster<\/a><\/li><li><a href=\"#Flyer\">Flyer<\/a><\/li><li><a href=\"#Videos\">Videos<\/a><\/li><li><a href=\"#Bilder\">Bilder<\/a><\/li><\/ul>\n\n\n\n<hr class=\"wp-block-separator\"\/>\n\n\n\n<h5 class=\"wp-block-heading\"><strong>Ergebnisse <\/strong><span id=\"Ergebnisse\" class=\"sta-anchor \" aria-hidden=\"true\"><\/span><\/h5>\n\n\n\n<ul><li>Abschlussbericht (August 2020): <a href=\"http:\/\/nemo-mobilitaet.de\/wp-content\/uploads\/2020\/08\/20200823_NEMo-Abschlussbericht.pdf\" data-type=\"URL\">NEMo-Abschlussbericht<\/a><\/li><li>Zwischenbericht (Stand M\u00e4rz 2018): <a rel=\"noreferrer noopener\" href=\"http:\/\/nemo-mobilitaet.de\/wp-content\/uploads\/2018\/05\/201805_NEMo-Zwischenbericht.pdf\" target=\"_blank\">NEMo-Zwischenbericht<\/a><\/li><li><div>Ergebnisse der Online-Umfrage in der Region Wesermarsch: <a rel=\"noreferrer noopener\" href=\"http:\/\/nemo-mobilitaet.de\/wp-content\/uploads\/2017\/08\/2017-08-10_Auswertung_Wesermarschumfrage_kurz.pdf\" target=\"_blank\">Auswertung Wesermarsch-Umfrage<\/a><\/div> <\/li><li>Anforderungserhebung: <a href=\"https:\/\/www.nemo-mobilitaet.de\/wp-content\/uploads\/2018\/04\/NEMo-Anforderungserhebung_Jahns_Samland_Update_v2.pdf\">Zwischenbericht (Stand: 02\/2017)<\/a><\/li><\/ul>\n\n\n\n<hr class=\"wp-block-separator\"\/>\n\n\n\n<h5 class=\"wp-block-heading\"><strong>NEMo-Partnertreffen (18.04.2018) <\/strong><span id=\"Partnertreffen\" class=\"sta-anchor \" aria-hidden=\"true\"><\/span><\/h5>\n\n\n\n<h5 class=\"wp-block-heading\">Dokumentation<\/h5>\n\n\n\n<ul><li> Zusammenfassung des Partnertreffens: <a href=\"http:\/\/www.nemo-mobilitaet.de\/wp-content\/uploads\/2018\/04\/20180423_NEMo-Partnertreffen_Doku_final.pdf\" target=\"_blank\" rel=\"noreferrer noopener\">Dokumentation<\/a> <\/li><\/ul>\n\n\n\n<h5 class=\"wp-block-heading\">Pr\u00e4sentationen<\/h5>\n\n\n\n<ul><li>NEMo-Team: <a href=\"http:\/\/www.nemo-mobilitaet.de\/wp-content\/uploads\/2018\/04\/20180418_NEMo-Partnertreffen_final.pdf\" target=\"_blank\" rel=\"noreferrer noopener\">Zwischenergebnisse von NEMo <\/a><\/li><li>Sabine Neef und Michael Fuder (merkWATT GmbH): <a href=\"http:\/\/www.nemo-mobilitaet.de\/wp-content\/uploads\/2018\/04\/merkWATT_Neef_Fuder_AUNO_DOMO.pdf\" target=\"_blank\" rel=\"noreferrer noopener\">AUNO DOMO \u2013 Autonome Dorfmobilit\u00e4t<\/a><\/li><li>Johannes Schering (Baron Mobility Service GmbH): <a href=\"http:\/\/www.nemo-mobilitaet.de\/wp-content\/uploads\/2018\/04\/Baron_Mobility_Schering_BITS.pdf\" target=\"_blank\" rel=\"noreferrer noopener\">BITS \u2013 Bicycle and Intelligent Transport Systems (ITS)<\/a><\/li><li>Julie King, (Metropolregion Nordwest): <a href=\"http:\/\/www.nemo-mobilitaet.de\/wp-content\/uploads\/2018\/04\/Metropolregion_King_E-Mobilitaet.pdf\" target=\"_blank\" rel=\"noreferrer noopener\">Elektromobilit\u00e4t als Schl\u00fcssel zur Mobilit\u00e4t der Zukunft<\/a><\/li><\/ul>\n\n\n\n<div><hr>\n<h5><strong>Expertenworkshop zu nachhaltiger Mobilit\u00e4t in l\u00e4ndlichen R\u00e4umen (14.12.17) <\/strong><span id=\"Expertenworkshop\" class=\"sta-anchor \" aria-hidden=\"true\"><\/span><\/h5>\n<\/div>\n\n\n\n<h5 class=\"wp-block-heading\">Dokumentation<\/h5>\n\n\n\n<ul><li>Zusammenfassung des Expertenworkshops: <a href=\"https:\/\/nemo-mobilitaet.de\/wp-content\/uploads\/2017\/12\/Expertenworkshop_Nachhaltige_Mobilitaet_Dokumentation.pdf\" target=\"_blank\" rel=\"noreferrer noopener\">Dokumentation<\/a><\/li><\/ul>\n\n\n\n<h5 class=\"wp-block-heading\">Pr\u00e4sentationen<\/h5>\n\n\n\n<ul><li>Roland Hentschel: <a href=\"http:\/\/nemo-mobilitaet.de\/wp-content\/uploads\/2017\/12\/1_Hentschel_Smart_Regions_North.pdf\" target=\"_blank\" rel=\"noreferrer noopener\">Smart Regions North<\/a><\/li><li>Dr.-Ing. Jorge Marx G\u00f3mez: <a href=\"http:\/\/nemo-mobilitaet.de\/wp-content\/uploads\/2017\/12\/2_Marx_Gomez_NEMo.pdf\" target=\"_blank\" rel=\"noreferrer noopener\">NEMo \u2013 Nachhaltige Erf\u00fcllung von Mobilit\u00e4tsbed\u00fcrfnissen im l\u00e4ndlichen Raum<\/a><\/li><li>Dr. Koen Salemink: <a href=\"http:\/\/nemo-mobilitaet.de\/wp-content\/uploads\/2017\/12\/3_Salemink_Digitalisierung.pdf\" target=\"_blank\" rel=\"noreferrer noopener\">Digitalisierung des l\u00e4ndlichen Raums. Bedingung und Endziel der Mobilit\u00e4tspolitik?<\/a><\/li><li>Stephan Diekmann: <a href=\"http:\/\/nemo-mobilitaet.de\/wp-content\/uploads\/2017\/12\/3_Salemink_Digitalisierung.pdf\" target=\"_blank\" rel=\"noreferrer noopener\">moobil+. Ein innovatives Mobilit\u00e4tsangebot<\/a><\/li><li>Chris Munneke: <a href=\"http:\/\/nemo-mobilitaet.de\/wp-content\/uploads\/2018\/08\/5_Munneke_Groningen_deu.pdf\" target=\"_blank\" rel=\"noreferrer noopener\">Nachhaltige Mobilit\u00e4tspolitik der Stadt und Provinz Groningen (deutsche Version)<\/a><\/li><li>Chris Munneke: <a href=\"http:\/\/nemo-mobilitaet.de\/wp-content\/uploads\/2018\/08\/5_Munneke_Groningen_deu.pdf\" target=\"_blank\" rel=\"noreferrer noopener\">Nachhaltige Mobilit\u00e4tspolitik der Stadt und Provinz Groningen (englische Version)<\/a><\/li><li>Elke Vandenbroucke: <a href=\"http:\/\/nemo-mobilitaet.de\/wp-content\/uploads\/2017\/12\/6_Vandenbroucke_Taxistop.pdf\" target=\"_blank\" rel=\"noreferrer noopener\">Showcase Taxistop \u2013 How apps and Mobipunkten improve rural mobility<\/a><\/li><li>Elke Vandenbroucke: <a href=\"http:\/\/nemo-mobilitaet.de\/wp-content\/uploads\/2017\/12\/shared_mobility_rocks.pdf\" target=\"_blank\" rel=\"noreferrer noopener\">Veranstaltungshinweis Shared Mobility Rocks<\/a><\/li><li>Dr. Bernd Rittmeier: <a href=\"http:\/\/nemo-mobilitaet.de\/wp-content\/uploads\/2017\/12\/7_Rittmeier_Modellvorhaben.pdf\" target=\"_blank\" rel=\"noreferrer noopener\">Flexible Mobilit\u00e4tsangebote in den Modellregionen des Modellvorhabens \u201eLangfristige Sicherung von Versorgung und Mobilit\u00e4t in l\u00e4ndlichen R\u00e4umen\u201c<\/a><\/li><\/ul>\n\n\n\n<div>\n<h5>Weitere Dokumente<strong><br><\/strong><\/h5>\n<ul>\n<li><a href=\"http:\/\/nemo-mobilitaet.de\/wp-content\/uploads\/2017\/12\/Expertenworkshop_Mobilitaet_Graphic_Recording_weboptimiert.pdf\">Graphic-Recording<\/a><\/li>\n<li><a href=\"http:\/\/nemo-mobilitaet.de\/wp-content\/uploads\/2017\/12\/Expertenworkshop_Mobilitaet_Teilnehmer-Anregungen.pdf\" target=\"_blank\" rel=\"noopener noreferrer\">Teilnehmer-Anregungen<\/a><\/li>\n<li><a href=\"http:\/\/nemo-mobilitaet.de\/wp-content\/uploads\/2017\/12\/Expertenworkshop_Mobilitaet_Programm.pdf\" target=\"_blank\" rel=\"noopener noreferrer\">Programm<\/a><\/li>\n<\/ul>\n<hr>\n<h5><strong>Pr\u00e4sentationen von Vortr\u00e4gen <\/strong><span id=\"Vortr\u00e4ge\" class=\"sta-anchor \" aria-hidden=\"true\"><\/span><\/h5>\n<ul>\n<li>Vortrag vom 01.09.2016 im Schlauen Haus Oldenburg: <a href=\"http:\/\/nemo-mobilitaet.de\/wp-content\/uploads\/2016\/09\/Vorstellung_NEMo_09_2016.pdf\" target=\"_blank\" rel=\"noopener noreferrer\">Foliensatz Schlaues Haus<\/a><\/li>\n<li>Vortr\u00e4ge der NEMo-Auftaktveranstaltung vom 04.05.2016: <a href=\"http:\/\/nemo-mobilitaet.de\/wp-content\/uploads\/2016\/08\/Praesentationen_Auftaktveranstaltung.zip\" target=\"_blank\" rel=\"noopener noreferrer\">Foliens\u00e4tze Auftaktveranstaltung (Zip-Archiv)<\/a><\/li>\n<\/ul>\n<\/div>\n\n\n\n<hr class=\"wp-block-separator\"\/>\n\n\n\n<h5 class=\"wp-block-heading\"><strong>Poster <\/strong><span id=\"Poster\" class=\"sta-anchor \" aria-hidden=\"true\"><\/span><\/h5>\n\n\n\n<ul><li>NEMo-Poster: <a href=\"http:\/\/nemo-mobilitaet.de\/wp-content\/uploads\/2017\/01\/NEMo_Poster1_Buerger_Version_final.pdf\" target=\"_blank\" rel=\"noreferrer noopener\">Modellregion mit zentralem L\u00f6sungansatz (MWK Statussymposium 2017)<\/a><\/li><li>NEMo-Poster: <a href=\"http:\/\/nemo-mobilitaet.de\/wp-content\/uploads\/2017\/01\/NEMo_Poster2_Wissenschaft_Version_final.pdf\" target=\"_blank\" rel=\"noreferrer noopener\">Wissenschaftliches Vorgehen (MWK Statussymposium 2017)<\/a><\/li><\/ul>\n\n\n\n<div><hr>\n<h5><strong>Flyer <\/strong><span id=\"Flyer\" class=\"sta-anchor \" aria-hidden=\"true\"><\/span><\/h5>\n<ul>\n<li>NEMo-Flyer deutsch: <a href=\"https:\/\/nemo-mobilitaet.de\/wp-content\/uploads\/2019\/09\/NEMo_Flyer_DE.pdf\" target=\"_blank\" rel=\"noopener noreferrer\">NEMo_Flyer_DE<\/a><\/li>\n<li>NEMo-Flyer englisch: <a href=\"https:\/\/nemo-mobilitaet.de\/wp-content\/uploads\/2019\/09\/NEMo_Flyer_EN.pdf\" target=\"_blank\" rel=\"noopener noreferrer\">NEMo_Flyer_EN<\/a><\/li>\n<\/ul>\n<hr>\n<h5><strong>Videos <\/strong><span id=\"Videos\" class=\"sta-anchor \" aria-hidden=\"true\"><\/span><\/h5>\n<ul>\n<li>Erkl\u00e4r-Video &#8220;Was sind unsere Ziele?&#8221;: <a href=\"https:\/\/youtu.be\/Z6CM7oaXc_s\">YouTube-Video<\/a><\/li>\n<\/ul>\n<\/div>\n","protected":false},"excerpt":{"rendered":"<p>In diesem Bereich finden Sie verschiedene Dokumente zu NEMo zum Download: Ergebnisse NEMo-Partnertreffen (18.04.2018) Expertenworkshop zu nachhaltiger Mobilit\u00e4t in l\u00e4ndlichen R\u00e4umen (14.12.17) Pr\u00e4sentationen von Vortr\u00e4gen Poster Flyer Videos Bilder Ergebnisse Abschlussbericht (August 2020): NEMo-Abschlussbericht Zwischenbericht (Stand M\u00e4rz 2018): NEMo-Zwischenbericht Ergebnisse der Online-Umfrage in der Region Wesermarsch: Auswertung Wesermarsch-Umfrage Anforderungserhebung: Zwischenbericht <a class=\"more-link\" href=\"https:\/\/nemo-mobilitaet.de\/blog\/de\/presseartikel\/praesentation\/\">weiterlesen&#8230;<\/a><\/p>\n","protected":false},"author":1,"featured_media":0,"parent":21,"menu_order":0,"comment_status":"closed","ping_status":"closed","template":"","meta":{"footnotes":"","_links_to":"","_links_to_target":""},"_links":{"self":[{"href":"https:\/\/nemo-mobilitaet.de\/blog\/wp-json\/wp\/v2\/pages\/377"}],"collection":[{"href":"https:\/\/nemo-mobilitaet.de\/blog\/wp-json\/wp\/v2\/pages"}],"about":[{"href":"https:\/\/nemo-mobilitaet.de\/blog\/wp-json\/wp\/v2\/types\/page"}],"author":[{"embeddable":true,"href":"https:\/\/nemo-mobilitaet.de\/blog\/wp-json\/wp\/v2\/users\/1"}],"replies":[{"embeddable":true,"href":"https:\/\/nemo-mobilitaet.de\/blog\/wp-json\/wp\/v2\/comments?post=377"}],"version-history":[{"count":76,"href":"https:\/\/nemo-mobilitaet.de\/blog\/wp-json\/wp\/v2\/pages\/377\/revisions"}],"predecessor-version":[{"id":3304,"href":"https:\/\/nemo-mobilitaet.de\/blog\/wp-json\/wp\/v2\/pages\/377\/revisions\/3304"}],"up":[{"embeddable":true,"href":"https:\/\/nemo-mobilitaet.de\/blog\/wp-json\/wp\/v2\/pages\/21"}],"wp:attachment":[{"href":"https:\/\/nemo-mobilitaet.de\/blog\/wp-json\/wp\/v2\/media?parent=377"}],"curies":[{"name":"wp","href":"https:\/\/api.w.org\/{rel}","templated":true}]}}