{"id":2738,"date":"2019-10-08T10:29:38","date_gmt":"2019-10-08T08:29:38","guid":{"rendered":"http:\/\/nemo-mobilitaet.de\/blog\/?page_id=2738"},"modified":"2023-02-16T18:52:00","modified_gmt":"2023-02-16T16:52:00","slug":"nemo-abschlussveranstaltung-13-02-2020","status":"publish","type":"page","link":"https:\/\/nemo-mobilitaet.de\/blog\/de\/nemo-abschlussveranstaltung-13-02-2020\/","title":{"rendered":"NEMo-Abschlussveranstaltung (13.02.2020)"},"content":{"rendered":"\n<p>Kurz vor Ende der offiziellen Projektlaufzeit von NEMo wurden im Rahmen einer \u00f6ffentlichen Abschlussveranstaltung an der Universit\u00e4t Oldenburg die Projektergebnisse der vier J\u00e4hrigen Projektlaufzeit pr\u00e4sentiert. Neben einer Postershow der beteiligten Forschungsgruppen vor, w\u00e4hrend und nach der Veranstaltung haben inhaltliche Beitr\u00e4ge beteiligter Akteure aus Wissenschaft, Wirtschaft und Verwaltung \u00fcber die Ergebnisse des Projektes berichtet. Abgerundet wurde das Abschlussevent, das sich explizit auch an interessierte B\u00fcrger richtete, mit einer Podiumsdiskussion, die aus verschiedenen Blickwinkeln auf m\u00f6gliche k\u00fcnftige Entwicklungspfade der Mobilit\u00e4t im l\u00e4ndlichen Raum eingehen wird.&nbsp;<\/p>\n\n\n\n<p>Die Mobilit\u00e4tsapp \u201eFahrkreis\u201c ist das zentrale Ergebnis des\nForschungsprojekts NEMo (\u201eNachhaltige Erf\u00fcllung von Mobilit\u00e4tsbed\u00fcrfnissen im\nl\u00e4ndlichen Raum\u201c) unter Leitung des Oldenburger Wirtschaftsinformatikers Prof.\nDr. Jorge Marx G\u00f3mez. \u201eFahrkreis\u201c funktioniert wie eine klassische\nMobilit\u00e4tsauskunft, bietet jedoch einige Zusatzfunktionen \u2013 insbesondere\nvermittelt die App Mitfahrgelegenheiten. Seit Anfang des Jahres ist die App f\u00fcr\nganz Deutschland verf\u00fcgbar. In Fahrkreis sind die verschiedenen Ergebnisse der\nbeteiligten Arbeitsgruppen, aber auch der B\u00fcrgerinnen und B\u00fcrger des l\u00e4ndlichen\nRaums eingeflossen.<\/p>\n\n\n\n<p>Niedersachsens Wissenschaftsminister Bj\u00f6rn Th\u00fcmler betonte,\n\u201eDie Verbesserung der Mobilit\u00e4t im l\u00e4ndlichen Raum ist im Fl\u00e4chenland\nNiedersachsen ein besonders wichtiges Thema.\u201c und erg\u00e4nzte \u201eDie am Projekt NEMo\nbeteiligten Forscherinnen und Forscher haben wichtige Impulse f\u00fcr ein\ninnovatives Mobilit\u00e4tsmanagement gesetzt, die ganz besonders dazu geeignet\nsind, in Produkte und Dienstleistungen umgesetzt zu werden\u201c.<\/p>\n\n\n\n<p>Ziel von NEMo war es, die Mobilit\u00e4t im l\u00e4ndlichen Raum auf\nnachhaltige Weise zu verbessern. Die Idee: Dort, wo Bus und Bahn selten oder\ngar nicht verkehren, werden die B\u00fcrger selbst zum Mobilit\u00e4tsanbieter \u2013 zum\nBeispiel, indem sie Nachbarn im Auto mitnehmen oder schwach frequentierte\nBushaltestellen bedienen. Daf\u00fcr untersuchte das Projektteam auch\nsozialwissenschaftliche und rechtliche Fragen.<\/p>\n\n\n\n<p>Das Projekt NEMo wurde vom Land Niedersachsen und der\nVolkswagenStiftung im Rahmen des Programms \u201eWissenschaft f\u00fcr nachhaltige\nEntwicklung\u201c gef\u00f6rdert. Zahlreiche assoziierte Partner wie Kommunen, Vereine,\nUnternehmen und weitere Forschungseinrichtungen unterst\u00fctzten das Vorhaben.<\/p>\n\n\n\n<p>Die Veranstaltungsvortr\u00e4ge und die Poster der Arbeitsgruppen k\u00f6nnen Sie nachfolgend herunterladen.<\/p>\n\n\n\n<hr>\n\n\n\n<h4 class=\"wp-block-heading\">Veranstaltungsdokumente<\/h4>\n\n\n\n<ul><li>Ergebnisse: <a href=\"http:\/\/nemo-mobilitaet.de\/wp-content\/uploads\/2020\/02\/02_NEMo_Ergebnisse.pdf\">NEMo Ergebnis\u00fcberblick<\/a><\/li><li>Praxisvortr\u00e4ge: <a href=\"http:\/\/nemo-mobilitaet.de\/wp-content\/uploads\/2020\/02\/NEMo_Praxisvortrage.zip\">Archiv der Praxisvortr\u00e4ge<\/a><\/li><li>Poster: <a href=\"http:\/\/nemo-mobilitaet.de\/wp-content\/uploads\/2020\/02\/NEMo_Poster.zip\">Archiv der NEMo Projektposter<\/a><\/li><\/ul>\n\n\n\n<hr>\n\n\n\n<h4 class=\"wp-block-heading\">Projektvideo<\/h4>\n\n\n\n<iframe loading=\"lazy\" width=\"560\" height=\"315\" src=\"https:\/\/www.youtube.com\/embed\/AJSgEhPnUWg\" frameborder=\"0\" allow=\"accelerometer; autoplay; encrypted-media; gyroscope; picture-in-picture\" allowfullscreen=\"\"><\/iframe><br> <hr>\n\n\n\n<h4 class=\"wp-block-heading\">Impressionen der Veranstaltung<\/h4>\n\n\n\n<figure class=\"wp-block-gallery columns-3 is-cropped wp-block-gallery-1 is-layout-flex wp-block-gallery-is-layout-flex\"><ul class=\"blocks-gallery-grid\"><li class=\"blocks-gallery-item\"><figure><a href=\"http:\/\/nemo-mobilitaet.de\/blog\/de\/img_3733\/\"><img decoding=\"async\" loading=\"lazy\" width=\"683\" height=\"1024\" src=\"http:\/\/nemo-mobilitaet.de\/blog\/wp-content\/uploads\/2020\/02\/IMG_3733-683x1024.png\" alt=\"\" data-id=\"3103\" data-full-url=\"http:\/\/nemo-mobilitaet.de\/blog\/wp-content\/uploads\/2020\/02\/IMG_3733.png\" data-link=\"http:\/\/nemo-mobilitaet.de\/blog\/de\/img_3733\/\" class=\"wp-image-3103\" srcset=\"https:\/\/nemo-mobilitaet.de\/wp-content\/uploads\/2020\/02\/IMG_3733-683x1024.png 683w, https:\/\/nemo-mobilitaet.de\/wp-content\/uploads\/2020\/02\/IMG_3733-200x300.png 200w, https:\/\/nemo-mobilitaet.de\/wp-content\/uploads\/2020\/02\/IMG_3733-768x1152.png 768w, https:\/\/nemo-mobilitaet.de\/wp-content\/uploads\/2020\/02\/IMG_3733-1024x1536.png 1024w, https:\/\/nemo-mobilitaet.de\/wp-content\/uploads\/2020\/02\/IMG_3733-1365x2048.png 1365w, https:\/\/nemo-mobilitaet.de\/wp-content\/uploads\/2020\/02\/IMG_3733.png 1759w\" sizes=\"(max-width: 683px) 100vw, 683px\" \/><\/a><\/figure><\/li><li class=\"blocks-gallery-item\"><figure><a href=\"http:\/\/nemo-mobilitaet.de\/blog\/de\/2020\/02\/17\/nemo-praesentiert-projektergebnisse-mit-grosser-abschlussveranstaltung\/img_3647\/#main\"><img decoding=\"async\" loading=\"lazy\" width=\"1024\" height=\"683\" src=\"http:\/\/nemo-mobilitaet.de\/blog\/wp-content\/uploads\/2020\/02\/IMG_3647-1024x683.png\" alt=\"\" data-id=\"3045\" data-full-url=\"http:\/\/nemo-mobilitaet.de\/blog\/wp-content\/uploads\/2020\/02\/IMG_3647.png\" data-link=\"http:\/\/nemo-mobilitaet.de\/blog\/de\/2020\/02\/17\/nemo-praesentiert-projektergebnisse-mit-grosser-abschlussveranstaltung\/img_3647\/#main\" class=\"wp-image-3045\" srcset=\"https:\/\/nemo-mobilitaet.de\/wp-content\/uploads\/2020\/02\/IMG_3647-1024x683.png 1024w, https:\/\/nemo-mobilitaet.de\/wp-content\/uploads\/2020\/02\/IMG_3647-300x200.png 300w, https:\/\/nemo-mobilitaet.de\/wp-content\/uploads\/2020\/02\/IMG_3647-768x512.png 768w, https:\/\/nemo-mobilitaet.de\/wp-content\/uploads\/2020\/02\/IMG_3647.png 1500w\" sizes=\"(max-width: 1024px) 100vw, 1024px\" \/><\/a><\/figure><\/li><li class=\"blocks-gallery-item\"><figure><a href=\"http:\/\/nemo-mobilitaet.de\/blog\/de\/img_3688\/\"><img decoding=\"async\" loading=\"lazy\" width=\"1024\" height=\"683\" src=\"http:\/\/nemo-mobilitaet.de\/blog\/wp-content\/uploads\/2020\/02\/IMG_3688-1024x683.png\" alt=\"\" data-id=\"3083\" data-full-url=\"http:\/\/nemo-mobilitaet.de\/blog\/wp-content\/uploads\/2020\/02\/IMG_3688.png\" data-link=\"http:\/\/nemo-mobilitaet.de\/blog\/de\/img_3688\/\" class=\"wp-image-3083\" srcset=\"https:\/\/nemo-mobilitaet.de\/wp-content\/uploads\/2020\/02\/IMG_3688-1024x683.png 1024w, https:\/\/nemo-mobilitaet.de\/wp-content\/uploads\/2020\/02\/IMG_3688-300x200.png 300w, https:\/\/nemo-mobilitaet.de\/wp-content\/uploads\/2020\/02\/IMG_3688-768x512.png 768w, https:\/\/nemo-mobilitaet.de\/wp-content\/uploads\/2020\/02\/IMG_3688-1536x1024.png 1536w, https:\/\/nemo-mobilitaet.de\/wp-content\/uploads\/2020\/02\/IMG_3688-2048x1365.png 2048w\" sizes=\"(max-width: 1024px) 100vw, 1024px\" \/><\/a><\/figure><\/li><li class=\"blocks-gallery-item\"><figure><a href=\"http:\/\/nemo-mobilitaet.de\/blog\/de\/img_3678\/\"><img decoding=\"async\" loading=\"lazy\" width=\"1024\" height=\"683\" src=\"http:\/\/nemo-mobilitaet.de\/blog\/wp-content\/uploads\/2020\/02\/IMG_3678-1024x683.png\" alt=\"\" data-id=\"3076\" data-full-url=\"http:\/\/nemo-mobilitaet.de\/blog\/wp-content\/uploads\/2020\/02\/IMG_3678.png\" data-link=\"http:\/\/nemo-mobilitaet.de\/blog\/de\/img_3678\/\" class=\"wp-image-3076\" srcset=\"https:\/\/nemo-mobilitaet.de\/wp-content\/uploads\/2020\/02\/IMG_3678-1024x683.png 1024w, https:\/\/nemo-mobilitaet.de\/wp-content\/uploads\/2020\/02\/IMG_3678-300x200.png 300w, https:\/\/nemo-mobilitaet.de\/wp-content\/uploads\/2020\/02\/IMG_3678-768x512.png 768w, https:\/\/nemo-mobilitaet.de\/wp-content\/uploads\/2020\/02\/IMG_3678-1536x1024.png 1536w, https:\/\/nemo-mobilitaet.de\/wp-content\/uploads\/2020\/02\/IMG_3678-2048x1365.png 2048w\" sizes=\"(max-width: 1024px) 100vw, 1024px\" \/><\/a><\/figure><\/li><li class=\"blocks-gallery-item\"><figure><a href=\"http:\/\/nemo-mobilitaet.de\/blog\/de\/img_3679\/\"><img decoding=\"async\" loading=\"lazy\" width=\"1024\" height=\"683\" src=\"http:\/\/nemo-mobilitaet.de\/blog\/wp-content\/uploads\/2020\/02\/IMG_3679-1024x683.png\" alt=\"\" data-id=\"3077\" data-full-url=\"http:\/\/nemo-mobilitaet.de\/blog\/wp-content\/uploads\/2020\/02\/IMG_3679.png\" data-link=\"http:\/\/nemo-mobilitaet.de\/blog\/de\/img_3679\/\" class=\"wp-image-3077\" srcset=\"https:\/\/nemo-mobilitaet.de\/wp-content\/uploads\/2020\/02\/IMG_3679-1024x683.png 1024w, https:\/\/nemo-mobilitaet.de\/wp-content\/uploads\/2020\/02\/IMG_3679-300x200.png 300w, https:\/\/nemo-mobilitaet.de\/wp-content\/uploads\/2020\/02\/IMG_3679-768x512.png 768w, https:\/\/nemo-mobilitaet.de\/wp-content\/uploads\/2020\/02\/IMG_3679-1536x1024.png 1536w, https:\/\/nemo-mobilitaet.de\/wp-content\/uploads\/2020\/02\/IMG_3679-2048x1365.png 2048w\" sizes=\"(max-width: 1024px) 100vw, 1024px\" \/><\/a><\/figure><\/li><li class=\"blocks-gallery-item\"><figure><a href=\"http:\/\/nemo-mobilitaet.de\/blog\/de\/img_3680\/\"><img decoding=\"async\" loading=\"lazy\" width=\"1024\" height=\"683\" src=\"http:\/\/nemo-mobilitaet.de\/blog\/wp-content\/uploads\/2020\/02\/IMG_3680-1024x683.png\" alt=\"\" data-id=\"3078\" data-full-url=\"http:\/\/nemo-mobilitaet.de\/blog\/wp-content\/uploads\/2020\/02\/IMG_3680.png\" data-link=\"http:\/\/nemo-mobilitaet.de\/blog\/de\/img_3680\/\" class=\"wp-image-3078\" srcset=\"https:\/\/nemo-mobilitaet.de\/wp-content\/uploads\/2020\/02\/IMG_3680-1024x683.png 1024w, https:\/\/nemo-mobilitaet.de\/wp-content\/uploads\/2020\/02\/IMG_3680-300x200.png 300w, https:\/\/nemo-mobilitaet.de\/wp-content\/uploads\/2020\/02\/IMG_3680-768x512.png 768w, https:\/\/nemo-mobilitaet.de\/wp-content\/uploads\/2020\/02\/IMG_3680-1536x1024.png 1536w, https:\/\/nemo-mobilitaet.de\/wp-content\/uploads\/2020\/02\/IMG_3680-2048x1365.png 2048w\" sizes=\"(max-width: 1024px) 100vw, 1024px\" \/><\/a><\/figure><\/li><li class=\"blocks-gallery-item\"><figure><a href=\"http:\/\/nemo-mobilitaet.de\/blog\/de\/img_3626\/\"><img decoding=\"async\" loading=\"lazy\" width=\"1024\" height=\"683\" src=\"http:\/\/nemo-mobilitaet.de\/blog\/wp-content\/uploads\/2020\/02\/IMG_3626-1024x683.png\" alt=\"\" data-id=\"3127\" data-full-url=\"http:\/\/nemo-mobilitaet.de\/blog\/wp-content\/uploads\/2020\/02\/IMG_3626.png\" data-link=\"http:\/\/nemo-mobilitaet.de\/blog\/de\/img_3626\/\" class=\"wp-image-3127\" srcset=\"https:\/\/nemo-mobilitaet.de\/wp-content\/uploads\/2020\/02\/IMG_3626-1024x683.png 1024w, https:\/\/nemo-mobilitaet.de\/wp-content\/uploads\/2020\/02\/IMG_3626-300x200.png 300w, https:\/\/nemo-mobilitaet.de\/wp-content\/uploads\/2020\/02\/IMG_3626-768x512.png 768w, https:\/\/nemo-mobilitaet.de\/wp-content\/uploads\/2020\/02\/IMG_3626-1536x1024.png 1536w, https:\/\/nemo-mobilitaet.de\/wp-content\/uploads\/2020\/02\/IMG_3626-2048x1366.png 2048w\" sizes=\"(max-width: 1024px) 100vw, 1024px\" \/><\/a><\/figure><\/li><li class=\"blocks-gallery-item\"><figure><a href=\"http:\/\/nemo-mobilitaet.de\/blog\/de\/img_3674\/\"><img decoding=\"async\" loading=\"lazy\" width=\"1024\" height=\"683\" src=\"http:\/\/nemo-mobilitaet.de\/blog\/wp-content\/uploads\/2020\/02\/IMG_3674-1024x683.png\" alt=\"\" data-id=\"3139\" data-full-url=\"http:\/\/nemo-mobilitaet.de\/blog\/wp-content\/uploads\/2020\/02\/IMG_3674.png\" data-link=\"http:\/\/nemo-mobilitaet.de\/blog\/de\/img_3674\/\" class=\"wp-image-3139\" srcset=\"https:\/\/nemo-mobilitaet.de\/wp-content\/uploads\/2020\/02\/IMG_3674-1024x683.png 1024w, https:\/\/nemo-mobilitaet.de\/wp-content\/uploads\/2020\/02\/IMG_3674-300x200.png 300w, https:\/\/nemo-mobilitaet.de\/wp-content\/uploads\/2020\/02\/IMG_3674-768x512.png 768w, https:\/\/nemo-mobilitaet.de\/wp-content\/uploads\/2020\/02\/IMG_3674-1536x1024.png 1536w, https:\/\/nemo-mobilitaet.de\/wp-content\/uploads\/2020\/02\/IMG_3674-2048x1365.png 2048w\" sizes=\"(max-width: 1024px) 100vw, 1024px\" \/><\/a><\/figure><\/li><li class=\"blocks-gallery-item\"><figure><a href=\"http:\/\/nemo-mobilitaet.de\/blog\/de\/img_3665\/\"><img decoding=\"async\" loading=\"lazy\" width=\"1024\" height=\"683\" src=\"http:\/\/nemo-mobilitaet.de\/blog\/wp-content\/uploads\/2020\/02\/IMG_3665-1024x683.png\" alt=\"\" data-id=\"3138\" data-full-url=\"http:\/\/nemo-mobilitaet.de\/blog\/wp-content\/uploads\/2020\/02\/IMG_3665.png\" data-link=\"http:\/\/nemo-mobilitaet.de\/blog\/de\/img_3665\/\" class=\"wp-image-3138\" srcset=\"https:\/\/nemo-mobilitaet.de\/wp-content\/uploads\/2020\/02\/IMG_3665-1024x683.png 1024w, https:\/\/nemo-mobilitaet.de\/wp-content\/uploads\/2020\/02\/IMG_3665-300x200.png 300w, https:\/\/nemo-mobilitaet.de\/wp-content\/uploads\/2020\/02\/IMG_3665-768x512.png 768w, https:\/\/nemo-mobilitaet.de\/wp-content\/uploads\/2020\/02\/IMG_3665-1536x1024.png 1536w, https:\/\/nemo-mobilitaet.de\/wp-content\/uploads\/2020\/02\/IMG_3665-2048x1365.png 2048w\" sizes=\"(max-width: 1024px) 100vw, 1024px\" \/><\/a><\/figure><\/li><li class=\"blocks-gallery-item\"><figure><a href=\"http:\/\/nemo-mobilitaet.de\/blog\/de\/img_3658\/\"><img decoding=\"async\" loading=\"lazy\" width=\"1024\" height=\"683\" src=\"http:\/\/nemo-mobilitaet.de\/blog\/wp-content\/uploads\/2020\/02\/IMG_3658-1024x683.png\" alt=\"\" data-id=\"3135\" data-full-url=\"http:\/\/nemo-mobilitaet.de\/blog\/wp-content\/uploads\/2020\/02\/IMG_3658.png\" data-link=\"http:\/\/nemo-mobilitaet.de\/blog\/de\/img_3658\/\" class=\"wp-image-3135\" srcset=\"https:\/\/nemo-mobilitaet.de\/wp-content\/uploads\/2020\/02\/IMG_3658-1024x683.png 1024w, https:\/\/nemo-mobilitaet.de\/wp-content\/uploads\/2020\/02\/IMG_3658-300x200.png 300w, https:\/\/nemo-mobilitaet.de\/wp-content\/uploads\/2020\/02\/IMG_3658-768x512.png 768w, https:\/\/nemo-mobilitaet.de\/wp-content\/uploads\/2020\/02\/IMG_3658-1536x1024.png 1536w, https:\/\/nemo-mobilitaet.de\/wp-content\/uploads\/2020\/02\/IMG_3658-2048x1366.png 2048w\" sizes=\"(max-width: 1024px) 100vw, 1024px\" \/><\/a><\/figure><\/li><li class=\"blocks-gallery-item\"><figure><a href=\"http:\/\/nemo-mobilitaet.de\/blog\/de\/img_3664\/\"><img decoding=\"async\" loading=\"lazy\" width=\"1024\" height=\"683\" src=\"http:\/\/nemo-mobilitaet.de\/blog\/wp-content\/uploads\/2020\/02\/IMG_3664-1024x683.png\" alt=\"\" data-id=\"3137\" data-full-url=\"http:\/\/nemo-mobilitaet.de\/blog\/wp-content\/uploads\/2020\/02\/IMG_3664.png\" data-link=\"http:\/\/nemo-mobilitaet.de\/blog\/de\/img_3664\/\" class=\"wp-image-3137\" srcset=\"https:\/\/nemo-mobilitaet.de\/wp-content\/uploads\/2020\/02\/IMG_3664-1024x683.png 1024w, https:\/\/nemo-mobilitaet.de\/wp-content\/uploads\/2020\/02\/IMG_3664-300x200.png 300w, https:\/\/nemo-mobilitaet.de\/wp-content\/uploads\/2020\/02\/IMG_3664-768x512.png 768w, https:\/\/nemo-mobilitaet.de\/wp-content\/uploads\/2020\/02\/IMG_3664-1536x1024.png 1536w, https:\/\/nemo-mobilitaet.de\/wp-content\/uploads\/2020\/02\/IMG_3664-2048x1365.png 2048w\" sizes=\"(max-width: 1024px) 100vw, 1024px\" \/><\/a><\/figure><\/li><li class=\"blocks-gallery-item\"><figure><a href=\"http:\/\/nemo-mobilitaet.de\/blog\/de\/img_3657\/\"><img decoding=\"async\" loading=\"lazy\" width=\"1024\" height=\"683\" src=\"http:\/\/nemo-mobilitaet.de\/blog\/wp-content\/uploads\/2020\/02\/IMG_3657-1024x683.png\" alt=\"\" data-id=\"3134\" data-full-url=\"http:\/\/nemo-mobilitaet.de\/blog\/wp-content\/uploads\/2020\/02\/IMG_3657.png\" data-link=\"http:\/\/nemo-mobilitaet.de\/blog\/de\/img_3657\/\" class=\"wp-image-3134\" srcset=\"https:\/\/nemo-mobilitaet.de\/wp-content\/uploads\/2020\/02\/IMG_3657-1024x683.png 1024w, https:\/\/nemo-mobilitaet.de\/wp-content\/uploads\/2020\/02\/IMG_3657-300x200.png 300w, https:\/\/nemo-mobilitaet.de\/wp-content\/uploads\/2020\/02\/IMG_3657-768x512.png 768w, https:\/\/nemo-mobilitaet.de\/wp-content\/uploads\/2020\/02\/IMG_3657-1536x1024.png 1536w, https:\/\/nemo-mobilitaet.de\/wp-content\/uploads\/2020\/02\/IMG_3657-2048x1365.png 2048w\" sizes=\"(max-width: 1024px) 100vw, 1024px\" \/><\/a><\/figure><\/li><li class=\"blocks-gallery-item\"><figure><a href=\"http:\/\/nemo-mobilitaet.de\/blog\/de\/img_3656\/\"><img decoding=\"async\" loading=\"lazy\" width=\"1024\" height=\"683\" src=\"http:\/\/nemo-mobilitaet.de\/blog\/wp-content\/uploads\/2020\/02\/IMG_3656-1024x683.png\" alt=\"\" data-id=\"3133\" data-full-url=\"http:\/\/nemo-mobilitaet.de\/blog\/wp-content\/uploads\/2020\/02\/IMG_3656.png\" data-link=\"http:\/\/nemo-mobilitaet.de\/blog\/de\/img_3656\/\" class=\"wp-image-3133\" srcset=\"https:\/\/nemo-mobilitaet.de\/wp-content\/uploads\/2020\/02\/IMG_3656-1024x683.png 1024w, https:\/\/nemo-mobilitaet.de\/wp-content\/uploads\/2020\/02\/IMG_3656-300x200.png 300w, https:\/\/nemo-mobilitaet.de\/wp-content\/uploads\/2020\/02\/IMG_3656-768x512.png 768w, https:\/\/nemo-mobilitaet.de\/wp-content\/uploads\/2020\/02\/IMG_3656-1536x1024.png 1536w, https:\/\/nemo-mobilitaet.de\/wp-content\/uploads\/2020\/02\/IMG_3656-2048x1365.png 2048w\" sizes=\"(max-width: 1024px) 100vw, 1024px\" \/><\/a><\/figure><\/li><li class=\"blocks-gallery-item\"><figure><a href=\"http:\/\/nemo-mobilitaet.de\/blog\/de\/img_3655\/\"><img decoding=\"async\" loading=\"lazy\" width=\"1024\" height=\"683\" src=\"http:\/\/nemo-mobilitaet.de\/blog\/wp-content\/uploads\/2020\/02\/IMG_3655-1024x683.png\" alt=\"\" data-id=\"3132\" data-full-url=\"http:\/\/nemo-mobilitaet.de\/blog\/wp-content\/uploads\/2020\/02\/IMG_3655.png\" data-link=\"http:\/\/nemo-mobilitaet.de\/blog\/de\/img_3655\/\" class=\"wp-image-3132\" srcset=\"https:\/\/nemo-mobilitaet.de\/wp-content\/uploads\/2020\/02\/IMG_3655-1024x683.png 1024w, https:\/\/nemo-mobilitaet.de\/wp-content\/uploads\/2020\/02\/IMG_3655-300x200.png 300w, https:\/\/nemo-mobilitaet.de\/wp-content\/uploads\/2020\/02\/IMG_3655-768x512.png 768w, https:\/\/nemo-mobilitaet.de\/wp-content\/uploads\/2020\/02\/IMG_3655-1536x1024.png 1536w, https:\/\/nemo-mobilitaet.de\/wp-content\/uploads\/2020\/02\/IMG_3655-2048x1365.png 2048w\" sizes=\"(max-width: 1024px) 100vw, 1024px\" \/><\/a><\/figure><\/li><li class=\"blocks-gallery-item\"><figure><a href=\"http:\/\/nemo-mobilitaet.de\/blog\/de\/img_3653\/\"><img decoding=\"async\" loading=\"lazy\" width=\"1024\" height=\"683\" src=\"http:\/\/nemo-mobilitaet.de\/blog\/wp-content\/uploads\/2020\/02\/IMG_3653-1024x683.png\" alt=\"\" data-id=\"3131\" data-full-url=\"http:\/\/nemo-mobilitaet.de\/blog\/wp-content\/uploads\/2020\/02\/IMG_3653.png\" data-link=\"http:\/\/nemo-mobilitaet.de\/blog\/de\/img_3653\/\" class=\"wp-image-3131\" srcset=\"https:\/\/nemo-mobilitaet.de\/wp-content\/uploads\/2020\/02\/IMG_3653-1024x683.png 1024w, https:\/\/nemo-mobilitaet.de\/wp-content\/uploads\/2020\/02\/IMG_3653-300x200.png 300w, https:\/\/nemo-mobilitaet.de\/wp-content\/uploads\/2020\/02\/IMG_3653-768x512.png 768w, https:\/\/nemo-mobilitaet.de\/wp-content\/uploads\/2020\/02\/IMG_3653-1536x1024.png 1536w, https:\/\/nemo-mobilitaet.de\/wp-content\/uploads\/2020\/02\/IMG_3653-2048x1365.png 2048w\" sizes=\"(max-width: 1024px) 100vw, 1024px\" \/><\/a><\/figure><\/li><li class=\"blocks-gallery-item\"><figure><a href=\"http:\/\/nemo-mobilitaet.de\/blog\/de\/img_3627\/\"><img decoding=\"async\" loading=\"lazy\" width=\"1024\" height=\"683\" src=\"http:\/\/nemo-mobilitaet.de\/blog\/wp-content\/uploads\/2020\/02\/IMG_3627-1024x683.png\" alt=\"\" data-id=\"3128\" data-full-url=\"http:\/\/nemo-mobilitaet.de\/blog\/wp-content\/uploads\/2020\/02\/IMG_3627.png\" data-link=\"http:\/\/nemo-mobilitaet.de\/blog\/de\/img_3627\/\" class=\"wp-image-3128\" srcset=\"https:\/\/nemo-mobilitaet.de\/wp-content\/uploads\/2020\/02\/IMG_3627-1024x683.png 1024w, https:\/\/nemo-mobilitaet.de\/wp-content\/uploads\/2020\/02\/IMG_3627-300x200.png 300w, https:\/\/nemo-mobilitaet.de\/wp-content\/uploads\/2020\/02\/IMG_3627-768x512.png 768w, https:\/\/nemo-mobilitaet.de\/wp-content\/uploads\/2020\/02\/IMG_3627-1536x1024.png 1536w, https:\/\/nemo-mobilitaet.de\/wp-content\/uploads\/2020\/02\/IMG_3627-2048x1365.png 2048w\" sizes=\"(max-width: 1024px) 100vw, 1024px\" \/><\/a><\/figure><\/li><li class=\"blocks-gallery-item\"><figure><a href=\"http:\/\/nemo-mobilitaet.de\/blog\/de\/img_3652\/\"><img decoding=\"async\" loading=\"lazy\" width=\"1024\" height=\"683\" src=\"http:\/\/nemo-mobilitaet.de\/blog\/wp-content\/uploads\/2020\/02\/IMG_3652-1024x683.png\" alt=\"\" data-id=\"3130\" data-full-url=\"http:\/\/nemo-mobilitaet.de\/blog\/wp-content\/uploads\/2020\/02\/IMG_3652.png\" data-link=\"http:\/\/nemo-mobilitaet.de\/blog\/de\/img_3652\/\" class=\"wp-image-3130\" srcset=\"https:\/\/nemo-mobilitaet.de\/wp-content\/uploads\/2020\/02\/IMG_3652-1024x683.png 1024w, https:\/\/nemo-mobilitaet.de\/wp-content\/uploads\/2020\/02\/IMG_3652-300x200.png 300w, https:\/\/nemo-mobilitaet.de\/wp-content\/uploads\/2020\/02\/IMG_3652-768x512.png 768w, https:\/\/nemo-mobilitaet.de\/wp-content\/uploads\/2020\/02\/IMG_3652-1536x1024.png 1536w, https:\/\/nemo-mobilitaet.de\/wp-content\/uploads\/2020\/02\/IMG_3652-2048x1365.png 2048w\" sizes=\"(max-width: 1024px) 100vw, 1024px\" \/><\/a><\/figure><\/li><li class=\"blocks-gallery-item\"><figure><a href=\"http:\/\/nemo-mobilitaet.de\/blog\/de\/img_3708\/\"><img decoding=\"async\" loading=\"lazy\" width=\"683\" height=\"1024\" src=\"http:\/\/nemo-mobilitaet.de\/blog\/wp-content\/uploads\/2020\/02\/IMG_3708-683x1024.png\" alt=\"\" data-id=\"3091\" data-full-url=\"http:\/\/nemo-mobilitaet.de\/blog\/wp-content\/uploads\/2020\/02\/IMG_3708.png\" data-link=\"http:\/\/nemo-mobilitaet.de\/blog\/de\/img_3708\/\" class=\"wp-image-3091\" srcset=\"https:\/\/nemo-mobilitaet.de\/wp-content\/uploads\/2020\/02\/IMG_3708-683x1024.png 683w, https:\/\/nemo-mobilitaet.de\/wp-content\/uploads\/2020\/02\/IMG_3708-200x300.png 200w, https:\/\/nemo-mobilitaet.de\/wp-content\/uploads\/2020\/02\/IMG_3708-768x1152.png 768w, https:\/\/nemo-mobilitaet.de\/wp-content\/uploads\/2020\/02\/IMG_3708-1024x1536.png 1024w, https:\/\/nemo-mobilitaet.de\/wp-content\/uploads\/2020\/02\/IMG_3708-1365x2048.png 1365w, https:\/\/nemo-mobilitaet.de\/wp-content\/uploads\/2020\/02\/IMG_3708.png 2000w\" sizes=\"(max-width: 683px) 100vw, 683px\" \/><\/a><\/figure><\/li><li class=\"blocks-gallery-item\"><figure><a href=\"http:\/\/nemo-mobilitaet.de\/blog\/de\/img_3683\/\"><img decoding=\"async\" loading=\"lazy\" width=\"1024\" height=\"683\" src=\"http:\/\/nemo-mobilitaet.de\/blog\/wp-content\/uploads\/2020\/02\/IMG_3683-1024x683.png\" alt=\"\" data-id=\"3081\" data-full-url=\"http:\/\/nemo-mobilitaet.de\/blog\/wp-content\/uploads\/2020\/02\/IMG_3683.png\" data-link=\"http:\/\/nemo-mobilitaet.de\/blog\/de\/img_3683\/\" class=\"wp-image-3081\" srcset=\"https:\/\/nemo-mobilitaet.de\/wp-content\/uploads\/2020\/02\/IMG_3683-1024x683.png 1024w, https:\/\/nemo-mobilitaet.de\/wp-content\/uploads\/2020\/02\/IMG_3683-300x200.png 300w, https:\/\/nemo-mobilitaet.de\/wp-content\/uploads\/2020\/02\/IMG_3683-768x512.png 768w, https:\/\/nemo-mobilitaet.de\/wp-content\/uploads\/2020\/02\/IMG_3683-1536x1024.png 1536w, https:\/\/nemo-mobilitaet.de\/wp-content\/uploads\/2020\/02\/IMG_3683-2048x1365.png 2048w\" sizes=\"(max-width: 1024px) 100vw, 1024px\" \/><\/a><\/figure><\/li><li class=\"blocks-gallery-item\"><figure><a href=\"http:\/\/nemo-mobilitaet.de\/blog\/de\/img_3662\/\"><img decoding=\"async\" loading=\"lazy\" width=\"1024\" height=\"683\" src=\"http:\/\/nemo-mobilitaet.de\/blog\/wp-content\/uploads\/2020\/02\/IMG_3662-1024x683.png\" alt=\"\" data-id=\"3136\" data-full-url=\"http:\/\/nemo-mobilitaet.de\/blog\/wp-content\/uploads\/2020\/02\/IMG_3662.png\" data-link=\"http:\/\/nemo-mobilitaet.de\/blog\/de\/img_3662\/\" class=\"wp-image-3136\" srcset=\"https:\/\/nemo-mobilitaet.de\/wp-content\/uploads\/2020\/02\/IMG_3662-1024x683.png 1024w, https:\/\/nemo-mobilitaet.de\/wp-content\/uploads\/2020\/02\/IMG_3662-300x200.png 300w, https:\/\/nemo-mobilitaet.de\/wp-content\/uploads\/2020\/02\/IMG_3662-768x512.png 768w, https:\/\/nemo-mobilitaet.de\/wp-content\/uploads\/2020\/02\/IMG_3662-1536x1024.png 1536w, https:\/\/nemo-mobilitaet.de\/wp-content\/uploads\/2020\/02\/IMG_3662-2048x1365.png 2048w\" sizes=\"(max-width: 1024px) 100vw, 1024px\" \/><\/a><\/figure><\/li><li class=\"blocks-gallery-item\"><figure><a href=\"http:\/\/nemo-mobilitaet.de\/blog\/de\/img_3682\/\"><img decoding=\"async\" loading=\"lazy\" width=\"1024\" height=\"683\" src=\"http:\/\/nemo-mobilitaet.de\/blog\/wp-content\/uploads\/2020\/02\/IMG_3682-1024x683.png\" alt=\"\" data-id=\"3080\" data-full-url=\"http:\/\/nemo-mobilitaet.de\/blog\/wp-content\/uploads\/2020\/02\/IMG_3682.png\" data-link=\"http:\/\/nemo-mobilitaet.de\/blog\/de\/img_3682\/\" class=\"wp-image-3080\" srcset=\"https:\/\/nemo-mobilitaet.de\/wp-content\/uploads\/2020\/02\/IMG_3682-1024x683.png 1024w, https:\/\/nemo-mobilitaet.de\/wp-content\/uploads\/2020\/02\/IMG_3682-300x200.png 300w, https:\/\/nemo-mobilitaet.de\/wp-content\/uploads\/2020\/02\/IMG_3682-768x512.png 768w, https:\/\/nemo-mobilitaet.de\/wp-content\/uploads\/2020\/02\/IMG_3682-1536x1024.png 1536w, https:\/\/nemo-mobilitaet.de\/wp-content\/uploads\/2020\/02\/IMG_3682-2048x1365.png 2048w\" sizes=\"(max-width: 1024px) 100vw, 1024px\" \/><\/a><\/figure><\/li><li class=\"blocks-gallery-item\"><figure><a href=\"http:\/\/nemo-mobilitaet.de\/blog\/de\/img_3681\/\"><img decoding=\"async\" loading=\"lazy\" width=\"1024\" height=\"683\" src=\"http:\/\/nemo-mobilitaet.de\/blog\/wp-content\/uploads\/2020\/02\/IMG_3681-1024x683.png\" alt=\"\" data-id=\"3079\" data-full-url=\"http:\/\/nemo-mobilitaet.de\/blog\/wp-content\/uploads\/2020\/02\/IMG_3681.png\" data-link=\"http:\/\/nemo-mobilitaet.de\/blog\/de\/img_3681\/\" class=\"wp-image-3079\" srcset=\"https:\/\/nemo-mobilitaet.de\/wp-content\/uploads\/2020\/02\/IMG_3681-1024x683.png 1024w, https:\/\/nemo-mobilitaet.de\/wp-content\/uploads\/2020\/02\/IMG_3681-300x200.png 300w, https:\/\/nemo-mobilitaet.de\/wp-content\/uploads\/2020\/02\/IMG_3681-768x512.png 768w, https:\/\/nemo-mobilitaet.de\/wp-content\/uploads\/2020\/02\/IMG_3681-1536x1024.png 1536w, https:\/\/nemo-mobilitaet.de\/wp-content\/uploads\/2020\/02\/IMG_3681-2048x1365.png 2048w\" sizes=\"(max-width: 1024px) 100vw, 1024px\" \/><\/a><\/figure><\/li><li class=\"blocks-gallery-item\"><figure><a href=\"http:\/\/nemo-mobilitaet.de\/blog\/de\/img_3690\/\"><img decoding=\"async\" loading=\"lazy\" width=\"1024\" height=\"683\" src=\"http:\/\/nemo-mobilitaet.de\/blog\/wp-content\/uploads\/2020\/02\/IMG_3690-1024x683.png\" alt=\"\" data-id=\"3084\" data-full-url=\"http:\/\/nemo-mobilitaet.de\/blog\/wp-content\/uploads\/2020\/02\/IMG_3690.png\" data-link=\"http:\/\/nemo-mobilitaet.de\/blog\/de\/img_3690\/\" class=\"wp-image-3084\" srcset=\"https:\/\/nemo-mobilitaet.de\/wp-content\/uploads\/2020\/02\/IMG_3690-1024x683.png 1024w, https:\/\/nemo-mobilitaet.de\/wp-content\/uploads\/2020\/02\/IMG_3690-300x200.png 300w, https:\/\/nemo-mobilitaet.de\/wp-content\/uploads\/2020\/02\/IMG_3690-768x512.png 768w, https:\/\/nemo-mobilitaet.de\/wp-content\/uploads\/2020\/02\/IMG_3690-1536x1024.png 1536w, https:\/\/nemo-mobilitaet.de\/wp-content\/uploads\/2020\/02\/IMG_3690-2048x1366.png 2048w\" sizes=\"(max-width: 1024px) 100vw, 1024px\" \/><\/a><\/figure><\/li><li class=\"blocks-gallery-item\"><figure><a href=\"http:\/\/nemo-mobilitaet.de\/blog\/de\/img_3691\/\"><img decoding=\"async\" loading=\"lazy\" width=\"1024\" height=\"683\" src=\"http:\/\/nemo-mobilitaet.de\/blog\/wp-content\/uploads\/2020\/02\/IMG_3691-1024x683.png\" alt=\"\" data-id=\"3085\" data-full-url=\"http:\/\/nemo-mobilitaet.de\/blog\/wp-content\/uploads\/2020\/02\/IMG_3691.png\" data-link=\"http:\/\/nemo-mobilitaet.de\/blog\/de\/img_3691\/\" class=\"wp-image-3085\" srcset=\"https:\/\/nemo-mobilitaet.de\/wp-content\/uploads\/2020\/02\/IMG_3691-1024x683.png 1024w, https:\/\/nemo-mobilitaet.de\/wp-content\/uploads\/2020\/02\/IMG_3691-300x200.png 300w, https:\/\/nemo-mobilitaet.de\/wp-content\/uploads\/2020\/02\/IMG_3691-768x512.png 768w, https:\/\/nemo-mobilitaet.de\/wp-content\/uploads\/2020\/02\/IMG_3691-1536x1024.png 1536w, https:\/\/nemo-mobilitaet.de\/wp-content\/uploads\/2020\/02\/IMG_3691-2048x1365.png 2048w\" sizes=\"(max-width: 1024px) 100vw, 1024px\" \/><\/a><\/figure><\/li><li class=\"blocks-gallery-item\"><figure><a href=\"http:\/\/nemo-mobilitaet.de\/blog\/de\/img_3695\/\"><img decoding=\"async\" loading=\"lazy\" width=\"1024\" height=\"683\" src=\"http:\/\/nemo-mobilitaet.de\/blog\/wp-content\/uploads\/2020\/02\/IMG_3695-1024x683.png\" alt=\"\" data-id=\"3086\" data-full-url=\"http:\/\/nemo-mobilitaet.de\/blog\/wp-content\/uploads\/2020\/02\/IMG_3695.png\" data-link=\"http:\/\/nemo-mobilitaet.de\/blog\/de\/img_3695\/\" class=\"wp-image-3086\" srcset=\"https:\/\/nemo-mobilitaet.de\/wp-content\/uploads\/2020\/02\/IMG_3695-1024x683.png 1024w, https:\/\/nemo-mobilitaet.de\/wp-content\/uploads\/2020\/02\/IMG_3695-300x200.png 300w, https:\/\/nemo-mobilitaet.de\/wp-content\/uploads\/2020\/02\/IMG_3695-768x512.png 768w, https:\/\/nemo-mobilitaet.de\/wp-content\/uploads\/2020\/02\/IMG_3695-1536x1024.png 1536w, https:\/\/nemo-mobilitaet.de\/wp-content\/uploads\/2020\/02\/IMG_3695-2048x1366.png 2048w\" sizes=\"(max-width: 1024px) 100vw, 1024px\" \/><\/a><\/figure><\/li><li class=\"blocks-gallery-item\"><figure><a href=\"http:\/\/nemo-mobilitaet.de\/blog\/de\/img_3701\/\"><img decoding=\"async\" loading=\"lazy\" width=\"1024\" height=\"683\" src=\"http:\/\/nemo-mobilitaet.de\/blog\/wp-content\/uploads\/2020\/02\/IMG_3701-1024x683.png\" alt=\"\" data-id=\"3087\" data-full-url=\"http:\/\/nemo-mobilitaet.de\/blog\/wp-content\/uploads\/2020\/02\/IMG_3701.png\" data-link=\"http:\/\/nemo-mobilitaet.de\/blog\/de\/img_3701\/\" class=\"wp-image-3087\" srcset=\"https:\/\/nemo-mobilitaet.de\/wp-content\/uploads\/2020\/02\/IMG_3701-1024x683.png 1024w, https:\/\/nemo-mobilitaet.de\/wp-content\/uploads\/2020\/02\/IMG_3701-300x200.png 300w, https:\/\/nemo-mobilitaet.de\/wp-content\/uploads\/2020\/02\/IMG_3701-768x512.png 768w, https:\/\/nemo-mobilitaet.de\/wp-content\/uploads\/2020\/02\/IMG_3701-1536x1024.png 1536w, https:\/\/nemo-mobilitaet.de\/wp-content\/uploads\/2020\/02\/IMG_3701-2048x1365.png 2048w\" sizes=\"(max-width: 1024px) 100vw, 1024px\" \/><\/a><\/figure><\/li><li class=\"blocks-gallery-item\"><figure><a href=\"http:\/\/nemo-mobilitaet.de\/blog\/de\/img_3703\/\"><img decoding=\"async\" loading=\"lazy\" width=\"1024\" height=\"683\" src=\"http:\/\/nemo-mobilitaet.de\/blog\/wp-content\/uploads\/2020\/02\/IMG_3703-1024x683.png\" alt=\"\" data-id=\"3088\" data-full-url=\"http:\/\/nemo-mobilitaet.de\/blog\/wp-content\/uploads\/2020\/02\/IMG_3703.png\" data-link=\"http:\/\/nemo-mobilitaet.de\/blog\/de\/img_3703\/\" class=\"wp-image-3088\" srcset=\"https:\/\/nemo-mobilitaet.de\/wp-content\/uploads\/2020\/02\/IMG_3703-1024x683.png 1024w, https:\/\/nemo-mobilitaet.de\/wp-content\/uploads\/2020\/02\/IMG_3703-300x200.png 300w, https:\/\/nemo-mobilitaet.de\/wp-content\/uploads\/2020\/02\/IMG_3703-768x512.png 768w, https:\/\/nemo-mobilitaet.de\/wp-content\/uploads\/2020\/02\/IMG_3703-1536x1024.png 1536w, https:\/\/nemo-mobilitaet.de\/wp-content\/uploads\/2020\/02\/IMG_3703-2048x1365.png 2048w\" sizes=\"(max-width: 1024px) 100vw, 1024px\" \/><\/a><\/figure><\/li><li class=\"blocks-gallery-item\"><figure><a href=\"http:\/\/nemo-mobilitaet.de\/blog\/de\/img_3705\/\"><img decoding=\"async\" loading=\"lazy\" width=\"1024\" height=\"683\" src=\"http:\/\/nemo-mobilitaet.de\/blog\/wp-content\/uploads\/2020\/02\/IMG_3705-1024x683.png\" alt=\"\" data-id=\"3089\" data-full-url=\"http:\/\/nemo-mobilitaet.de\/blog\/wp-content\/uploads\/2020\/02\/IMG_3705.png\" data-link=\"http:\/\/nemo-mobilitaet.de\/blog\/de\/img_3705\/\" class=\"wp-image-3089\" srcset=\"https:\/\/nemo-mobilitaet.de\/wp-content\/uploads\/2020\/02\/IMG_3705-1024x683.png 1024w, https:\/\/nemo-mobilitaet.de\/wp-content\/uploads\/2020\/02\/IMG_3705-300x200.png 300w, https:\/\/nemo-mobilitaet.de\/wp-content\/uploads\/2020\/02\/IMG_3705-768x512.png 768w, https:\/\/nemo-mobilitaet.de\/wp-content\/uploads\/2020\/02\/IMG_3705-1536x1024.png 1536w, https:\/\/nemo-mobilitaet.de\/wp-content\/uploads\/2020\/02\/IMG_3705-2048x1365.png 2048w\" sizes=\"(max-width: 1024px) 100vw, 1024px\" \/><\/a><\/figure><\/li><li class=\"blocks-gallery-item\"><figure><a href=\"http:\/\/nemo-mobilitaet.de\/blog\/de\/img_3710\/\"><img decoding=\"async\" loading=\"lazy\" width=\"1024\" height=\"683\" src=\"http:\/\/nemo-mobilitaet.de\/blog\/wp-content\/uploads\/2020\/02\/IMG_3710-1024x683.png\" alt=\"\" data-id=\"3092\" data-full-url=\"http:\/\/nemo-mobilitaet.de\/blog\/wp-content\/uploads\/2020\/02\/IMG_3710.png\" data-link=\"http:\/\/nemo-mobilitaet.de\/blog\/de\/img_3710\/\" class=\"wp-image-3092\" srcset=\"https:\/\/nemo-mobilitaet.de\/wp-content\/uploads\/2020\/02\/IMG_3710-1024x683.png 1024w, https:\/\/nemo-mobilitaet.de\/wp-content\/uploads\/2020\/02\/IMG_3710-300x200.png 300w, https:\/\/nemo-mobilitaet.de\/wp-content\/uploads\/2020\/02\/IMG_3710-768x512.png 768w, https:\/\/nemo-mobilitaet.de\/wp-content\/uploads\/2020\/02\/IMG_3710-1536x1024.png 1536w, https:\/\/nemo-mobilitaet.de\/wp-content\/uploads\/2020\/02\/IMG_3710-2048x1366.png 2048w\" sizes=\"(max-width: 1024px) 100vw, 1024px\" \/><\/a><\/figure><\/li><li class=\"blocks-gallery-item\"><figure><a href=\"http:\/\/nemo-mobilitaet.de\/blog\/de\/img_3714\/\"><img decoding=\"async\" loading=\"lazy\" width=\"1024\" height=\"683\" src=\"http:\/\/nemo-mobilitaet.de\/blog\/wp-content\/uploads\/2020\/02\/IMG_3714-1024x683.png\" alt=\"\" data-id=\"3093\" data-full-url=\"http:\/\/nemo-mobilitaet.de\/blog\/wp-content\/uploads\/2020\/02\/IMG_3714.png\" data-link=\"http:\/\/nemo-mobilitaet.de\/blog\/de\/img_3714\/\" class=\"wp-image-3093\" srcset=\"https:\/\/nemo-mobilitaet.de\/wp-content\/uploads\/2020\/02\/IMG_3714-1024x683.png 1024w, https:\/\/nemo-mobilitaet.de\/wp-content\/uploads\/2020\/02\/IMG_3714-300x200.png 300w, https:\/\/nemo-mobilitaet.de\/wp-content\/uploads\/2020\/02\/IMG_3714-768x512.png 768w, https:\/\/nemo-mobilitaet.de\/wp-content\/uploads\/2020\/02\/IMG_3714-1536x1024.png 1536w, https:\/\/nemo-mobilitaet.de\/wp-content\/uploads\/2020\/02\/IMG_3714-2048x1365.png 2048w\" sizes=\"(max-width: 1024px) 100vw, 1024px\" \/><\/a><\/figure><\/li><li class=\"blocks-gallery-item\"><figure><a href=\"http:\/\/nemo-mobilitaet.de\/blog\/de\/img_3715\/\"><img decoding=\"async\" loading=\"lazy\" width=\"1024\" height=\"683\" src=\"http:\/\/nemo-mobilitaet.de\/blog\/wp-content\/uploads\/2020\/02\/IMG_3715-1024x683.png\" alt=\"\" data-id=\"3094\" data-full-url=\"http:\/\/nemo-mobilitaet.de\/blog\/wp-content\/uploads\/2020\/02\/IMG_3715.png\" data-link=\"http:\/\/nemo-mobilitaet.de\/blog\/de\/img_3715\/\" class=\"wp-image-3094\" srcset=\"https:\/\/nemo-mobilitaet.de\/wp-content\/uploads\/2020\/02\/IMG_3715-1024x683.png 1024w, https:\/\/nemo-mobilitaet.de\/wp-content\/uploads\/2020\/02\/IMG_3715-300x200.png 300w, https:\/\/nemo-mobilitaet.de\/wp-content\/uploads\/2020\/02\/IMG_3715-768x512.png 768w, https:\/\/nemo-mobilitaet.de\/wp-content\/uploads\/2020\/02\/IMG_3715-1536x1024.png 1536w, https:\/\/nemo-mobilitaet.de\/wp-content\/uploads\/2020\/02\/IMG_3715-2048x1365.png 2048w\" sizes=\"(max-width: 1024px) 100vw, 1024px\" \/><\/a><\/figure><\/li><li class=\"blocks-gallery-item\"><figure><a href=\"http:\/\/nemo-mobilitaet.de\/blog\/de\/img_3719\/\"><img decoding=\"async\" loading=\"lazy\" width=\"1024\" height=\"683\" src=\"http:\/\/nemo-mobilitaet.de\/blog\/wp-content\/uploads\/2020\/02\/IMG_3719-1024x683.png\" alt=\"\" data-id=\"3096\" data-full-url=\"http:\/\/nemo-mobilitaet.de\/blog\/wp-content\/uploads\/2020\/02\/IMG_3719.png\" data-link=\"http:\/\/nemo-mobilitaet.de\/blog\/de\/img_3719\/\" class=\"wp-image-3096\" srcset=\"https:\/\/nemo-mobilitaet.de\/wp-content\/uploads\/2020\/02\/IMG_3719-1024x683.png 1024w, https:\/\/nemo-mobilitaet.de\/wp-content\/uploads\/2020\/02\/IMG_3719-300x200.png 300w, https:\/\/nemo-mobilitaet.de\/wp-content\/uploads\/2020\/02\/IMG_3719-768x512.png 768w, https:\/\/nemo-mobilitaet.de\/wp-content\/uploads\/2020\/02\/IMG_3719-1536x1024.png 1536w, https:\/\/nemo-mobilitaet.de\/wp-content\/uploads\/2020\/02\/IMG_3719-2048x1366.png 2048w\" sizes=\"(max-width: 1024px) 100vw, 1024px\" \/><\/a><\/figure><\/li><li class=\"blocks-gallery-item\"><figure><a href=\"http:\/\/nemo-mobilitaet.de\/blog\/de\/img_3722\/\"><img decoding=\"async\" loading=\"lazy\" width=\"1024\" height=\"682\" src=\"http:\/\/nemo-mobilitaet.de\/blog\/wp-content\/uploads\/2020\/02\/IMG_3722-1024x682.png\" alt=\"\" data-id=\"3097\" data-full-url=\"http:\/\/nemo-mobilitaet.de\/blog\/wp-content\/uploads\/2020\/02\/IMG_3722.png\" data-link=\"http:\/\/nemo-mobilitaet.de\/blog\/de\/img_3722\/\" class=\"wp-image-3097\" srcset=\"https:\/\/nemo-mobilitaet.de\/wp-content\/uploads\/2020\/02\/IMG_3722-1024x682.png 1024w, https:\/\/nemo-mobilitaet.de\/wp-content\/uploads\/2020\/02\/IMG_3722-300x200.png 300w, https:\/\/nemo-mobilitaet.de\/wp-content\/uploads\/2020\/02\/IMG_3722-768x512.png 768w, https:\/\/nemo-mobilitaet.de\/wp-content\/uploads\/2020\/02\/IMG_3722-1536x1024.png 1536w, https:\/\/nemo-mobilitaet.de\/wp-content\/uploads\/2020\/02\/IMG_3722-2048x1365.png 2048w\" sizes=\"(max-width: 1024px) 100vw, 1024px\" \/><\/a><\/figure><\/li><li class=\"blocks-gallery-item\"><figure><a href=\"http:\/\/nemo-mobilitaet.de\/blog\/de\/img_3716\/\"><img decoding=\"async\" loading=\"lazy\" width=\"1024\" height=\"683\" src=\"http:\/\/nemo-mobilitaet.de\/blog\/wp-content\/uploads\/2020\/02\/IMG_3716-1024x683.png\" alt=\"\" data-id=\"3095\" data-full-url=\"http:\/\/nemo-mobilitaet.de\/blog\/wp-content\/uploads\/2020\/02\/IMG_3716.png\" data-link=\"http:\/\/nemo-mobilitaet.de\/blog\/de\/img_3716\/\" class=\"wp-image-3095\" srcset=\"https:\/\/nemo-mobilitaet.de\/wp-content\/uploads\/2020\/02\/IMG_3716-1024x683.png 1024w, https:\/\/nemo-mobilitaet.de\/wp-content\/uploads\/2020\/02\/IMG_3716-300x200.png 300w, https:\/\/nemo-mobilitaet.de\/wp-content\/uploads\/2020\/02\/IMG_3716-768x512.png 768w, https:\/\/nemo-mobilitaet.de\/wp-content\/uploads\/2020\/02\/IMG_3716-1536x1024.png 1536w, https:\/\/nemo-mobilitaet.de\/wp-content\/uploads\/2020\/02\/IMG_3716-2048x1365.png 2048w\" sizes=\"(max-width: 1024px) 100vw, 1024px\" \/><\/a><\/figure><\/li><li class=\"blocks-gallery-item\"><figure><a href=\"http:\/\/nemo-mobilitaet.de\/blog\/de\/img_3723\/\"><img decoding=\"async\" loading=\"lazy\" width=\"1024\" height=\"683\" src=\"http:\/\/nemo-mobilitaet.de\/blog\/wp-content\/uploads\/2020\/02\/IMG_3723-1024x683.png\" alt=\"\" data-id=\"3098\" data-full-url=\"http:\/\/nemo-mobilitaet.de\/blog\/wp-content\/uploads\/2020\/02\/IMG_3723.png\" data-link=\"http:\/\/nemo-mobilitaet.de\/blog\/de\/img_3723\/\" class=\"wp-image-3098\" srcset=\"https:\/\/nemo-mobilitaet.de\/wp-content\/uploads\/2020\/02\/IMG_3723-1024x683.png 1024w, https:\/\/nemo-mobilitaet.de\/wp-content\/uploads\/2020\/02\/IMG_3723-300x200.png 300w, https:\/\/nemo-mobilitaet.de\/wp-content\/uploads\/2020\/02\/IMG_3723-768x512.png 768w, https:\/\/nemo-mobilitaet.de\/wp-content\/uploads\/2020\/02\/IMG_3723-1536x1024.png 1536w, https:\/\/nemo-mobilitaet.de\/wp-content\/uploads\/2020\/02\/IMG_3723-2048x1365.png 2048w\" sizes=\"(max-width: 1024px) 100vw, 1024px\" \/><\/a><\/figure><\/li><li class=\"blocks-gallery-item\"><figure><a href=\"http:\/\/nemo-mobilitaet.de\/blog\/de\/img_3724\/\"><img decoding=\"async\" loading=\"lazy\" width=\"1024\" height=\"683\" src=\"http:\/\/nemo-mobilitaet.de\/blog\/wp-content\/uploads\/2020\/02\/IMG_3724-1024x683.png\" alt=\"\" data-id=\"3099\" data-full-url=\"http:\/\/nemo-mobilitaet.de\/blog\/wp-content\/uploads\/2020\/02\/IMG_3724.png\" data-link=\"http:\/\/nemo-mobilitaet.de\/blog\/de\/img_3724\/\" class=\"wp-image-3099\" srcset=\"https:\/\/nemo-mobilitaet.de\/wp-content\/uploads\/2020\/02\/IMG_3724-1024x683.png 1024w, https:\/\/nemo-mobilitaet.de\/wp-content\/uploads\/2020\/02\/IMG_3724-300x200.png 300w, https:\/\/nemo-mobilitaet.de\/wp-content\/uploads\/2020\/02\/IMG_3724-768x512.png 768w, https:\/\/nemo-mobilitaet.de\/wp-content\/uploads\/2020\/02\/IMG_3724-1536x1024.png 1536w, https:\/\/nemo-mobilitaet.de\/wp-content\/uploads\/2020\/02\/IMG_3724-2048x1365.png 2048w\" sizes=\"(max-width: 1024px) 100vw, 1024px\" \/><\/a><\/figure><\/li><li class=\"blocks-gallery-item\"><figure><a href=\"http:\/\/nemo-mobilitaet.de\/blog\/de\/img_3727\/\"><img decoding=\"async\" loading=\"lazy\" width=\"1024\" height=\"683\" src=\"http:\/\/nemo-mobilitaet.de\/blog\/wp-content\/uploads\/2020\/02\/IMG_3727-1024x683.png\" alt=\"\" data-id=\"3100\" data-full-url=\"http:\/\/nemo-mobilitaet.de\/blog\/wp-content\/uploads\/2020\/02\/IMG_3727.png\" data-link=\"http:\/\/nemo-mobilitaet.de\/blog\/de\/img_3727\/\" class=\"wp-image-3100\" srcset=\"https:\/\/nemo-mobilitaet.de\/wp-content\/uploads\/2020\/02\/IMG_3727-1024x683.png 1024w, https:\/\/nemo-mobilitaet.de\/wp-content\/uploads\/2020\/02\/IMG_3727-300x200.png 300w, https:\/\/nemo-mobilitaet.de\/wp-content\/uploads\/2020\/02\/IMG_3727-768x512.png 768w, https:\/\/nemo-mobilitaet.de\/wp-content\/uploads\/2020\/02\/IMG_3727-1536x1024.png 1536w, https:\/\/nemo-mobilitaet.de\/wp-content\/uploads\/2020\/02\/IMG_3727-2048x1365.png 2048w\" sizes=\"(max-width: 1024px) 100vw, 1024px\" \/><\/a><\/figure><\/li><li class=\"blocks-gallery-item\"><figure><a href=\"http:\/\/nemo-mobilitaet.de\/blog\/de\/img_3730\/\"><img decoding=\"async\" loading=\"lazy\" width=\"1024\" height=\"683\" src=\"http:\/\/nemo-mobilitaet.de\/blog\/wp-content\/uploads\/2020\/02\/IMG_3730-1024x683.png\" alt=\"\" data-id=\"3101\" data-full-url=\"http:\/\/nemo-mobilitaet.de\/blog\/wp-content\/uploads\/2020\/02\/IMG_3730.png\" data-link=\"http:\/\/nemo-mobilitaet.de\/blog\/de\/img_3730\/\" class=\"wp-image-3101\" srcset=\"https:\/\/nemo-mobilitaet.de\/wp-content\/uploads\/2020\/02\/IMG_3730-1024x683.png 1024w, https:\/\/nemo-mobilitaet.de\/wp-content\/uploads\/2020\/02\/IMG_3730-300x200.png 300w, https:\/\/nemo-mobilitaet.de\/wp-content\/uploads\/2020\/02\/IMG_3730-768x512.png 768w, https:\/\/nemo-mobilitaet.de\/wp-content\/uploads\/2020\/02\/IMG_3730-1536x1024.png 1536w, https:\/\/nemo-mobilitaet.de\/wp-content\/uploads\/2020\/02\/IMG_3730-2048x1365.png 2048w\" sizes=\"(max-width: 1024px) 100vw, 1024px\" \/><\/a><\/figure><\/li><li class=\"blocks-gallery-item\"><figure><a href=\"http:\/\/nemo-mobilitaet.de\/blog\/de\/img_3734\/\"><img decoding=\"async\" loading=\"lazy\" width=\"1024\" height=\"683\" src=\"http:\/\/nemo-mobilitaet.de\/blog\/wp-content\/uploads\/2020\/02\/IMG_3734-1024x683.png\" alt=\"\" data-id=\"3104\" data-full-url=\"http:\/\/nemo-mobilitaet.de\/blog\/wp-content\/uploads\/2020\/02\/IMG_3734.png\" data-link=\"http:\/\/nemo-mobilitaet.de\/blog\/de\/img_3734\/\" class=\"wp-image-3104\" srcset=\"https:\/\/nemo-mobilitaet.de\/wp-content\/uploads\/2020\/02\/IMG_3734-1024x683.png 1024w, https:\/\/nemo-mobilitaet.de\/wp-content\/uploads\/2020\/02\/IMG_3734-300x200.png 300w, https:\/\/nemo-mobilitaet.de\/wp-content\/uploads\/2020\/02\/IMG_3734-768x512.png 768w, https:\/\/nemo-mobilitaet.de\/wp-content\/uploads\/2020\/02\/IMG_3734-1536x1024.png 1536w, https:\/\/nemo-mobilitaet.de\/wp-content\/uploads\/2020\/02\/IMG_3734-2048x1365.png 2048w\" sizes=\"(max-width: 1024px) 100vw, 1024px\" \/><\/a><\/figure><\/li><li class=\"blocks-gallery-item\"><figure><a href=\"http:\/\/nemo-mobilitaet.de\/blog\/de\/img_3731\/\"><img decoding=\"async\" loading=\"lazy\" width=\"1024\" height=\"683\" src=\"http:\/\/nemo-mobilitaet.de\/blog\/wp-content\/uploads\/2020\/02\/IMG_3731-1024x683.png\" alt=\"\" data-id=\"3102\" data-full-url=\"http:\/\/nemo-mobilitaet.de\/blog\/wp-content\/uploads\/2020\/02\/IMG_3731.png\" data-link=\"http:\/\/nemo-mobilitaet.de\/blog\/de\/img_3731\/\" class=\"wp-image-3102\" srcset=\"https:\/\/nemo-mobilitaet.de\/wp-content\/uploads\/2020\/02\/IMG_3731-1024x683.png 1024w, https:\/\/nemo-mobilitaet.de\/wp-content\/uploads\/2020\/02\/IMG_3731-300x200.png 300w, https:\/\/nemo-mobilitaet.de\/wp-content\/uploads\/2020\/02\/IMG_3731-768x512.png 768w, https:\/\/nemo-mobilitaet.de\/wp-content\/uploads\/2020\/02\/IMG_3731-1536x1024.png 1536w, https:\/\/nemo-mobilitaet.de\/wp-content\/uploads\/2020\/02\/IMG_3731-2048x1365.png 2048w\" sizes=\"(max-width: 1024px) 100vw, 1024px\" \/><\/a><\/figure><\/li><li class=\"blocks-gallery-item\"><figure><a href=\"http:\/\/nemo-mobilitaet.de\/blog\/de\/img_3737\/\"><img decoding=\"async\" loading=\"lazy\" width=\"1024\" height=\"683\" src=\"http:\/\/nemo-mobilitaet.de\/blog\/wp-content\/uploads\/2020\/02\/IMG_3737-1024x683.png\" alt=\"\" data-id=\"3105\" data-full-url=\"http:\/\/nemo-mobilitaet.de\/blog\/wp-content\/uploads\/2020\/02\/IMG_3737.png\" data-link=\"http:\/\/nemo-mobilitaet.de\/blog\/de\/img_3737\/\" class=\"wp-image-3105\" srcset=\"https:\/\/nemo-mobilitaet.de\/wp-content\/uploads\/2020\/02\/IMG_3737-1024x683.png 1024w, https:\/\/nemo-mobilitaet.de\/wp-content\/uploads\/2020\/02\/IMG_3737-300x200.png 300w, https:\/\/nemo-mobilitaet.de\/wp-content\/uploads\/2020\/02\/IMG_3737-768x512.png 768w, https:\/\/nemo-mobilitaet.de\/wp-content\/uploads\/2020\/02\/IMG_3737-1536x1024.png 1536w, https:\/\/nemo-mobilitaet.de\/wp-content\/uploads\/2020\/02\/IMG_3737-2048x1365.png 2048w\" sizes=\"(max-width: 1024px) 100vw, 1024px\" \/><\/a><\/figure><\/li><li class=\"blocks-gallery-item\"><figure><a href=\"http:\/\/nemo-mobilitaet.de\/blog\/de\/img_3739\/\"><img decoding=\"async\" loading=\"lazy\" width=\"1024\" height=\"683\" src=\"http:\/\/nemo-mobilitaet.de\/blog\/wp-content\/uploads\/2020\/02\/IMG_3739-1024x683.png\" alt=\"\" data-id=\"3106\" data-full-url=\"http:\/\/nemo-mobilitaet.de\/blog\/wp-content\/uploads\/2020\/02\/IMG_3739.png\" data-link=\"http:\/\/nemo-mobilitaet.de\/blog\/de\/img_3739\/\" class=\"wp-image-3106\" srcset=\"https:\/\/nemo-mobilitaet.de\/wp-content\/uploads\/2020\/02\/IMG_3739-1024x683.png 1024w, https:\/\/nemo-mobilitaet.de\/wp-content\/uploads\/2020\/02\/IMG_3739-300x200.png 300w, https:\/\/nemo-mobilitaet.de\/wp-content\/uploads\/2020\/02\/IMG_3739-768x512.png 768w, https:\/\/nemo-mobilitaet.de\/wp-content\/uploads\/2020\/02\/IMG_3739-1536x1024.png 1536w, https:\/\/nemo-mobilitaet.de\/wp-content\/uploads\/2020\/02\/IMG_3739-2048x1365.png 2048w\" sizes=\"(max-width: 1024px) 100vw, 1024px\" \/><\/a><\/figure><\/li><li class=\"blocks-gallery-item\"><figure><a href=\"http:\/\/nemo-mobilitaet.de\/blog\/de\/img_3740\/\"><img decoding=\"async\" loading=\"lazy\" width=\"1024\" height=\"683\" src=\"http:\/\/nemo-mobilitaet.de\/blog\/wp-content\/uploads\/2020\/02\/IMG_3740-1024x683.png\" alt=\"\" data-id=\"3107\" data-full-url=\"http:\/\/nemo-mobilitaet.de\/blog\/wp-content\/uploads\/2020\/02\/IMG_3740.png\" data-link=\"http:\/\/nemo-mobilitaet.de\/blog\/de\/img_3740\/\" class=\"wp-image-3107\" srcset=\"https:\/\/nemo-mobilitaet.de\/wp-content\/uploads\/2020\/02\/IMG_3740-1024x683.png 1024w, https:\/\/nemo-mobilitaet.de\/wp-content\/uploads\/2020\/02\/IMG_3740-300x200.png 300w, https:\/\/nemo-mobilitaet.de\/wp-content\/uploads\/2020\/02\/IMG_3740-768x512.png 768w, https:\/\/nemo-mobilitaet.de\/wp-content\/uploads\/2020\/02\/IMG_3740-1536x1025.png 1536w, https:\/\/nemo-mobilitaet.de\/wp-content\/uploads\/2020\/02\/IMG_3740-2048x1366.png 2048w\" sizes=\"(max-width: 1024px) 100vw, 1024px\" \/><\/a><\/figure><\/li><li class=\"blocks-gallery-item\"><figure><a href=\"http:\/\/nemo-mobilitaet.de\/blog\/de\/img_3741\/\"><img decoding=\"async\" loading=\"lazy\" width=\"1024\" height=\"683\" src=\"http:\/\/nemo-mobilitaet.de\/blog\/wp-content\/uploads\/2020\/02\/IMG_3741-1024x683.png\" alt=\"\" data-id=\"3108\" data-full-url=\"http:\/\/nemo-mobilitaet.de\/blog\/wp-content\/uploads\/2020\/02\/IMG_3741.png\" data-link=\"http:\/\/nemo-mobilitaet.de\/blog\/de\/img_3741\/\" class=\"wp-image-3108\" srcset=\"https:\/\/nemo-mobilitaet.de\/wp-content\/uploads\/2020\/02\/IMG_3741-1024x683.png 1024w, https:\/\/nemo-mobilitaet.de\/wp-content\/uploads\/2020\/02\/IMG_3741-300x200.png 300w, https:\/\/nemo-mobilitaet.de\/wp-content\/uploads\/2020\/02\/IMG_3741-768x512.png 768w, https:\/\/nemo-mobilitaet.de\/wp-content\/uploads\/2020\/02\/IMG_3741-1536x1024.png 1536w, https:\/\/nemo-mobilitaet.de\/wp-content\/uploads\/2020\/02\/IMG_3741-2048x1365.png 2048w\" sizes=\"(max-width: 1024px) 100vw, 1024px\" \/><\/a><\/figure><\/li><li class=\"blocks-gallery-item\"><figure><a href=\"http:\/\/nemo-mobilitaet.de\/blog\/de\/img_3745\/\"><img decoding=\"async\" loading=\"lazy\" width=\"1024\" height=\"683\" src=\"http:\/\/nemo-mobilitaet.de\/blog\/wp-content\/uploads\/2020\/02\/IMG_3745-1024x683.png\" alt=\"\" data-id=\"3109\" data-full-url=\"http:\/\/nemo-mobilitaet.de\/blog\/wp-content\/uploads\/2020\/02\/IMG_3745.png\" data-link=\"http:\/\/nemo-mobilitaet.de\/blog\/de\/img_3745\/\" class=\"wp-image-3109\" srcset=\"https:\/\/nemo-mobilitaet.de\/wp-content\/uploads\/2020\/02\/IMG_3745-1024x683.png 1024w, https:\/\/nemo-mobilitaet.de\/wp-content\/uploads\/2020\/02\/IMG_3745-300x200.png 300w, https:\/\/nemo-mobilitaet.de\/wp-content\/uploads\/2020\/02\/IMG_3745-768x512.png 768w, https:\/\/nemo-mobilitaet.de\/wp-content\/uploads\/2020\/02\/IMG_3745-1536x1024.png 1536w, https:\/\/nemo-mobilitaet.de\/wp-content\/uploads\/2020\/02\/IMG_3745-2048x1365.png 2048w\" sizes=\"(max-width: 1024px) 100vw, 1024px\" \/><\/a><\/figure><\/li><li class=\"blocks-gallery-item\"><figure><a href=\"http:\/\/nemo-mobilitaet.de\/blog\/de\/img_3746\/\"><img decoding=\"async\" loading=\"lazy\" width=\"1024\" height=\"683\" src=\"http:\/\/nemo-mobilitaet.de\/blog\/wp-content\/uploads\/2020\/02\/IMG_3746-1024x683.png\" alt=\"\" data-id=\"3110\" data-full-url=\"http:\/\/nemo-mobilitaet.de\/blog\/wp-content\/uploads\/2020\/02\/IMG_3746.png\" data-link=\"http:\/\/nemo-mobilitaet.de\/blog\/de\/img_3746\/\" class=\"wp-image-3110\" srcset=\"https:\/\/nemo-mobilitaet.de\/wp-content\/uploads\/2020\/02\/IMG_3746-1024x683.png 1024w, https:\/\/nemo-mobilitaet.de\/wp-content\/uploads\/2020\/02\/IMG_3746-300x200.png 300w, https:\/\/nemo-mobilitaet.de\/wp-content\/uploads\/2020\/02\/IMG_3746-768x512.png 768w, https:\/\/nemo-mobilitaet.de\/wp-content\/uploads\/2020\/02\/IMG_3746-1536x1024.png 1536w, https:\/\/nemo-mobilitaet.de\/wp-content\/uploads\/2020\/02\/IMG_3746-2048x1366.png 2048w\" sizes=\"(max-width: 1024px) 100vw, 1024px\" \/><\/a><\/figure><\/li><li class=\"blocks-gallery-item\"><figure><a href=\"http:\/\/nemo-mobilitaet.de\/blog\/de\/img_3749\/\"><img decoding=\"async\" loading=\"lazy\" width=\"1024\" height=\"683\" src=\"http:\/\/nemo-mobilitaet.de\/blog\/wp-content\/uploads\/2020\/02\/IMG_3749-1024x683.png\" alt=\"\" data-id=\"3111\" data-full-url=\"http:\/\/nemo-mobilitaet.de\/blog\/wp-content\/uploads\/2020\/02\/IMG_3749.png\" data-link=\"http:\/\/nemo-mobilitaet.de\/blog\/de\/img_3749\/\" class=\"wp-image-3111\" srcset=\"https:\/\/nemo-mobilitaet.de\/wp-content\/uploads\/2020\/02\/IMG_3749-1024x683.png 1024w, https:\/\/nemo-mobilitaet.de\/wp-content\/uploads\/2020\/02\/IMG_3749-300x200.png 300w, https:\/\/nemo-mobilitaet.de\/wp-content\/uploads\/2020\/02\/IMG_3749-768x512.png 768w, https:\/\/nemo-mobilitaet.de\/wp-content\/uploads\/2020\/02\/IMG_3749-1536x1024.png 1536w, https:\/\/nemo-mobilitaet.de\/wp-content\/uploads\/2020\/02\/IMG_3749-2048x1365.png 2048w\" sizes=\"(max-width: 1024px) 100vw, 1024px\" \/><\/a><\/figure><\/li><li class=\"blocks-gallery-item\"><figure><a href=\"http:\/\/nemo-mobilitaet.de\/blog\/de\/img_3751\/\"><img decoding=\"async\" loading=\"lazy\" width=\"1024\" height=\"683\" src=\"http:\/\/nemo-mobilitaet.de\/blog\/wp-content\/uploads\/2020\/02\/IMG_3751-1024x683.png\" alt=\"\" data-id=\"3112\" data-full-url=\"http:\/\/nemo-mobilitaet.de\/blog\/wp-content\/uploads\/2020\/02\/IMG_3751.png\" data-link=\"http:\/\/nemo-mobilitaet.de\/blog\/de\/img_3751\/\" class=\"wp-image-3112\" srcset=\"https:\/\/nemo-mobilitaet.de\/wp-content\/uploads\/2020\/02\/IMG_3751-1024x683.png 1024w, https:\/\/nemo-mobilitaet.de\/wp-content\/uploads\/2020\/02\/IMG_3751-300x200.png 300w, https:\/\/nemo-mobilitaet.de\/wp-content\/uploads\/2020\/02\/IMG_3751-768x512.png 768w, https:\/\/nemo-mobilitaet.de\/wp-content\/uploads\/2020\/02\/IMG_3751-1536x1024.png 1536w, https:\/\/nemo-mobilitaet.de\/wp-content\/uploads\/2020\/02\/IMG_3751-2048x1365.png 2048w\" sizes=\"(max-width: 1024px) 100vw, 1024px\" \/><\/a><\/figure><\/li><li class=\"blocks-gallery-item\"><figure><a href=\"http:\/\/nemo-mobilitaet.de\/blog\/de\/img_3755\/\"><img decoding=\"async\" loading=\"lazy\" width=\"1024\" height=\"683\" src=\"http:\/\/nemo-mobilitaet.de\/blog\/wp-content\/uploads\/2020\/02\/IMG_3755-1024x683.png\" alt=\"\" data-id=\"3113\" data-full-url=\"http:\/\/nemo-mobilitaet.de\/blog\/wp-content\/uploads\/2020\/02\/IMG_3755.png\" data-link=\"http:\/\/nemo-mobilitaet.de\/blog\/de\/img_3755\/\" class=\"wp-image-3113\" srcset=\"https:\/\/nemo-mobilitaet.de\/wp-content\/uploads\/2020\/02\/IMG_3755-1024x683.png 1024w, https:\/\/nemo-mobilitaet.de\/wp-content\/uploads\/2020\/02\/IMG_3755-300x200.png 300w, https:\/\/nemo-mobilitaet.de\/wp-content\/uploads\/2020\/02\/IMG_3755-768x512.png 768w, https:\/\/nemo-mobilitaet.de\/wp-content\/uploads\/2020\/02\/IMG_3755-1536x1024.png 1536w, https:\/\/nemo-mobilitaet.de\/wp-content\/uploads\/2020\/02\/IMG_3755-2048x1366.png 2048w\" sizes=\"(max-width: 1024px) 100vw, 1024px\" \/><\/a><\/figure><\/li><li class=\"blocks-gallery-item\"><figure><a href=\"http:\/\/nemo-mobilitaet.de\/blog\/de\/img_3756\/\"><img decoding=\"async\" loading=\"lazy\" width=\"1024\" height=\"683\" src=\"http:\/\/nemo-mobilitaet.de\/blog\/wp-content\/uploads\/2020\/02\/IMG_3756-1024x683.png\" alt=\"\" data-id=\"3114\" data-full-url=\"http:\/\/nemo-mobilitaet.de\/blog\/wp-content\/uploads\/2020\/02\/IMG_3756.png\" data-link=\"http:\/\/nemo-mobilitaet.de\/blog\/de\/img_3756\/\" class=\"wp-image-3114\" srcset=\"https:\/\/nemo-mobilitaet.de\/wp-content\/uploads\/2020\/02\/IMG_3756-1024x683.png 1024w, https:\/\/nemo-mobilitaet.de\/wp-content\/uploads\/2020\/02\/IMG_3756-300x200.png 300w, https:\/\/nemo-mobilitaet.de\/wp-content\/uploads\/2020\/02\/IMG_3756-768x512.png 768w, https:\/\/nemo-mobilitaet.de\/wp-content\/uploads\/2020\/02\/IMG_3756-1536x1024.png 1536w, https:\/\/nemo-mobilitaet.de\/wp-content\/uploads\/2020\/02\/IMG_3756-2048x1365.png 2048w\" sizes=\"(max-width: 1024px) 100vw, 1024px\" \/><\/a><\/figure><\/li><li class=\"blocks-gallery-item\"><figure><a href=\"http:\/\/nemo-mobilitaet.de\/blog\/de\/img_3763\/\"><img decoding=\"async\" loading=\"lazy\" width=\"1024\" height=\"683\" src=\"http:\/\/nemo-mobilitaet.de\/blog\/wp-content\/uploads\/2020\/02\/IMG_3763-1024x683.png\" alt=\"\" data-id=\"3115\" data-full-url=\"http:\/\/nemo-mobilitaet.de\/blog\/wp-content\/uploads\/2020\/02\/IMG_3763.png\" data-link=\"http:\/\/nemo-mobilitaet.de\/blog\/de\/img_3763\/\" class=\"wp-image-3115\" srcset=\"https:\/\/nemo-mobilitaet.de\/wp-content\/uploads\/2020\/02\/IMG_3763-1024x683.png 1024w, https:\/\/nemo-mobilitaet.de\/wp-content\/uploads\/2020\/02\/IMG_3763-300x200.png 300w, https:\/\/nemo-mobilitaet.de\/wp-content\/uploads\/2020\/02\/IMG_3763-768x512.png 768w, https:\/\/nemo-mobilitaet.de\/wp-content\/uploads\/2020\/02\/IMG_3763-1536x1024.png 1536w, https:\/\/nemo-mobilitaet.de\/wp-content\/uploads\/2020\/02\/IMG_3763-2048x1365.png 2048w\" sizes=\"(max-width: 1024px) 100vw, 1024px\" \/><\/a><\/figure><\/li><li class=\"blocks-gallery-item\"><figure><a href=\"http:\/\/nemo-mobilitaet.de\/blog\/de\/img_3768\/\"><img decoding=\"async\" loading=\"lazy\" width=\"1024\" height=\"683\" src=\"http:\/\/nemo-mobilitaet.de\/blog\/wp-content\/uploads\/2020\/02\/IMG_3768-1024x683.png\" alt=\"\" data-id=\"3117\" data-full-url=\"http:\/\/nemo-mobilitaet.de\/blog\/wp-content\/uploads\/2020\/02\/IMG_3768.png\" data-link=\"http:\/\/nemo-mobilitaet.de\/blog\/de\/img_3768\/\" class=\"wp-image-3117\" srcset=\"https:\/\/nemo-mobilitaet.de\/wp-content\/uploads\/2020\/02\/IMG_3768-1024x683.png 1024w, https:\/\/nemo-mobilitaet.de\/wp-content\/uploads\/2020\/02\/IMG_3768-300x200.png 300w, https:\/\/nemo-mobilitaet.de\/wp-content\/uploads\/2020\/02\/IMG_3768-768x512.png 768w, https:\/\/nemo-mobilitaet.de\/wp-content\/uploads\/2020\/02\/IMG_3768-1536x1024.png 1536w, https:\/\/nemo-mobilitaet.de\/wp-content\/uploads\/2020\/02\/IMG_3768-2048x1365.png 2048w\" sizes=\"(max-width: 1024px) 100vw, 1024px\" \/><\/a><\/figure><\/li><li class=\"blocks-gallery-item\"><figure><a href=\"http:\/\/nemo-mobilitaet.de\/blog\/de\/img_3765\/\"><img decoding=\"async\" loading=\"lazy\" width=\"1024\" height=\"683\" src=\"http:\/\/nemo-mobilitaet.de\/blog\/wp-content\/uploads\/2020\/02\/IMG_3765-1024x683.png\" alt=\"\" data-id=\"3116\" data-full-url=\"http:\/\/nemo-mobilitaet.de\/blog\/wp-content\/uploads\/2020\/02\/IMG_3765.png\" data-link=\"http:\/\/nemo-mobilitaet.de\/blog\/de\/img_3765\/\" class=\"wp-image-3116\" srcset=\"https:\/\/nemo-mobilitaet.de\/wp-content\/uploads\/2020\/02\/IMG_3765-1024x683.png 1024w, https:\/\/nemo-mobilitaet.de\/wp-content\/uploads\/2020\/02\/IMG_3765-300x200.png 300w, https:\/\/nemo-mobilitaet.de\/wp-content\/uploads\/2020\/02\/IMG_3765-768x512.png 768w, https:\/\/nemo-mobilitaet.de\/wp-content\/uploads\/2020\/02\/IMG_3765-1536x1024.png 1536w, https:\/\/nemo-mobilitaet.de\/wp-content\/uploads\/2020\/02\/IMG_3765-2048x1365.png 2048w\" sizes=\"(max-width: 1024px) 100vw, 1024px\" \/><\/a><\/figure><\/li><li class=\"blocks-gallery-item\"><figure><a href=\"http:\/\/nemo-mobilitaet.de\/blog\/de\/img_3684\/\"><img decoding=\"async\" loading=\"lazy\" width=\"1024\" height=\"683\" src=\"http:\/\/nemo-mobilitaet.de\/blog\/wp-content\/uploads\/2020\/02\/IMG_3684-1024x683.png\" alt=\"\" data-id=\"3082\" data-full-url=\"http:\/\/nemo-mobilitaet.de\/blog\/wp-content\/uploads\/2020\/02\/IMG_3684.png\" data-link=\"http:\/\/nemo-mobilitaet.de\/blog\/de\/img_3684\/\" class=\"wp-image-3082\" srcset=\"https:\/\/nemo-mobilitaet.de\/wp-content\/uploads\/2020\/02\/IMG_3684-1024x683.png 1024w, https:\/\/nemo-mobilitaet.de\/wp-content\/uploads\/2020\/02\/IMG_3684-300x200.png 300w, https:\/\/nemo-mobilitaet.de\/wp-content\/uploads\/2020\/02\/IMG_3684-768x512.png 768w, https:\/\/nemo-mobilitaet.de\/wp-content\/uploads\/2020\/02\/IMG_3684-1536x1024.png 1536w, https:\/\/nemo-mobilitaet.de\/wp-content\/uploads\/2020\/02\/IMG_3684-2048x1366.png 2048w\" sizes=\"(max-width: 1024px) 100vw, 1024px\" \/><\/a><\/figure><\/li><li class=\"blocks-gallery-item\"><figure><a href=\"http:\/\/nemo-mobilitaet.de\/blog\/de\/img_3707\/\"><img decoding=\"async\" loading=\"lazy\" width=\"1024\" height=\"683\" src=\"http:\/\/nemo-mobilitaet.de\/blog\/wp-content\/uploads\/2020\/02\/IMG_3707-1024x683.png\" alt=\"\" data-id=\"3090\" data-full-url=\"http:\/\/nemo-mobilitaet.de\/blog\/wp-content\/uploads\/2020\/02\/IMG_3707.png\" data-link=\"http:\/\/nemo-mobilitaet.de\/blog\/de\/img_3707\/\" class=\"wp-image-3090\" srcset=\"https:\/\/nemo-mobilitaet.de\/wp-content\/uploads\/2020\/02\/IMG_3707-1024x683.png 1024w, https:\/\/nemo-mobilitaet.de\/wp-content\/uploads\/2020\/02\/IMG_3707-300x200.png 300w, https:\/\/nemo-mobilitaet.de\/wp-content\/uploads\/2020\/02\/IMG_3707-768x512.png 768w, https:\/\/nemo-mobilitaet.de\/wp-content\/uploads\/2020\/02\/IMG_3707-1536x1024.png 1536w, https:\/\/nemo-mobilitaet.de\/wp-content\/uploads\/2020\/02\/IMG_3707-2048x1365.png 2048w\" sizes=\"(max-width: 1024px) 100vw, 1024px\" \/><\/a><\/figure><\/li><li class=\"blocks-gallery-item\"><figure><a href=\"http:\/\/nemo-mobilitaet.de\/blog\/de\/img_3772\/\"><img decoding=\"async\" loading=\"lazy\" width=\"1024\" height=\"683\" src=\"http:\/\/nemo-mobilitaet.de\/blog\/wp-content\/uploads\/2020\/02\/IMG_3772-1024x683.png\" alt=\"\" data-id=\"3118\" data-full-url=\"http:\/\/nemo-mobilitaet.de\/blog\/wp-content\/uploads\/2020\/02\/IMG_3772.png\" data-link=\"http:\/\/nemo-mobilitaet.de\/blog\/de\/img_3772\/\" class=\"wp-image-3118\" srcset=\"https:\/\/nemo-mobilitaet.de\/wp-content\/uploads\/2020\/02\/IMG_3772-1024x683.png 1024w, https:\/\/nemo-mobilitaet.de\/wp-content\/uploads\/2020\/02\/IMG_3772-300x200.png 300w, https:\/\/nemo-mobilitaet.de\/wp-content\/uploads\/2020\/02\/IMG_3772-768x512.png 768w, https:\/\/nemo-mobilitaet.de\/wp-content\/uploads\/2020\/02\/IMG_3772-1536x1024.png 1536w, https:\/\/nemo-mobilitaet.de\/wp-content\/uploads\/2020\/02\/IMG_3772-2048x1365.png 2048w\" sizes=\"(max-width: 1024px) 100vw, 1024px\" \/><\/a><\/figure><\/li><li class=\"blocks-gallery-item\"><figure><a href=\"http:\/\/nemo-mobilitaet.de\/blog\/de\/img_3787\/\"><img decoding=\"async\" loading=\"lazy\" width=\"1024\" height=\"683\" src=\"http:\/\/nemo-mobilitaet.de\/blog\/wp-content\/uploads\/2020\/02\/IMG_3787-1024x683.png\" alt=\"\" data-id=\"3122\" data-full-url=\"http:\/\/nemo-mobilitaet.de\/blog\/wp-content\/uploads\/2020\/02\/IMG_3787.png\" data-link=\"http:\/\/nemo-mobilitaet.de\/blog\/de\/img_3787\/\" class=\"wp-image-3122\" srcset=\"https:\/\/nemo-mobilitaet.de\/wp-content\/uploads\/2020\/02\/IMG_3787-1024x683.png 1024w, https:\/\/nemo-mobilitaet.de\/wp-content\/uploads\/2020\/02\/IMG_3787-300x200.png 300w, https:\/\/nemo-mobilitaet.de\/wp-content\/uploads\/2020\/02\/IMG_3787-768x512.png 768w, https:\/\/nemo-mobilitaet.de\/wp-content\/uploads\/2020\/02\/IMG_3787-1536x1024.png 1536w, https:\/\/nemo-mobilitaet.de\/wp-content\/uploads\/2020\/02\/IMG_3787-2048x1366.png 2048w\" sizes=\"(max-width: 1024px) 100vw, 1024px\" \/><\/a><\/figure><\/li><li class=\"blocks-gallery-item\"><figure><a href=\"http:\/\/nemo-mobilitaet.de\/blog\/de\/img_3778\/\"><img decoding=\"async\" loading=\"lazy\" width=\"1024\" height=\"683\" src=\"http:\/\/nemo-mobilitaet.de\/blog\/wp-content\/uploads\/2020\/02\/IMG_3778-1024x683.png\" alt=\"\" data-id=\"3120\" data-full-url=\"http:\/\/nemo-mobilitaet.de\/blog\/wp-content\/uploads\/2020\/02\/IMG_3778.png\" data-link=\"http:\/\/nemo-mobilitaet.de\/blog\/de\/img_3778\/\" class=\"wp-image-3120\" srcset=\"https:\/\/nemo-mobilitaet.de\/wp-content\/uploads\/2020\/02\/IMG_3778-1024x683.png 1024w, https:\/\/nemo-mobilitaet.de\/wp-content\/uploads\/2020\/02\/IMG_3778-300x200.png 300w, https:\/\/nemo-mobilitaet.de\/wp-content\/uploads\/2020\/02\/IMG_3778-768x512.png 768w, https:\/\/nemo-mobilitaet.de\/wp-content\/uploads\/2020\/02\/IMG_3778-1536x1024.png 1536w, https:\/\/nemo-mobilitaet.de\/wp-content\/uploads\/2020\/02\/IMG_3778-2048x1365.png 2048w\" sizes=\"(max-width: 1024px) 100vw, 1024px\" \/><\/a><\/figure><\/li><li class=\"blocks-gallery-item\"><figure><a href=\"http:\/\/nemo-mobilitaet.de\/blog\/de\/img_3782\/\"><img decoding=\"async\" loading=\"lazy\" width=\"1024\" height=\"683\" src=\"http:\/\/nemo-mobilitaet.de\/blog\/wp-content\/uploads\/2020\/02\/IMG_3782-1024x683.png\" alt=\"\" data-id=\"3121\" data-full-url=\"http:\/\/nemo-mobilitaet.de\/blog\/wp-content\/uploads\/2020\/02\/IMG_3782.png\" data-link=\"http:\/\/nemo-mobilitaet.de\/blog\/de\/img_3782\/\" class=\"wp-image-3121\" srcset=\"https:\/\/nemo-mobilitaet.de\/wp-content\/uploads\/2020\/02\/IMG_3782-1024x683.png 1024w, https:\/\/nemo-mobilitaet.de\/wp-content\/uploads\/2020\/02\/IMG_3782-300x200.png 300w, https:\/\/nemo-mobilitaet.de\/wp-content\/uploads\/2020\/02\/IMG_3782-768x512.png 768w, https:\/\/nemo-mobilitaet.de\/wp-content\/uploads\/2020\/02\/IMG_3782-1536x1024.png 1536w, https:\/\/nemo-mobilitaet.de\/wp-content\/uploads\/2020\/02\/IMG_3782-2048x1366.png 2048w\" sizes=\"(max-width: 1024px) 100vw, 1024px\" \/><\/a><\/figure><\/li><li class=\"blocks-gallery-item\"><figure><a href=\"http:\/\/nemo-mobilitaet.de\/blog\/de\/img_3777\/\"><img decoding=\"async\" loading=\"lazy\" width=\"1024\" height=\"683\" src=\"http:\/\/nemo-mobilitaet.de\/blog\/wp-content\/uploads\/2020\/02\/IMG_3777-1024x683.png\" alt=\"\" data-id=\"3119\" data-full-url=\"http:\/\/nemo-mobilitaet.de\/blog\/wp-content\/uploads\/2020\/02\/IMG_3777.png\" data-link=\"http:\/\/nemo-mobilitaet.de\/blog\/de\/img_3777\/\" class=\"wp-image-3119\" srcset=\"https:\/\/nemo-mobilitaet.de\/wp-content\/uploads\/2020\/02\/IMG_3777-1024x683.png 1024w, https:\/\/nemo-mobilitaet.de\/wp-content\/uploads\/2020\/02\/IMG_3777-300x200.png 300w, https:\/\/nemo-mobilitaet.de\/wp-content\/uploads\/2020\/02\/IMG_3777-768x512.png 768w, https:\/\/nemo-mobilitaet.de\/wp-content\/uploads\/2020\/02\/IMG_3777-1536x1024.png 1536w, https:\/\/nemo-mobilitaet.de\/wp-content\/uploads\/2020\/02\/IMG_3777-2048x1365.png 2048w\" sizes=\"(max-width: 1024px) 100vw, 1024px\" \/><\/a><\/figure><\/li><li class=\"blocks-gallery-item\"><figure><a href=\"http:\/\/nemo-mobilitaet.de\/blog\/de\/img_3795\/\"><img decoding=\"async\" loading=\"lazy\" width=\"1024\" height=\"683\" src=\"http:\/\/nemo-mobilitaet.de\/blog\/wp-content\/uploads\/2020\/02\/IMG_3795-1024x683.png\" alt=\"\" data-id=\"3125\" data-full-url=\"http:\/\/nemo-mobilitaet.de\/blog\/wp-content\/uploads\/2020\/02\/IMG_3795.png\" data-link=\"http:\/\/nemo-mobilitaet.de\/blog\/de\/img_3795\/\" class=\"wp-image-3125\" srcset=\"https:\/\/nemo-mobilitaet.de\/wp-content\/uploads\/2020\/02\/IMG_3795-1024x683.png 1024w, https:\/\/nemo-mobilitaet.de\/wp-content\/uploads\/2020\/02\/IMG_3795-300x200.png 300w, https:\/\/nemo-mobilitaet.de\/wp-content\/uploads\/2020\/02\/IMG_3795-768x512.png 768w, https:\/\/nemo-mobilitaet.de\/wp-content\/uploads\/2020\/02\/IMG_3795-1536x1024.png 1536w, https:\/\/nemo-mobilitaet.de\/wp-content\/uploads\/2020\/02\/IMG_3795-2048x1365.png 2048w\" sizes=\"(max-width: 1024px) 100vw, 1024px\" \/><\/a><\/figure><\/li><li class=\"blocks-gallery-item\"><figure><a href=\"http:\/\/nemo-mobilitaet.de\/blog\/de\/img_3791\/\"><img decoding=\"async\" loading=\"lazy\" width=\"1024\" height=\"683\" src=\"http:\/\/nemo-mobilitaet.de\/blog\/wp-content\/uploads\/2020\/02\/IMG_3791-1024x683.png\" alt=\"\" data-id=\"3124\" data-full-url=\"http:\/\/nemo-mobilitaet.de\/blog\/wp-content\/uploads\/2020\/02\/IMG_3791.png\" data-link=\"http:\/\/nemo-mobilitaet.de\/blog\/de\/img_3791\/\" class=\"wp-image-3124\" srcset=\"https:\/\/nemo-mobilitaet.de\/wp-content\/uploads\/2020\/02\/IMG_3791-1024x683.png 1024w, https:\/\/nemo-mobilitaet.de\/wp-content\/uploads\/2020\/02\/IMG_3791-300x200.png 300w, https:\/\/nemo-mobilitaet.de\/wp-content\/uploads\/2020\/02\/IMG_3791-768x512.png 768w, https:\/\/nemo-mobilitaet.de\/wp-content\/uploads\/2020\/02\/IMG_3791-1536x1024.png 1536w, https:\/\/nemo-mobilitaet.de\/wp-content\/uploads\/2020\/02\/IMG_3791-2048x1365.png 2048w\" sizes=\"(max-width: 1024px) 100vw, 1024px\" \/><\/a><\/figure><\/li><li class=\"blocks-gallery-item\"><figure><a href=\"http:\/\/nemo-mobilitaet.de\/blog\/de\/img_3790\/\"><img decoding=\"async\" loading=\"lazy\" width=\"1024\" height=\"683\" src=\"http:\/\/nemo-mobilitaet.de\/blog\/wp-content\/uploads\/2020\/02\/IMG_3790-1024x683.png\" alt=\"\" data-id=\"3123\" data-full-url=\"http:\/\/nemo-mobilitaet.de\/blog\/wp-content\/uploads\/2020\/02\/IMG_3790.png\" data-link=\"http:\/\/nemo-mobilitaet.de\/blog\/de\/img_3790\/\" class=\"wp-image-3123\" srcset=\"https:\/\/nemo-mobilitaet.de\/wp-content\/uploads\/2020\/02\/IMG_3790-1024x683.png 1024w, https:\/\/nemo-mobilitaet.de\/wp-content\/uploads\/2020\/02\/IMG_3790-300x200.png 300w, https:\/\/nemo-mobilitaet.de\/wp-content\/uploads\/2020\/02\/IMG_3790-768x512.png 768w, https:\/\/nemo-mobilitaet.de\/wp-content\/uploads\/2020\/02\/IMG_3790-1536x1025.png 1536w, https:\/\/nemo-mobilitaet.de\/wp-content\/uploads\/2020\/02\/IMG_3790-2048x1366.png 2048w\" sizes=\"(max-width: 1024px) 100vw, 1024px\" \/><\/a><\/figure><\/li><li class=\"blocks-gallery-item\"><figure><a href=\"http:\/\/nemo-mobilitaet.de\/blog\/de\/img_3803\/\"><img decoding=\"async\" loading=\"lazy\" width=\"1024\" height=\"683\" src=\"http:\/\/nemo-mobilitaet.de\/blog\/wp-content\/uploads\/2020\/02\/IMG_3803-1024x683.png\" alt=\"\" data-id=\"3126\" data-full-url=\"http:\/\/nemo-mobilitaet.de\/blog\/wp-content\/uploads\/2020\/02\/IMG_3803.png\" data-link=\"http:\/\/nemo-mobilitaet.de\/blog\/de\/img_3803\/\" class=\"wp-image-3126\" srcset=\"https:\/\/nemo-mobilitaet.de\/wp-content\/uploads\/2020\/02\/IMG_3803-1024x683.png 1024w, https:\/\/nemo-mobilitaet.de\/wp-content\/uploads\/2020\/02\/IMG_3803-300x200.png 300w, https:\/\/nemo-mobilitaet.de\/wp-content\/uploads\/2020\/02\/IMG_3803-768x512.png 768w, https:\/\/nemo-mobilitaet.de\/wp-content\/uploads\/2020\/02\/IMG_3803-1536x1024.png 1536w, https:\/\/nemo-mobilitaet.de\/wp-content\/uploads\/2020\/02\/IMG_3803-2048x1365.png 2048w\" sizes=\"(max-width: 1024px) 100vw, 1024px\" \/><\/a><\/figure><\/li><li class=\"blocks-gallery-item\"><figure><a href=\"http:\/\/nemo-mobilitaet.de\/blog\/de\/img_3676\/\"><img decoding=\"async\" loading=\"lazy\" width=\"1024\" height=\"683\" src=\"http:\/\/nemo-mobilitaet.de\/blog\/wp-content\/uploads\/2020\/02\/IMG_3676-1024x683.png\" alt=\"\" data-id=\"3074\" data-full-url=\"http:\/\/nemo-mobilitaet.de\/blog\/wp-content\/uploads\/2020\/02\/IMG_3676.png\" data-link=\"http:\/\/nemo-mobilitaet.de\/blog\/de\/img_3676\/\" class=\"wp-image-3074\" srcset=\"https:\/\/nemo-mobilitaet.de\/wp-content\/uploads\/2020\/02\/IMG_3676-1024x683.png 1024w, https:\/\/nemo-mobilitaet.de\/wp-content\/uploads\/2020\/02\/IMG_3676-300x200.png 300w, https:\/\/nemo-mobilitaet.de\/wp-content\/uploads\/2020\/02\/IMG_3676-768x512.png 768w, https:\/\/nemo-mobilitaet.de\/wp-content\/uploads\/2020\/02\/IMG_3676-1536x1024.png 1536w, https:\/\/nemo-mobilitaet.de\/wp-content\/uploads\/2020\/02\/IMG_3676-2048x1365.png 2048w\" sizes=\"(max-width: 1024px) 100vw, 1024px\" \/><\/a><\/figure><\/li><li class=\"blocks-gallery-item\"><figure><a href=\"http:\/\/nemo-mobilitaet.de\/blog\/de\/img_3677\/\"><img decoding=\"async\" loading=\"lazy\" width=\"1024\" height=\"683\" src=\"http:\/\/nemo-mobilitaet.de\/blog\/wp-content\/uploads\/2020\/02\/IMG_3677-1024x683.png\" alt=\"\" data-id=\"3075\" data-full-url=\"http:\/\/nemo-mobilitaet.de\/blog\/wp-content\/uploads\/2020\/02\/IMG_3677.png\" data-link=\"http:\/\/nemo-mobilitaet.de\/blog\/de\/img_3677\/\" class=\"wp-image-3075\" srcset=\"https:\/\/nemo-mobilitaet.de\/wp-content\/uploads\/2020\/02\/IMG_3677-1024x683.png 1024w, https:\/\/nemo-mobilitaet.de\/wp-content\/uploads\/2020\/02\/IMG_3677-300x200.png 300w, https:\/\/nemo-mobilitaet.de\/wp-content\/uploads\/2020\/02\/IMG_3677-768x512.png 768w, https:\/\/nemo-mobilitaet.de\/wp-content\/uploads\/2020\/02\/IMG_3677-1536x1024.png 1536w, https:\/\/nemo-mobilitaet.de\/wp-content\/uploads\/2020\/02\/IMG_3677-2048x1366.png 2048w\" sizes=\"(max-width: 1024px) 100vw, 1024px\" \/><\/a><\/figure><\/li><\/ul><\/figure>\n","protected":false},"excerpt":{"rendered":"<p>Kurz vor Ende der offiziellen Projektlaufzeit von NEMo wurden im Rahmen einer \u00f6ffentlichen Abschlussveranstaltung an der Universit\u00e4t Oldenburg die Projektergebnisse der vier J\u00e4hrigen Projektlaufzeit pr\u00e4sentiert. Neben einer Postershow der beteiligten Forschungsgruppen vor, w\u00e4hrend und nach der Veranstaltung haben inhaltliche Beitr\u00e4ge beteiligter Akteure aus Wissenschaft, Wirtschaft und Verwaltung \u00fcber die Ergebnisse <a class=\"more-link\" href=\"https:\/\/nemo-mobilitaet.de\/blog\/de\/nemo-abschlussveranstaltung-13-02-2020\/\">weiterlesen&#8230;<\/a><\/p>\n","protected":false},"author":1,"featured_media":0,"parent":0,"menu_order":0,"comment_status":"closed","ping_status":"closed","template":"","meta":{"footnotes":"","_links_to":"","_links_to_target":""},"_links":{"self":[{"href":"https:\/\/nemo-mobilitaet.de\/blog\/wp-json\/wp\/v2\/pages\/2738"}],"collection":[{"href":"https:\/\/nemo-mobilitaet.de\/blog\/wp-json\/wp\/v2\/pages"}],"about":[{"href":"https:\/\/nemo-mobilitaet.de\/blog\/wp-json\/wp\/v2\/types\/page"}],"author":[{"embeddable":true,"href":"https:\/\/nemo-mobilitaet.de\/blog\/wp-json\/wp\/v2\/users\/1"}],"replies":[{"embeddable":true,"href":"https:\/\/nemo-mobilitaet.de\/blog\/wp-json\/wp\/v2\/comments?post=2738"}],"version-history":[{"count":62,"href":"https:\/\/nemo-mobilitaet.de\/blog\/wp-json\/wp\/v2\/pages\/2738\/revisions"}],"predecessor-version":[{"id":3267,"href":"https:\/\/nemo-mobilitaet.de\/blog\/wp-json\/wp\/v2\/pages\/2738\/revisions\/3267"}],"wp:attachment":[{"href":"https:\/\/nemo-mobilitaet.de\/blog\/wp-json\/wp\/v2\/media?parent=2738"}],"curies":[{"name":"wp","href":"https:\/\/api.w.org\/{rel}","templated":true}]}}