{"id":21,"date":"2016-04-06T13:15:52","date_gmt":"2016-04-06T11:15:52","guid":{"rendered":"http:\/\/www.nemo-mobilitaet.de\/blog\/?page_id=21"},"modified":"2023-02-17T18:39:54","modified_gmt":"2023-02-17T16:39:54","slug":"presseartikel","status":"publish","type":"page","link":"https:\/\/nemo-mobilitaet.de\/blog\/de\/presseartikel\/","title":{"rendered":"Presseartikel"},"content":{"rendered":"<p>Hier finden Sie eine Auswahl von Presseartikeln, die \u00fcber das Forschungsvorhaben NEMo berichten.<\/p>\n<hr \/>\n<p><strong>LandInForm, 01.03.2019: &#8220;Mitfahren statt Selbstfahren&#8221;<\/strong><br \/>\nArtikel \u00fcber die Ergebnisse von NEMo aus technischer und sozialwissenschaftlicher Sicht.<\/p>\n<hr \/>\n<p><strong>Nordwest-Zeitung, 08.06.2018: &#8220;Von der Mobilit\u00e4ts-App bis zur Lego-Fabrik&#8221;<br \/>\n<\/strong>Artikel \u00fcber den CEBIT Messeauftritt von NEMo in der Nordeest-Zeitung<br \/>\nabrufbar unter: <a href=\"https:\/\/www.nwzonline.de\/wirtschaft\/hannover-oldenburg-wilhelmshaven-regionale-aussteller-auf-der-cebit-von-der-mobilitaets-app-bis-zur-lego-fabrik_a_50,1,3181059596.html\" target=\"_blank\" rel=\"noopener noreferrer\">Artikel Nordwest-Zeitung 08.06.2018<\/a><\/p>\n<hr \/>\n<p><strong>Unversit\u00e4t Oldenburg, 06.10.2017: &#8220;Mobil trotz weiter Wege&#8221;<br \/>\n<\/strong>Artikel \u00fcber den Zwischenstand bei NEMo auf der Webseite der Universit\u00e4t Oldenburg<br \/>\nabrufbar unter: <a href=\"https:\/\/www.uni-oldenburg.de\/news\/art\/mobil-trotz-weiter-wege-3164\/\" target=\"_blank\" rel=\"noopener noreferrer\">Artikel Uni Oldenburg 06.10.2017<\/a><\/p>\n<hr \/>\n<p><strong>Wesermarsch am Sonntag, 03.09.2017: &#8220;Mobilit\u00e4t im Landkreis&#8221;<\/strong><br \/>\nArtikel \u00fcber die Ergebnisse der NEMo-Umfrage zu l\u00e4ndlicher Mobili\u00e4t<br \/>\nabrufbar unter: <a href=\"http:\/\/www.wesermarsch-am-sonntag.de\/ausgaben\/170903\/pdf\/10002.pdf\" target=\"_blank\" rel=\"noopener noreferrer\">WAS-Artikel 03.09.2017<\/a><\/p>\n<hr \/>\n<p><strong>Kreiszeitung Wesermarsch, 28.08.2017: &#8220;Idee gef\u00e4llt, Bedenken bleiben&#8221;<\/strong><br \/>\nArtikel \u00fcber die Ergebnisse der NEMo-Umfrage zu l\u00e4ndlicher Mobili\u00e4t<br \/>\nabrufbar unter: <a href=\"http:\/\/nemo-mobilitaet.de\/wp-content\/uploads\/2017\/10\/20170828_Kreiszeitung_Wesermarsch_Idee_gefaellt_Bedenken_bleiben_Artikel.pdf\" target=\"_blank\" rel=\"noopener noreferrer\">Artikel Kreiszeitung Wesermarsch, 28.08.2017<\/a><\/p>\n<hr \/>\n<p><strong>Nordwest-Zeitung, 16.06.2017: &#8220;Fahrgemeinschaften \u00fcber das Internet&#8221;<br \/>\n<\/strong>Aufruf zur Teilnahme an der NEMo-Umfrage zu l\u00e4ndlicher Mobilit\u00e4t<br \/>\nabrufbar unter: <a href=\"https:\/\/www.nwzonline.de\/wesermarsch\/wirtschaft\/fahrgemeinschaften_a_31,3,1009312532.html\" target=\"_blank\" rel=\"noopener noreferrer\">NWZ-Artikel 16.06.2017<\/a><strong><br \/>\n<\/strong><\/p>\n<hr \/>\n<p><strong>Nordwest-Zeitung, 10.06.2017: &#8220;Fahrgemeinschaften im l\u00e4ndlichen Raum&#8221;<br \/>\n<\/strong>Aufruf zur Teilnahme an der NEMo-Umfrage zu l\u00e4ndlicher Mobilit\u00e4t<br \/>\nabrufbar unter: <a href=\"https:\/\/www.nwzonline.de\/wesermarsch\/wirtschaft\/fahrgemeinschaften_a_31,3,754732655.html\" target=\"_blank\" rel=\"noopener noreferrer\">NWZ-Artikel 10.06.2017<\/a><\/p>\n<hr \/>\n<p><strong>Nordwest-Zeitung, 09.06.2016: &#8220;Lebensqualit\u00e4t langfristig sichern&#8221;<br \/>\n<\/strong>Artikel \u00fcber die Auftaktveranstaltung des BMVI-Projekts\u00a0\u201eLangfristige Sicherstellung von Versorgung und Mobilit\u00e4t in l\u00e4ndlichen R\u00e4umen\u201c<br \/>\naufrufbar unter: <a href=\"http:\/\/www.nwzonline.de\/wesermarsch\/politik\/lebensqualitaet-langfristig-sichern_a_31,0,1170255985.html\" target=\"_blank\" rel=\"noopener noreferrer\">NWZ-Artikel 09.06.2016<\/a><\/p>\n<hr \/>\n<p><strong>InnoZ, 06.06.2016: &#8220;R\u00fcckschau: 8. Treffen des Doktorandenkolloquiums zur Mobilit\u00e4tsforschung&#8221;<\/strong><br \/>\nArtikel \u00fcber das Doktorandenkolloquium, bei dem die wissenschaftliche Mitarbeitern Ute Samland ihr Promotionsvorhaben im Rahmen von NEMo vorgestellt hat<br \/>\nabrufbar unter: <a href=\"https:\/\/www.innoz.de\/de\/rueckschau-8-treffen-des-doktorandenkolloquiums-zur-mobilitaetsforschung\" target=\"_blank\" rel=\"noopener noreferrer\">InnoZ-Artikel 06.06.2016<\/a><\/p>\n<hr \/>\n<p><strong>Universit\u00e4t Oldenburg, 03.05.2016: &#8220;Forschungsprojekt &#8216;NEMo&#8217; nimmt Fahrt auf&#8221;<\/strong><br \/>\nArtikel \u00fcber die erfolgreiche F\u00f6rderung des interdisziplin\u00e4ren Forschungsprojekts \u201eNEMo \u2013 Nachhaltige Erf\u00fcllung von Mobilit\u00e4tsbed\u00fcrfnissen im l\u00e4ndlichen Raum\u201c<br \/>\nabrufbar unter: <a href=\"https:\/\/www.uni-oldenburg.de\/news\/art\/forschungsprojekt-nemo-nimmt-fahrt-auf-mobilitaet-im-laendlichen-raum-verbessern-2165\/\" target=\"_blank\" rel=\"noopener noreferrer\">Universit\u00e4t Oldenburg 03.05.2016<\/a><\/p>\n<hr \/>\n<p><strong>Uni-Info &#8211; Hochschulzeitung der Universit\u00e4t Oldenburg, Dezember-Ausgabe 2015: &#8220;Neus Leben an der Bushaltestelle&#8221;<br \/>\n<\/strong>Artikel \u00fcber die erfolgreiche F\u00f6rderung des interdisziplin\u00e4ren Forschungsprojekts \u201eNEMo \u2013 Nachhaltige Erf\u00fcllung von Mobilit\u00e4tsbed\u00fcrfnissen im l\u00e4ndlichen Raum\u201c<br \/>\nabrufbar unter: <a href=\"http:\/\/www.presse.uni-oldenburg.de\/uni-info\/2015\/6\/uni-info-2015-06-es.pdf\" target=\"_blank\" rel=\"noopener noreferrer\">Uni-Info 6\/2015 (Seite 6)<\/a><\/p>\n<hr \/>\n<p><strong>Nordwest-Zeitung, 18.11.2015: &#8220;Nachhaltig Mobilit\u00e4t im l\u00e4ndlichen Raum verbessern&#8221;<strong><br \/>\n<\/strong><\/strong> Artikel \u00fcber die erfolgreiche F\u00f6rderung des interdisziplin\u00e4ren Forschungsprojekts \u201eNEMo \u2013 Nachhaltige Erf\u00fcllung von Mobilit\u00e4tsbed\u00fcrfnissen im l\u00e4ndlichen Raum\u201c<br \/>\nabrufbar unter: <a href=\"http:\/\/www.nwzonline.de\/campus\/nachhaltig-mobilitaet-im-laendlichen-raum-verbessern_a_6,0,422023941.html\" target=\"_blank\" rel=\"noopener noreferrer\">NWZ-Artikel 18.11.2015<\/a><\/p>\n","protected":false},"excerpt":{"rendered":"<p>Hier finden Sie eine Auswahl von Presseartikeln, die \u00fcber das Forschungsvorhaben NEMo berichten. LandInForm, 01.03.2019: &#8220;Mitfahren statt Selbstfahren&#8221; Artikel \u00fcber die Ergebnisse von NEMo aus technischer und sozialwissenschaftlicher Sicht. Nordwest-Zeitung, 08.06.2018: &#8220;Von der Mobilit\u00e4ts-App bis zur Lego-Fabrik&#8221; Artikel \u00fcber den CEBIT Messeauftritt von NEMo in der Nordeest-Zeitung abrufbar unter: Artikel <a class=\"more-link\" href=\"https:\/\/nemo-mobilitaet.de\/blog\/de\/presseartikel\/\">weiterlesen&#8230;<\/a><\/p>\n","protected":false},"author":1,"featured_media":0,"parent":0,"menu_order":0,"comment_status":"closed","ping_status":"open","template":"","meta":{"footnotes":"","_links_to":"","_links_to_target":""},"_links":{"self":[{"href":"https:\/\/nemo-mobilitaet.de\/blog\/wp-json\/wp\/v2\/pages\/21"}],"collection":[{"href":"https:\/\/nemo-mobilitaet.de\/blog\/wp-json\/wp\/v2\/pages"}],"about":[{"href":"https:\/\/nemo-mobilitaet.de\/blog\/wp-json\/wp\/v2\/types\/page"}],"author":[{"embeddable":true,"href":"https:\/\/nemo-mobilitaet.de\/blog\/wp-json\/wp\/v2\/users\/1"}],"replies":[{"embeddable":true,"href":"https:\/\/nemo-mobilitaet.de\/blog\/wp-json\/wp\/v2\/comments?post=21"}],"version-history":[{"count":33,"href":"https:\/\/nemo-mobilitaet.de\/blog\/wp-json\/wp\/v2\/pages\/21\/revisions"}],"predecessor-version":[{"id":3302,"href":"https:\/\/nemo-mobilitaet.de\/blog\/wp-json\/wp\/v2\/pages\/21\/revisions\/3302"}],"wp:attachment":[{"href":"https:\/\/nemo-mobilitaet.de\/blog\/wp-json\/wp\/v2\/media?parent=21"}],"curies":[{"name":"wp","href":"https:\/\/api.w.org\/{rel}","templated":true}]}}