{"id":2020,"date":"2018-05-13T17:03:48","date_gmt":"2018-05-13T15:03:48","guid":{"rendered":"http:\/\/nemo-mobilitaet.de\/blog\/?page_id=2020"},"modified":"2023-02-16T18:53:54","modified_gmt":"2023-02-16T16:53:54","slug":"nemo-mobilitaetstagung-20-21-06-2018","status":"publish","type":"page","link":"https:\/\/nemo-mobilitaet.de\/blog\/de\/nemo-mobilitaetstagung-20-21-06-2018\/","title":{"rendered":"NEMo-Mobilit\u00e4tstagung (20.\/21.06.2018)"},"content":{"rendered":"<p>Im Rahmen unseres Projektes NEMo findet am 20. und 21. Juni 2018 an der Leuphana Universit\u00e4t die interdisziplin\u00e4re wissenschaftliche Tagung &#8220;Die Mobilit\u00e4t und ihr Zugang &#8211; Mobilit\u00e4t gestalten&#8221; statt, zu der alle Mobilit\u00e4tsinteressierten aus Wissenschaft und Gesellschaft herzlich eingeladen sind.<\/p>\n<p><a href=\"http:\/\/nemo-mobilitaet.de\/wp-content\/uploads\/2018\/06\/Poster_Nemo_Veranstaltung.pdf\" target=\"_blank\" rel=\"noopener\">Poster zu der Veranstaltung<\/a><\/p>\n<p><a href=\"http:\/\/nemo-mobilitaet.de\/wp-content\/uploads\/2018\/06\/Poster_NEMO_Programm.pdf\">Programm\u00fcbersicht<\/a><\/p>\n<hr \/>\n<h5><strong>Programm<\/strong><\/h5>\n<p>Das detaillierte Programm finden Sie <a href=\"http:\/\/nemo-mobilitaet.de\/wp-content\/uploads\/2018\/06\/NEMo-Tagungsprogramm.pdf\">hier<\/a>.<\/p>\n\n\n<p><\/p>\n","protected":false},"excerpt":{"rendered":"<p>Im Rahmen unseres Projektes NEMo findet am 20. und 21. Juni 2018 an der Leuphana Universit\u00e4t die interdisziplin\u00e4re wissenschaftliche Tagung &#8220;Die Mobilit\u00e4t und ihr Zugang &#8211; Mobilit\u00e4t gestalten&#8221; statt, zu der alle Mobilit\u00e4tsinteressierten aus Wissenschaft und Gesellschaft herzlich eingeladen sind. Poster zu der Veranstaltung Programm\u00fcbersicht Programm Das detaillierte Programm finden <a class=\"more-link\" href=\"https:\/\/nemo-mobilitaet.de\/blog\/de\/nemo-mobilitaetstagung-20-21-06-2018\/\">weiterlesen&#8230;<\/a><\/p>\n","protected":false},"author":1,"featured_media":0,"parent":0,"menu_order":0,"comment_status":"closed","ping_status":"closed","template":"","meta":{"footnotes":"","_links_to":"","_links_to_target":""},"_links":{"self":[{"href":"https:\/\/nemo-mobilitaet.de\/blog\/wp-json\/wp\/v2\/pages\/2020"}],"collection":[{"href":"https:\/\/nemo-mobilitaet.de\/blog\/wp-json\/wp\/v2\/pages"}],"about":[{"href":"https:\/\/nemo-mobilitaet.de\/blog\/wp-json\/wp\/v2\/types\/page"}],"author":[{"embeddable":true,"href":"https:\/\/nemo-mobilitaet.de\/blog\/wp-json\/wp\/v2\/users\/1"}],"replies":[{"embeddable":true,"href":"https:\/\/nemo-mobilitaet.de\/blog\/wp-json\/wp\/v2\/comments?post=2020"}],"version-history":[{"count":19,"href":"https:\/\/nemo-mobilitaet.de\/blog\/wp-json\/wp\/v2\/pages\/2020\/revisions"}],"predecessor-version":[{"id":3268,"href":"https:\/\/nemo-mobilitaet.de\/blog\/wp-json\/wp\/v2\/pages\/2020\/revisions\/3268"}],"wp:attachment":[{"href":"https:\/\/nemo-mobilitaet.de\/blog\/wp-json\/wp\/v2\/media?parent=2020"}],"curies":[{"name":"wp","href":"https:\/\/api.w.org\/{rel}","templated":true}]}}