{"id":1360,"date":"2017-10-17T15:58:44","date_gmt":"2017-10-17T13:58:44","guid":{"rendered":"http:\/\/nemo.informatik.uni-oldenburg.de\/blog\/?page_id=1360"},"modified":"2023-02-16T19:06:00","modified_gmt":"2023-02-16T17:06:00","slug":"expertenworkshop","status":"publish","type":"page","link":"https:\/\/nemo-mobilitaet.de\/blog\/de\/expertenworkshop\/","title":{"rendered":"Expertenworkshop zu nachhaltiger Mobilit\u00e4t in l\u00e4ndlichen R\u00e4umen (17.12.2017)"},"content":{"rendered":"<p>Rund 60 Teilnehmer aus Deutschland, den Niederlanden und Belgien diskutierten am 14. De\u00adzem\u00adber 2017 an der Universit\u00e4t Oldenburg m\u00f6gliche L\u00f6sungsans\u00e4tze f\u00fcr nachhaltige Mobilit\u00e4t in l\u00e4nd\u00adlichen R\u00e4umen. Die Veranstaltung fand im Rahmen des Projekts \u201eShaping the Future of Smart Regions North\u201c statt und wurde vom NEMo-Team aus der Abteilung Wirtschaftsinformatik\/Very Large Business Appli\u00adcations (VLBA) der Universit\u00e4t Oldenburg organisiert. Die anwesenden Experten aus Wissen\u00adschaft, Wirt\u00adschaft, Politik, Verwaltung, St\u00e4dten und Kommunen sowie B\u00fcrger tauschten sich \u00fcber vorhandene und m\u00f6gliche Mobilit\u00e4ts\u00adkonzepte sowie die daf\u00fcr notwendigen Rahmenbedingungen aus.<\/p>\n<p><img decoding=\"async\" loading=\"lazy\" class=\"aligncenter wp-image-1588 size-medium\" src=\"http:\/\/nemo.informatik.uni-oldenburg.de\/blog\/wp-content\/uploads\/2017\/12\/IMG_4395_Kopie-300x169.jpg\" alt=\"\" width=\"300\" height=\"169\" srcset=\"https:\/\/nemo-mobilitaet.de\/wp-content\/uploads\/2017\/12\/IMG_4395_Kopie-300x169.jpg 300w, https:\/\/nemo-mobilitaet.de\/wp-content\/uploads\/2017\/12\/IMG_4395_Kopie-768x432.jpg 768w, https:\/\/nemo-mobilitaet.de\/wp-content\/uploads\/2017\/12\/IMG_4395_Kopie-1024x576.jpg 1024w, https:\/\/nemo-mobilitaet.de\/wp-content\/uploads\/2017\/12\/IMG_4395_Kopie-400x225.jpg 400w, https:\/\/nemo-mobilitaet.de\/wp-content\/uploads\/2017\/12\/IMG_4395_Kopie-780x439.jpg 780w\" sizes=\"(max-width: 300px) 100vw, 300px\" \/><\/p>\n<p>Hier finden Sie verschiedene Unterlagen zur Veranstaltung zum Download:<\/p>\n<hr \/>\n<h5><strong>Dokumentation<\/strong><\/h5>\n<ul>\n<li>\n<div>Zusammenfassung des Expertenworkshops: <a href=\"http:\/\/nemo-mobilitaet.de\/wp-content\/uploads\/2017\/12\/Expertenworkshop_Nachhaltige_Mobilitaet_Dokumentation.pdf\" target=\"_blank\" rel=\"noopener\">Dokumentation<\/a><\/div>\n<\/li>\n<\/ul>\n<hr \/>\n<h5><strong>Pr\u00e4sentationen<\/strong><\/h5>\n<ul>\n<li>Roland Hentschel: <a href=\"http:\/\/nemo-mobilitaet.de\/wp-content\/uploads\/2017\/12\/1_Hentschel_Smart_Regions_North.pdf\" target=\"_blank\" rel=\"noopener\">Smart Regions North<\/a><\/li>\n<li>Dr.-Ing. Jorge Marx G\u00f3mez: <a href=\"http:\/\/nemo-mobilitaet.de\/wp-content\/uploads\/2017\/12\/2_Marx_Gomez_NEMo.pdf\" target=\"_blank\" rel=\"noopener\">NEMo \u2013 Nachhaltige Erf\u00fcllung von Mobilit\u00e4tsbed\u00fcrfnissen im l\u00e4ndlichen Raum<\/a><\/li>\n<li>Dr. Koen Salemink: <a href=\"http:\/\/nemo-mobilitaet.de\/wp-content\/uploads\/2017\/12\/3_Salemink_Digitalisierung.pdf\" target=\"_blank\" rel=\"noopener\">Digitalisierung des l\u00e4ndlichen Raums. Bedingung und Endziel der Mobilit\u00e4tspolitik?<\/a><\/li>\n<li>Stephan Diekmann: <a href=\"http:\/\/nemo-mobilitaet.de\/wp-content\/uploads\/2017\/12\/4_Diekmann_moobil.pdf\" target=\"_blank\" rel=\"noopener\">moobil+. Ein innovatives Mobilit\u00e4tsangebot<\/a><\/li>\n<li>Chris Munneke: <a href=\"http:\/\/nemo-mobilitaet.de\/wp-content\/uploads\/2018\/08\/5_Munneke_Groningen_deu.pdf\" target=\"_blank\" rel=\"noopener\">Nachhaltige Mobilit\u00e4tspolitik der Stadt und Provinz Groningen (deutsche Version)<\/a><\/li>\n<li>Chris Munneke: <a href=\"http:\/\/nemo-mobilitaet.de\/wp-content\/uploads\/2018\/08\/5_Munneke_Groningen_eng.pdf\" target=\"_blank\" rel=\"noopener\">Nachhaltige Mobilit\u00e4tspolitik der Stadt und Provinz Groningen (englische Version)<\/a><\/li>\n<li>Elke Vandenbroucke: <a href=\"http:\/\/nemo-mobilitaet.de\/wp-content\/uploads\/2017\/12\/6_Vandenbroucke_Taxistop.pdf\" target=\"_blank\" rel=\"noopener\">Showcase Taxistop \u2013 How apps and Mobipunkten improve rural mobility<\/a><\/li>\n<li>Elke Vandenbroucke: <a href=\"http:\/\/nemo-mobilitaet.de\/wp-content\/uploads\/2017\/12\/shared_mobility_rocks.pdf\" target=\"_blank\" rel=\"noopener\">Veranstaltungshinweis Shared Mobility Rocks<\/a><\/li>\n<li>Dr. Bernd Rittmeier: <a href=\"http:\/\/nemo-mobilitaet.de\/wp-content\/uploads\/2017\/12\/7_Rittmeier_Modellvorhaben.pdf\" target=\"_blank\" rel=\"noopener\">Flexible Mobilit\u00e4tsangebote in den Modellregionen des Modellvorhabens \u201eLangfristige Sicherung von Versorgung und Mobilit\u00e4t in l\u00e4ndlichen R\u00e4umen\u201c<\/a><\/li>\n<\/ul>\n<div>\n<hr \/>\n<h5><strong>Weitere Dokumente<br \/>\n<\/strong><\/h5>\n<ul>\n<li><a href=\"http:\/\/nemo-mobilitaet.de\/wp-content\/uploads\/2017\/12\/Expertenworkshop_Mobilitaet_Graphic_Recording_weboptimiert.pdf\">Graphic-Recording<\/a><\/li>\n<li><a href=\"http:\/\/nemo-mobilitaet.de\/wp-content\/uploads\/2017\/12\/Expertenworkshop_Mobilitaet_Teilnehmer-Anregungen.pdf\" target=\"_blank\" rel=\"noopener\">Teilnehmer-Anregungen<\/a><\/li>\n<li><a href=\"http:\/\/nemo-mobilitaet.de\/wp-content\/uploads\/2017\/12\/Expertenworkshop_Mobilitaet_Programm.pdf\" target=\"_blank\" rel=\"noopener\">Programm<\/a><\/li>\n<\/ul>\n<hr \/>\n<h5><strong>Impressionen<\/strong><\/h5>\n\n\t\t<style type=\"text\/css\">\n\t\t\t#gallery-1 {\n\t\t\t\tmargin: auto;\n\t\t\t}\n\t\t\t#gallery-1 .gallery-item {\n\t\t\t\tfloat: left;\n\t\t\t\tmargin-top: 10px;\n\t\t\t\ttext-align: center;\n\t\t\t\twidth: 33%;\n\t\t\t}\n\t\t\t#gallery-1 img {\n\t\t\t\tborder: 2px solid #cfcfcf;\n\t\t\t}\n\t\t\t#gallery-1 .gallery-caption {\n\t\t\t\tmargin-left: 0;\n\t\t\t}\n\t\t\t\/* see gallery_shortcode() in wp-includes\/media.php *\/\n\t\t<\/style>\n\t\t<div id='gallery-1' class='gallery galleryid-1360 gallery-columns-3 gallery-size-thumbnail'><dl class='gallery-item'>\n\t\t\t<dt class='gallery-icon landscape'>\n\t\t\t\t<a href='https:\/\/nemo-mobilitaet.de\/blog\/de\/1_expertenworkshop\/'><img width=\"150\" height=\"150\" src=\"https:\/\/nemo-mobilitaet.de\/wp-content\/uploads\/2017\/12\/1_Expertenworkshop-150x150.jpg\" class=\"attachment-thumbnail size-thumbnail\" alt=\"\" decoding=\"async\" loading=\"lazy\" \/><\/a>\n\t\t\t<\/dt><\/dl><dl class='gallery-item'>\n\t\t\t<dt class='gallery-icon landscape'>\n\t\t\t\t<a href='https:\/\/nemo-mobilitaet.de\/blog\/de\/2_expertenworkshop\/'><img width=\"150\" height=\"150\" src=\"https:\/\/nemo-mobilitaet.de\/wp-content\/uploads\/2017\/12\/2_Expertenworkshop-150x150.jpg\" class=\"attachment-thumbnail size-thumbnail\" alt=\"\" decoding=\"async\" loading=\"lazy\" \/><\/a>\n\t\t\t<\/dt><\/dl><dl class='gallery-item'>\n\t\t\t<dt class='gallery-icon landscape'>\n\t\t\t\t<a href='https:\/\/nemo-mobilitaet.de\/blog\/de\/3_expertenworkshop\/'><img width=\"150\" height=\"150\" src=\"https:\/\/nemo-mobilitaet.de\/wp-content\/uploads\/2017\/12\/3_Expertenworkshop-150x150.jpg\" class=\"attachment-thumbnail size-thumbnail\" alt=\"\" decoding=\"async\" loading=\"lazy\" \/><\/a>\n\t\t\t<\/dt><\/dl><br style=\"clear: both\" \/><dl class='gallery-item'>\n\t\t\t<dt class='gallery-icon landscape'>\n\t\t\t\t<a href='https:\/\/nemo-mobilitaet.de\/blog\/de\/4_expertenworkshop\/'><img width=\"150\" height=\"150\" src=\"https:\/\/nemo-mobilitaet.de\/wp-content\/uploads\/2017\/12\/4_Expertenworkshop-150x150.jpg\" class=\"attachment-thumbnail size-thumbnail\" alt=\"\" decoding=\"async\" loading=\"lazy\" \/><\/a>\n\t\t\t<\/dt><\/dl><dl class='gallery-item'>\n\t\t\t<dt class='gallery-icon landscape'>\n\t\t\t\t<a href='https:\/\/nemo-mobilitaet.de\/blog\/de\/expertenworkshop\/5_expertenworkshop\/#main'><img width=\"150\" height=\"150\" src=\"https:\/\/nemo-mobilitaet.de\/wp-content\/uploads\/2017\/12\/5_Expertenworkshop-150x150.jpg\" class=\"attachment-thumbnail size-thumbnail\" alt=\"\" decoding=\"async\" loading=\"lazy\" \/><\/a>\n\t\t\t<\/dt><\/dl><dl class='gallery-item'>\n\t\t\t<dt class='gallery-icon landscape'>\n\t\t\t\t<a href='https:\/\/nemo-mobilitaet.de\/blog\/de\/6_expertenworkshop\/'><img width=\"150\" height=\"150\" src=\"https:\/\/nemo-mobilitaet.de\/wp-content\/uploads\/2017\/12\/6_Expertenworkshop-150x150.jpg\" class=\"attachment-thumbnail size-thumbnail\" alt=\"\" decoding=\"async\" loading=\"lazy\" \/><\/a>\n\t\t\t<\/dt><\/dl><br style=\"clear: both\" \/><dl class='gallery-item'>\n\t\t\t<dt class='gallery-icon landscape'>\n\t\t\t\t<a href='https:\/\/nemo-mobilitaet.de\/blog\/de\/7_expertenworkshop\/'><img width=\"150\" height=\"150\" src=\"https:\/\/nemo-mobilitaet.de\/wp-content\/uploads\/2017\/12\/7_Expertenworkshop-150x150.jpg\" class=\"attachment-thumbnail size-thumbnail\" alt=\"\" decoding=\"async\" loading=\"lazy\" \/><\/a>\n\t\t\t<\/dt><\/dl><dl class='gallery-item'>\n\t\t\t<dt class='gallery-icon landscape'>\n\t\t\t\t<a href='https:\/\/nemo-mobilitaet.de\/blog\/de\/8_expertenworkshop\/'><img width=\"150\" height=\"150\" src=\"https:\/\/nemo-mobilitaet.de\/wp-content\/uploads\/2017\/12\/8_Expertenworkshop-150x150.jpg\" class=\"attachment-thumbnail size-thumbnail\" alt=\"\" decoding=\"async\" loading=\"lazy\" \/><\/a>\n\t\t\t<\/dt><\/dl><dl class='gallery-item'>\n\t\t\t<dt class='gallery-icon landscape'>\n\t\t\t\t<a href='https:\/\/nemo-mobilitaet.de\/blog\/de\/9_expertenworkshop\/'><img width=\"150\" height=\"150\" src=\"https:\/\/nemo-mobilitaet.de\/wp-content\/uploads\/2017\/12\/9_Expertenworkshop-150x150.jpg\" class=\"attachment-thumbnail size-thumbnail\" alt=\"\" decoding=\"async\" loading=\"lazy\" \/><\/a>\n\t\t\t<\/dt><\/dl><br style=\"clear: both\" \/><dl class='gallery-item'>\n\t\t\t<dt class='gallery-icon landscape'>\n\t\t\t\t<a href='https:\/\/nemo-mobilitaet.de\/blog\/de\/10_expertenworkshop\/'><img width=\"150\" height=\"150\" src=\"https:\/\/nemo-mobilitaet.de\/wp-content\/uploads\/2017\/12\/10_Expertenworkshop-150x150.jpg\" class=\"attachment-thumbnail size-thumbnail\" alt=\"\" decoding=\"async\" loading=\"lazy\" \/><\/a>\n\t\t\t<\/dt><\/dl><dl class='gallery-item'>\n\t\t\t<dt class='gallery-icon landscape'>\n\t\t\t\t<a href='https:\/\/nemo-mobilitaet.de\/blog\/de\/11_expertenworkshop\/'><img width=\"150\" height=\"150\" src=\"https:\/\/nemo-mobilitaet.de\/wp-content\/uploads\/2017\/12\/11_Expertenworkshop-150x150.jpg\" class=\"attachment-thumbnail size-thumbnail\" alt=\"\" decoding=\"async\" loading=\"lazy\" \/><\/a>\n\t\t\t<\/dt><\/dl><dl class='gallery-item'>\n\t\t\t<dt class='gallery-icon landscape'>\n\t\t\t\t<a href='https:\/\/nemo-mobilitaet.de\/blog\/de\/std\/12_expertenworkshop\/#main'><img width=\"150\" height=\"150\" src=\"https:\/\/nemo-mobilitaet.de\/wp-content\/uploads\/2017\/12\/12_Expertenworkshop-150x150.jpg\" class=\"attachment-thumbnail size-thumbnail\" alt=\"\" decoding=\"async\" loading=\"lazy\" \/><\/a>\n\t\t\t<\/dt><\/dl><br style=\"clear: both\" \/><dl class='gallery-item'>\n\t\t\t<dt class='gallery-icon landscape'>\n\t\t\t\t<a href='https:\/\/nemo-mobilitaet.de\/blog\/de\/13_expertenworkshop\/'><img width=\"150\" height=\"150\" src=\"https:\/\/nemo-mobilitaet.de\/wp-content\/uploads\/2017\/12\/13_Expertenworkshop-150x150.jpg\" class=\"attachment-thumbnail size-thumbnail\" alt=\"\" decoding=\"async\" loading=\"lazy\" \/><\/a>\n\t\t\t<\/dt><\/dl><dl class='gallery-item'>\n\t\t\t<dt class='gallery-icon landscape'>\n\t\t\t\t<a href='https:\/\/nemo-mobilitaet.de\/blog\/de\/14_expertenworkshop\/'><img width=\"150\" height=\"150\" src=\"https:\/\/nemo-mobilitaet.de\/wp-content\/uploads\/2017\/12\/14_Expertenworkshop-150x150.jpg\" class=\"attachment-thumbnail size-thumbnail\" alt=\"\" decoding=\"async\" loading=\"lazy\" \/><\/a>\n\t\t\t<\/dt><\/dl><dl class='gallery-item'>\n\t\t\t<dt class='gallery-icon landscape'>\n\t\t\t\t<a href='https:\/\/nemo-mobilitaet.de\/blog\/de\/15_expertenworkshop\/'><img width=\"150\" height=\"150\" src=\"https:\/\/nemo-mobilitaet.de\/wp-content\/uploads\/2017\/12\/15_Expertenworkshop-150x150.jpg\" class=\"attachment-thumbnail size-thumbnail\" alt=\"\" decoding=\"async\" loading=\"lazy\" \/><\/a>\n\t\t\t<\/dt><\/dl><br style=\"clear: both\" \/><dl class='gallery-item'>\n\t\t\t<dt class='gallery-icon landscape'>\n\t\t\t\t<a href='https:\/\/nemo-mobilitaet.de\/blog\/de\/16_expertenworkshop\/'><img width=\"150\" height=\"150\" src=\"https:\/\/nemo-mobilitaet.de\/wp-content\/uploads\/2017\/12\/16_Expertenworkshop-150x150.jpg\" class=\"attachment-thumbnail size-thumbnail\" alt=\"\" decoding=\"async\" loading=\"lazy\" \/><\/a>\n\t\t\t<\/dt><\/dl><dl class='gallery-item'>\n\t\t\t<dt class='gallery-icon landscape'>\n\t\t\t\t<a href='https:\/\/nemo-mobilitaet.de\/blog\/de\/17_expertenworkshop\/'><img width=\"150\" height=\"150\" src=\"https:\/\/nemo-mobilitaet.de\/wp-content\/uploads\/2017\/12\/17_Expertenworkshop-150x150.jpg\" class=\"attachment-thumbnail size-thumbnail\" alt=\"\" decoding=\"async\" loading=\"lazy\" \/><\/a>\n\t\t\t<\/dt><\/dl><dl class='gallery-item'>\n\t\t\t<dt class='gallery-icon landscape'>\n\t\t\t\t<a href='https:\/\/nemo-mobilitaet.de\/blog\/de\/18_expertenworkshop\/'><img width=\"150\" height=\"150\" src=\"https:\/\/nemo-mobilitaet.de\/wp-content\/uploads\/2017\/12\/18_Expertenworkshop-150x150.jpg\" class=\"attachment-thumbnail size-thumbnail\" alt=\"\" decoding=\"async\" loading=\"lazy\" \/><\/a>\n\t\t\t<\/dt><\/dl><br style=\"clear: both\" \/><dl class='gallery-item'>\n\t\t\t<dt class='gallery-icon landscape'>\n\t\t\t\t<a href='https:\/\/nemo-mobilitaet.de\/blog\/de\/19_expertenworkshop\/'><img width=\"150\" height=\"150\" src=\"https:\/\/nemo-mobilitaet.de\/wp-content\/uploads\/2017\/12\/19_Expertenworkshop-150x150.jpg\" class=\"attachment-thumbnail size-thumbnail\" alt=\"\" decoding=\"async\" loading=\"lazy\" \/><\/a>\n\t\t\t<\/dt><\/dl><dl class='gallery-item'>\n\t\t\t<dt class='gallery-icon landscape'>\n\t\t\t\t<a href='https:\/\/nemo-mobilitaet.de\/blog\/de\/20_expertenworkshop\/'><img width=\"150\" height=\"150\" src=\"https:\/\/nemo-mobilitaet.de\/wp-content\/uploads\/2017\/12\/20_Expertenworkshop-150x150.jpg\" class=\"attachment-thumbnail size-thumbnail\" alt=\"\" decoding=\"async\" loading=\"lazy\" \/><\/a>\n\t\t\t<\/dt><\/dl><dl class='gallery-item'>\n\t\t\t<dt class='gallery-icon landscape'>\n\t\t\t\t<a href='https:\/\/nemo-mobilitaet.de\/blog\/de\/21_expertenworkshop\/'><img width=\"150\" height=\"150\" src=\"https:\/\/nemo-mobilitaet.de\/wp-content\/uploads\/2017\/12\/21_Expertenworkshop-150x150.jpg\" class=\"attachment-thumbnail size-thumbnail\" alt=\"\" decoding=\"async\" loading=\"lazy\" \/><\/a>\n\t\t\t<\/dt><\/dl><br style=\"clear: both\" \/><dl class='gallery-item'>\n\t\t\t<dt class='gallery-icon landscape'>\n\t\t\t\t<a href='https:\/\/nemo-mobilitaet.de\/blog\/de\/22_expertenworkshop\/'><img width=\"150\" height=\"150\" src=\"https:\/\/nemo-mobilitaet.de\/wp-content\/uploads\/2017\/12\/22_Expertenworkshop-150x150.jpg\" class=\"attachment-thumbnail size-thumbnail\" alt=\"\" decoding=\"async\" loading=\"lazy\" \/><\/a>\n\t\t\t<\/dt><\/dl>\n\t\t\t<br style='clear: both' \/>\n\t\t<\/div>\n\n<\/div>\n","protected":false},"excerpt":{"rendered":"<p>Rund 60 Teilnehmer aus Deutschland, den Niederlanden und Belgien diskutierten am 14. De\u00adzem\u00adber 2017 an der Universit\u00e4t Oldenburg m\u00f6gliche L\u00f6sungsans\u00e4tze f\u00fcr nachhaltige Mobilit\u00e4t in l\u00e4nd\u00adlichen R\u00e4umen. Die Veranstaltung fand im Rahmen des Projekts \u201eShaping the Future of Smart Regions North\u201c statt und wurde vom NEMo-Team aus der Abteilung Wirtschaftsinformatik\/Very Large <a class=\"more-link\" href=\"https:\/\/nemo-mobilitaet.de\/blog\/de\/expertenworkshop\/\">weiterlesen&#8230;<\/a><\/p>\n","protected":false},"author":1,"featured_media":0,"parent":0,"menu_order":0,"comment_status":"closed","ping_status":"closed","template":"","meta":{"footnotes":"","_links_to":"","_links_to_target":""},"_links":{"self":[{"href":"https:\/\/nemo-mobilitaet.de\/blog\/wp-json\/wp\/v2\/pages\/1360"}],"collection":[{"href":"https:\/\/nemo-mobilitaet.de\/blog\/wp-json\/wp\/v2\/pages"}],"about":[{"href":"https:\/\/nemo-mobilitaet.de\/blog\/wp-json\/wp\/v2\/types\/page"}],"author":[{"embeddable":true,"href":"https:\/\/nemo-mobilitaet.de\/blog\/wp-json\/wp\/v2\/users\/1"}],"replies":[{"embeddable":true,"href":"https:\/\/nemo-mobilitaet.de\/blog\/wp-json\/wp\/v2\/comments?post=1360"}],"version-history":[{"count":46,"href":"https:\/\/nemo-mobilitaet.de\/blog\/wp-json\/wp\/v2\/pages\/1360\/revisions"}],"predecessor-version":[{"id":3277,"href":"https:\/\/nemo-mobilitaet.de\/blog\/wp-json\/wp\/v2\/pages\/1360\/revisions\/3277"}],"wp:attachment":[{"href":"https:\/\/nemo-mobilitaet.de\/blog\/wp-json\/wp\/v2\/media?parent=1360"}],"curies":[{"name":"wp","href":"https:\/\/api.w.org\/{rel}","templated":true}]}}